{"version":"1.0","provider_name":"Kuzeyin Sesi","provider_url":"https:\/\/kuzeyinsesi.org","author_name":"Kuzeyin Sesi","author_url":"https:\/\/kuzeyinsesi.org\/index.php\/author\/guven\/","title":"K\u00d6DER\u2019in \u201cI\u015f\u0131n Ramadan Cemil\u201d belgeseli g\u00f6sterildi - Kuzeyin Sesi","type":"rich","width":600,"height":338,"html":"<blockquote class=\"wp-embedded-content\" data-secret=\"VPIo1KoxFm\"><a href=\"https:\/\/kuzeyinsesi.org\/index.php\/2024\/11\/13\/koderin-isin-ramadan-cemil-belgeseli-gosterildi\/\">K\u00d6DER\u2019in \u201cI\u015f\u0131n Ramadan Cemil\u201d belgeseli g\u00f6sterildi<\/a><\/blockquote><iframe sandbox=\"allow-scripts\" security=\"restricted\" src=\"https:\/\/kuzeyinsesi.org\/index.php\/2024\/11\/13\/koderin-isin-ramadan-cemil-belgeseli-gosterildi\/embed\/#?secret=VPIo1KoxFm\" width=\"600\" height=\"338\" title=\"&#8220;K\u00d6DER\u2019in \u201cI\u015f\u0131n Ramadan Cemil\u201d belgeseli g\u00f6sterildi&#8221; &#8212; Kuzeyin Sesi\" data-secret=\"VPIo1KoxFm\" frameborder=\"0\" marginwidth=\"0\" marginheight=\"0\" scrolling=\"no\" class=\"wp-embedded-content\"><\/iframe><script type=\"text\/javascript\">\n\/* <![CDATA[ *\/\n\/*! This file is auto-generated *\/\n!function(d,l){\"use strict\";l.querySelector&&d.addEventListener&&\"undefined\"!=typeof URL&&(d.wp=d.wp||{},d.wp.receiveEmbedMessage||(d.wp.receiveEmbedMessage=function(e){var t=e.data;if((t||t.secret||t.message||t.value)&&!\/[^a-zA-Z0-9]\/.test(t.secret)){for(var s,r,n,a=l.querySelectorAll('iframe[data-secret=\"'+t.secret+'\"]'),o=l.querySelectorAll('blockquote[data-secret=\"'+t.secret+'\"]'),c=new RegExp(\"^https?:$\",\"i\"),i=0;i<o.length;i++)o[i].style.display=\"none\";for(i=0;i<a.length;i++)s=a[i],e.source===s.contentWindow&&(s.removeAttribute(\"style\"),\"height\"===t.message?(1e3<(r=parseInt(t.value,10))?r=1e3:~~r<200&&(r=200),s.height=r):\"link\"===t.message&&(r=new URL(s.getAttribute(\"src\")),n=new URL(t.value),c.test(n.protocol))&&n.host===r.host&&l.activeElement===s&&(d.top.location.href=t.value))}},d.addEventListener(\"message\",d.wp.receiveEmbedMessage,!1),l.addEventListener(\"DOMContentLoaded\",function(){for(var e,t,s=l.querySelectorAll(\"iframe.wp-embedded-content\"),r=0;r<s.length;r++)(t=(e=s[r]).getAttribute(\"data-secret\"))||(t=Math.random().toString(36).substring(2,12),e.src+=\"#?secret=\"+t,e.setAttribute(\"data-secret\",t)),e.contentWindow.postMessage({message:\"ready\",secret:t},\"*\")},!1)))}(window,document);\n\/\/# sourceURL=https:\/\/kuzeyinsesi.org\/wp-includes\/js\/wp-embed.min.js\n\/* ]]> *\/\n<\/script>\n","thumbnail_url":"https:\/\/brtk.net\/wp-content\/uploads\/2024\/11\/13\/koder-isin-ramadan-cemil-11--scaled.jpg?ver=a6f3a604eaea48f18996879a968e59dd","thumbnail_width":600,"thumbnail_height":400,"description":"K\u0131br\u0131s Kad\u0131n \u00d6yk\u00fcleri Derne\u011fi (K\u00d6DER) taraf\u0131ndan haz\u0131rlanan I\u015f\u0131n Ramadan Cemil Belgeseli g\u00f6sterildi. Belgeseli, Cumhurba\u015fkan\u0131 Ersin Tatar da izledi. Cumhurba\u015fkan\u0131 Tatar, \u201cI\u015f\u0131n Ramadan Cemil ve ailesi, devletine b\u00fcy\u00fck hizmetler verdi\u201d ifadelerini kulland\u0131. K\u00d6DER\u2019den verilen bilgiye g\u00f6re, \u201cHayat\u0131m\u0131za de\u011fer katan kad\u0131nlar\u0131m\u0131zla ilgili belgesel serisinin 25\u2019incisi\u201d olan belgesel, Halkbank sponsorlu\u011funda haz\u0131rland\u0131. I\u015f\u0131n Ramadan Cemil Belgeseli, d\u00fcn gece Yak\u0131n [&hellip;]"}