{"version":"1.0","provider_name":"Kuzeyin Sesi","provider_url":"https:\/\/kuzeyinsesi.org","author_name":"Kuzeyin Sesi","author_url":"https:\/\/kuzeyinsesi.org\/index.php\/author\/guven\/","title":"\u201cDenkta\u015f in London Sergisi\u201d 16 Kas\u0131m\u2019da a\u00e7\u0131lacak - Kuzeyin Sesi","type":"rich","width":600,"height":338,"html":"<blockquote class=\"wp-embedded-content\" data-secret=\"gxTTVP0Jxf\"><a href=\"https:\/\/kuzeyinsesi.org\/index.php\/2024\/11\/13\/denktas-in-london-sergisi-16-kasimda-acilacak\/\">\u201cDenkta\u015f in London Sergisi\u201d 16 Kas\u0131m\u2019da a\u00e7\u0131lacak<\/a><\/blockquote><iframe sandbox=\"allow-scripts\" security=\"restricted\" src=\"https:\/\/kuzeyinsesi.org\/index.php\/2024\/11\/13\/denktas-in-london-sergisi-16-kasimda-acilacak\/embed\/#?secret=gxTTVP0Jxf\" width=\"600\" height=\"338\" title=\"&#8220;\u201cDenkta\u015f in London Sergisi\u201d 16 Kas\u0131m\u2019da a\u00e7\u0131lacak&#8221; &#8212; Kuzeyin Sesi\" data-secret=\"gxTTVP0Jxf\" frameborder=\"0\" marginwidth=\"0\" marginheight=\"0\" scrolling=\"no\" class=\"wp-embedded-content\"><\/iframe><script type=\"text\/javascript\">\n\/* <![CDATA[ *\/\n\/*! This file is auto-generated *\/\n!function(d,l){\"use strict\";l.querySelector&&d.addEventListener&&\"undefined\"!=typeof URL&&(d.wp=d.wp||{},d.wp.receiveEmbedMessage||(d.wp.receiveEmbedMessage=function(e){var t=e.data;if((t||t.secret||t.message||t.value)&&!\/[^a-zA-Z0-9]\/.test(t.secret)){for(var s,r,n,a=l.querySelectorAll('iframe[data-secret=\"'+t.secret+'\"]'),o=l.querySelectorAll('blockquote[data-secret=\"'+t.secret+'\"]'),c=new RegExp(\"^https?:$\",\"i\"),i=0;i<o.length;i++)o[i].style.display=\"none\";for(i=0;i<a.length;i++)s=a[i],e.source===s.contentWindow&&(s.removeAttribute(\"style\"),\"height\"===t.message?(1e3<(r=parseInt(t.value,10))?r=1e3:~~r<200&&(r=200),s.height=r):\"link\"===t.message&&(r=new URL(s.getAttribute(\"src\")),n=new URL(t.value),c.test(n.protocol))&&n.host===r.host&&l.activeElement===s&&(d.top.location.href=t.value))}},d.addEventListener(\"message\",d.wp.receiveEmbedMessage,!1),l.addEventListener(\"DOMContentLoaded\",function(){for(var e,t,s=l.querySelectorAll(\"iframe.wp-embedded-content\"),r=0;r<s.length;r++)(t=(e=s[r]).getAttribute(\"data-secret\"))||(t=Math.random().toString(36).substring(2,12),e.src+=\"#?secret=\"+t,e.setAttribute(\"data-secret\",t)),e.contentWindow.postMessage({message:\"ready\",secret:t},\"*\")},!1)))}(window,document);\n\/\/# sourceURL=https:\/\/kuzeyinsesi.org\/wp-includes\/js\/wp-embed.min.js\n\/* ]]> *\/\n<\/script>\n","thumbnail_url":"https:\/\/brtk.net\/wp-content\/uploads\/2024\/11\/13\/sergi-davetiyesi.jpg?ver=5bd5cf3b9e58e31f6003a231904bf216","thumbnail_width":600,"thumbnail_height":600,"description":"Kurucu Cumhurba\u015fkan\u0131 Rauf R. Denkta\u015f\u2019\u0131n hayat\u0131n\u0131 konu alan \u201cDenkta\u015f in London Sergisi\u201d 16 Kas\u0131m\u2019da Londra\u2019da a\u00e7\u0131lacak. KKTC Londra Temsilcili\u011fi\u2019nden verilen bilgiye g\u00f6re, Mine Kar ve Cem Kar taraf\u0131ndan haz\u0131rlanan sergi, 16 Kas\u0131m Cumartesi g\u00fcn\u00fc saat 16.30\u2019da Londra Yunus Emre Enstit\u00fcs\u00fc\u2019nde a\u00e7\u0131lacak. Sergi, 30 Kas\u0131m\u2019a kadar 10.00 ile 16.00 saatleri aras\u0131nda gezilebilecek. Daha \u00f6nce KKTC ve [&hellip;]"}