{"version":"1.0","provider_name":"Kuzeyin Sesi","provider_url":"https:\/\/kuzeyinsesi.org","author_name":"Kuzeyin Sesi","author_url":"https:\/\/kuzeyinsesi.org\/index.php\/author\/guven\/","title":"DA\u00dc\u2019de 15 Kas\u0131m sergisi ve ko\u015fusu - Kuzeyin Sesi","type":"rich","width":600,"height":338,"html":"<blockquote class=\"wp-embedded-content\" data-secret=\"9YM8BKUJ4c\"><a href=\"https:\/\/kuzeyinsesi.org\/index.php\/2024\/11\/12\/daude-15-kasim-sergisi-ve-kosusu\/\">DA\u00dc\u2019de 15 Kas\u0131m sergisi ve ko\u015fusu<\/a><\/blockquote><iframe sandbox=\"allow-scripts\" security=\"restricted\" src=\"https:\/\/kuzeyinsesi.org\/index.php\/2024\/11\/12\/daude-15-kasim-sergisi-ve-kosusu\/embed\/#?secret=9YM8BKUJ4c\" width=\"600\" height=\"338\" title=\"&#8220;DA\u00dc\u2019de 15 Kas\u0131m sergisi ve ko\u015fusu&#8221; &#8212; Kuzeyin Sesi\" data-secret=\"9YM8BKUJ4c\" frameborder=\"0\" marginwidth=\"0\" marginheight=\"0\" scrolling=\"no\" class=\"wp-embedded-content\"><\/iframe><script type=\"text\/javascript\">\n\/* <![CDATA[ *\/\n\/*! This file is auto-generated *\/\n!function(d,l){\"use strict\";l.querySelector&&d.addEventListener&&\"undefined\"!=typeof URL&&(d.wp=d.wp||{},d.wp.receiveEmbedMessage||(d.wp.receiveEmbedMessage=function(e){var t=e.data;if((t||t.secret||t.message||t.value)&&!\/[^a-zA-Z0-9]\/.test(t.secret)){for(var s,r,n,a=l.querySelectorAll('iframe[data-secret=\"'+t.secret+'\"]'),o=l.querySelectorAll('blockquote[data-secret=\"'+t.secret+'\"]'),c=new RegExp(\"^https?:$\",\"i\"),i=0;i<o.length;i++)o[i].style.display=\"none\";for(i=0;i<a.length;i++)s=a[i],e.source===s.contentWindow&&(s.removeAttribute(\"style\"),\"height\"===t.message?(1e3<(r=parseInt(t.value,10))?r=1e3:~~r<200&&(r=200),s.height=r):\"link\"===t.message&&(r=new URL(s.getAttribute(\"src\")),n=new URL(t.value),c.test(n.protocol))&&n.host===r.host&&l.activeElement===s&&(d.top.location.href=t.value))}},d.addEventListener(\"message\",d.wp.receiveEmbedMessage,!1),l.addEventListener(\"DOMContentLoaded\",function(){for(var e,t,s=l.querySelectorAll(\"iframe.wp-embedded-content\"),r=0;r<s.length;r++)(t=(e=s[r]).getAttribute(\"data-secret\"))||(t=Math.random().toString(36).substring(2,12),e.src+=\"#?secret=\"+t,e.setAttribute(\"data-secret\",t)),e.contentWindow.postMessage({message:\"ready\",secret:t},\"*\")},!1)))}(window,document);\n\/\/# sourceURL=https:\/\/kuzeyinsesi.org\/wp-includes\/js\/wp-embed.min.js\n\/* ]]> *\/\n<\/script>\n","thumbnail_url":"https:\/\/brtk.net\/wp-content\/uploads\/2024\/11\/12\/dau-afis.png?ver=8dc85b8eaa0a34d165c47d2e1924c71f","thumbnail_width":600,"thumbnail_height":849,"description":"Do\u011fu Akdeniz \u00dcniversitesi\u2019nde (DA\u00dc) KKTC\u2019nin kurulu\u015f y\u0131l d\u00f6n\u00fcm\u00fc nedeniyle sergi ve ko\u015fu d\u00fczenlenecek. DA\u00dc\u2019den verilen bilgiye g\u00f6re, sergi DA\u00dc Atat\u00fcrk Ara\u015ft\u0131rma ve Uygulama Merkezi (ATAUM) ile DA\u00dc Atat\u00fcrk\u00e7\u00fc D\u00fc\u015f\u00fcnce Kul\u00fcb\u00fc (ADK) i\u015f birli\u011finde organize edilecek. 15 Kas\u0131m konulu foto\u011fraf sergisi a\u00e7\u0131l\u0131\u015f\u0131 ve m\u00fczik dinletisi 14 Kas\u0131m Per\u015fembe yer alacak. A\u00e7\u0131l\u0131\u015f saat 10.00\u2019da DA\u00dc Rekt\u00f6rl\u00fck Binas\u0131 [&hellip;]"}