{"version":"1.0","provider_name":"Kuzeyin Sesi","provider_url":"https:\/\/kuzeyinsesi.org","author_name":"Kuzeyin Sesi","author_url":"https:\/\/kuzeyinsesi.org\/index.php\/author\/guven\/","title":"B\u00fcy\u00fck \u00d6nder Atat\u00fcrk Selanik\u2019teki do\u011fdu\u011fu evde an\u0131ld\u0131 - Kuzeyin Sesi","type":"rich","width":600,"height":338,"html":"<blockquote class=\"wp-embedded-content\" data-secret=\"8uwmbcLpAD\"><a href=\"https:\/\/kuzeyinsesi.org\/index.php\/2024\/11\/10\/buyuk-onder-ataturk-selanikteki-dogdugu-evde-anildi\/\">B\u00fcy\u00fck \u00d6nder Atat\u00fcrk Selanik\u2019teki do\u011fdu\u011fu evde an\u0131ld\u0131<\/a><\/blockquote><iframe sandbox=\"allow-scripts\" security=\"restricted\" src=\"https:\/\/kuzeyinsesi.org\/index.php\/2024\/11\/10\/buyuk-onder-ataturk-selanikteki-dogdugu-evde-anildi\/embed\/#?secret=8uwmbcLpAD\" width=\"600\" height=\"338\" title=\"&#8220;B\u00fcy\u00fck \u00d6nder Atat\u00fcrk Selanik\u2019teki do\u011fdu\u011fu evde an\u0131ld\u0131&#8221; &#8212; Kuzeyin Sesi\" data-secret=\"8uwmbcLpAD\" frameborder=\"0\" marginwidth=\"0\" marginheight=\"0\" scrolling=\"no\" class=\"wp-embedded-content\"><\/iframe><script type=\"text\/javascript\">\n\/* <![CDATA[ *\/\n\/*! This file is auto-generated *\/\n!function(d,l){\"use strict\";l.querySelector&&d.addEventListener&&\"undefined\"!=typeof URL&&(d.wp=d.wp||{},d.wp.receiveEmbedMessage||(d.wp.receiveEmbedMessage=function(e){var t=e.data;if((t||t.secret||t.message||t.value)&&!\/[^a-zA-Z0-9]\/.test(t.secret)){for(var s,r,n,a=l.querySelectorAll('iframe[data-secret=\"'+t.secret+'\"]'),o=l.querySelectorAll('blockquote[data-secret=\"'+t.secret+'\"]'),c=new RegExp(\"^https?:$\",\"i\"),i=0;i<o.length;i++)o[i].style.display=\"none\";for(i=0;i<a.length;i++)s=a[i],e.source===s.contentWindow&&(s.removeAttribute(\"style\"),\"height\"===t.message?(1e3<(r=parseInt(t.value,10))?r=1e3:~~r<200&&(r=200),s.height=r):\"link\"===t.message&&(r=new URL(s.getAttribute(\"src\")),n=new URL(t.value),c.test(n.protocol))&&n.host===r.host&&l.activeElement===s&&(d.top.location.href=t.value))}},d.addEventListener(\"message\",d.wp.receiveEmbedMessage,!1),l.addEventListener(\"DOMContentLoaded\",function(){for(var e,t,s=l.querySelectorAll(\"iframe.wp-embedded-content\"),r=0;r<s.length;r++)(t=(e=s[r]).getAttribute(\"data-secret\"))||(t=Math.random().toString(36).substring(2,12),e.src+=\"#?secret=\"+t,e.setAttribute(\"data-secret\",t)),e.contentWindow.postMessage({message:\"ready\",secret:t},\"*\")},!1)))}(window,document);\n\/\/# sourceURL=https:\/\/kuzeyinsesi.org\/wp-includes\/js\/wp-embed.min.js\n\/* ]]> *\/\n<\/script>\n","thumbnail_url":"https:\/\/brtk.net\/wp-content\/uploads\/2024\/11\/10\/selanik-ataturk-anma.jpg?ver=0294ccb12e1817b18fc544d107c60e6e","thumbnail_width":600,"thumbnail_height":338,"description":"T\u00fcrkiye Cumhuriyeti\u2019nin kurucusu B\u00fcy\u00fck \u00d6nder Mustafa Kemal Atat\u00fcrk, ebediyete intikalinin 86. y\u0131l\u0131nda, Yunanistan\u2019\u0131n Selanik kentinde d\u00fcnyaya geldi\u011fi evde t\u00f6renle an\u0131ld\u0131. T\u00fcrkiye\u2019nin Selanik Ba\u015fkonsoloslu\u011funun d\u00fczenledi\u011fi anma t\u00f6renine, T\u00fcrkiye ve Avrupa\u2019n\u0131n \u00e7e\u015fitli \u00fclkelerinden ziyaret\u00e7iler yo\u011fun ilgi g\u00f6sterdi. Atat\u00fcrk Evi\u2019nin bah\u00e7esi ziyaret\u00e7ilerle dolup ta\u015farken, evin \u00e7evresinde de y\u00fczlerce ki\u015fi topland\u0131. Yerel saatle 09.05\u2019te sayg\u0131 duru\u015funun ard\u0131ndan \u0130stiklal Mar\u015f\u0131 [&hellip;]"}