{"version":"1.0","provider_name":"Kuzeyin Sesi","provider_url":"https:\/\/kuzeyinsesi.org","author_name":"Kuzeyin Sesi","author_url":"https:\/\/kuzeyinsesi.org\/index.php\/author\/guven\/","title":"TC Gen\u00e7lik ve Spor Bakan Yard\u0131mc\u0131s\u0131 Emino\u011flu DA\u00dc\u2019deydi - Kuzeyin Sesi","type":"rich","width":600,"height":338,"html":"<blockquote class=\"wp-embedded-content\" data-secret=\"s5BzWL1td6\"><a href=\"https:\/\/kuzeyinsesi.org\/index.php\/2024\/11\/08\/tc-genclik-ve-spor-bakan-yardimcisi-eminoglu-daudeydi\/\">TC Gen\u00e7lik ve Spor Bakan Yard\u0131mc\u0131s\u0131 Emino\u011flu DA\u00dc\u2019deydi<\/a><\/blockquote><iframe sandbox=\"allow-scripts\" security=\"restricted\" src=\"https:\/\/kuzeyinsesi.org\/index.php\/2024\/11\/08\/tc-genclik-ve-spor-bakan-yardimcisi-eminoglu-daudeydi\/embed\/#?secret=s5BzWL1td6\" width=\"600\" height=\"338\" title=\"&#8220;TC Gen\u00e7lik ve Spor Bakan Yard\u0131mc\u0131s\u0131 Emino\u011flu DA\u00dc\u2019deydi&#8221; &#8212; Kuzeyin Sesi\" data-secret=\"s5BzWL1td6\" frameborder=\"0\" marginwidth=\"0\" marginheight=\"0\" scrolling=\"no\" class=\"wp-embedded-content\"><\/iframe><script type=\"text\/javascript\">\n\/* <![CDATA[ *\/\n\/*! This file is auto-generated *\/\n!function(d,l){\"use strict\";l.querySelector&&d.addEventListener&&\"undefined\"!=typeof URL&&(d.wp=d.wp||{},d.wp.receiveEmbedMessage||(d.wp.receiveEmbedMessage=function(e){var t=e.data;if((t||t.secret||t.message||t.value)&&!\/[^a-zA-Z0-9]\/.test(t.secret)){for(var s,r,n,a=l.querySelectorAll('iframe[data-secret=\"'+t.secret+'\"]'),o=l.querySelectorAll('blockquote[data-secret=\"'+t.secret+'\"]'),c=new RegExp(\"^https?:$\",\"i\"),i=0;i<o.length;i++)o[i].style.display=\"none\";for(i=0;i<a.length;i++)s=a[i],e.source===s.contentWindow&&(s.removeAttribute(\"style\"),\"height\"===t.message?(1e3<(r=parseInt(t.value,10))?r=1e3:~~r<200&&(r=200),s.height=r):\"link\"===t.message&&(r=new URL(s.getAttribute(\"src\")),n=new URL(t.value),c.test(n.protocol))&&n.host===r.host&&l.activeElement===s&&(d.top.location.href=t.value))}},d.addEventListener(\"message\",d.wp.receiveEmbedMessage,!1),l.addEventListener(\"DOMContentLoaded\",function(){for(var e,t,s=l.querySelectorAll(\"iframe.wp-embedded-content\"),r=0;r<s.length;r++)(t=(e=s[r]).getAttribute(\"data-secret\"))||(t=Math.random().toString(36).substring(2,12),e.src+=\"#?secret=\"+t,e.setAttribute(\"data-secret\",t)),e.contentWindow.postMessage({message:\"ready\",secret:t},\"*\")},!1)))}(window,document);\n\/\/# sourceURL=https:\/\/kuzeyinsesi.org\/wp-includes\/js\/wp-embed.min.js\n\/* ]]> *\/\n<\/script>\n","thumbnail_url":"https:\/\/brtk.net\/wp-content\/uploads\/2024\/11\/08\/1094810.jpg?ver=a9fa4bf72f59565ae6f0aa0088486cf9","thumbnail_width":600,"thumbnail_height":239,"description":"T\u00fcrkiye Cumhuriyeti (TC) Gen\u00e7lik ve Spor Bakan Yard\u0131mc\u0131s\u0131 Dr. Enes Emino\u011flu Do\u011fu Akdeniz \u00dcniversitesi (DA\u00dc) Rekt\u00f6r\u00fc Prof. Dr. Hasan K\u0131l\u0131\u00e7\u2019\u0131 ziyaret etti. DA\u00dc\u2019den verilen bilgiye g\u00f6re, ziyarette e\u011fitim hayat\u0131n\u0131n bir b\u00f6l\u00fcm\u00fcn\u00fc DA\u00dc\u2019de ge\u00e7irdi\u011finden bahseden Emino\u011flu, DA\u00dc\u2019ye hissetti\u011fi ba\u011fl\u0131l\u0131\u011fa da de\u011findi. DA\u00dc Rekt\u00f6r\u00fc Prof. Dr. K\u0131l\u0131\u00e7, \u00fcniversite olarak Gen\u00e7lik Ofisi projesine destek vermeye haz\u0131r olduklar\u0131n\u0131 belirterek, [&hellip;]"}