{"version":"1.0","provider_name":"Kuzeyin Sesi","provider_url":"https:\/\/kuzeyinsesi.org","author_name":"Kuzeyin Sesi","author_url":"https:\/\/kuzeyinsesi.org\/index.php\/author\/guven\/","title":"\u201cAtat\u00fcrk\u2019\u00fcn Sevdi\u011fi \u015eark\u0131lar Konseri\u201d yap\u0131lacak - Kuzeyin Sesi","type":"rich","width":600,"height":338,"html":"<blockquote class=\"wp-embedded-content\" data-secret=\"6FiG0rOC8Z\"><a href=\"https:\/\/kuzeyinsesi.org\/index.php\/2024\/11\/06\/ataturkun-sevdigi-sarkilar-konseri-yapilacak\/\">\u201cAtat\u00fcrk\u2019\u00fcn Sevdi\u011fi \u015eark\u0131lar Konseri\u201d yap\u0131lacak<\/a><\/blockquote><iframe sandbox=\"allow-scripts\" security=\"restricted\" src=\"https:\/\/kuzeyinsesi.org\/index.php\/2024\/11\/06\/ataturkun-sevdigi-sarkilar-konseri-yapilacak\/embed\/#?secret=6FiG0rOC8Z\" width=\"600\" height=\"338\" title=\"&#8220;\u201cAtat\u00fcrk\u2019\u00fcn Sevdi\u011fi \u015eark\u0131lar Konseri\u201d yap\u0131lacak&#8221; &#8212; Kuzeyin Sesi\" data-secret=\"6FiG0rOC8Z\" frameborder=\"0\" marginwidth=\"0\" marginheight=\"0\" scrolling=\"no\" class=\"wp-embedded-content\"><\/iframe><script type=\"text\/javascript\">\n\/* <![CDATA[ *\/\n\/*! This file is auto-generated *\/\n!function(d,l){\"use strict\";l.querySelector&&d.addEventListener&&\"undefined\"!=typeof URL&&(d.wp=d.wp||{},d.wp.receiveEmbedMessage||(d.wp.receiveEmbedMessage=function(e){var t=e.data;if((t||t.secret||t.message||t.value)&&!\/[^a-zA-Z0-9]\/.test(t.secret)){for(var s,r,n,a=l.querySelectorAll('iframe[data-secret=\"'+t.secret+'\"]'),o=l.querySelectorAll('blockquote[data-secret=\"'+t.secret+'\"]'),c=new RegExp(\"^https?:$\",\"i\"),i=0;i<o.length;i++)o[i].style.display=\"none\";for(i=0;i<a.length;i++)s=a[i],e.source===s.contentWindow&&(s.removeAttribute(\"style\"),\"height\"===t.message?(1e3<(r=parseInt(t.value,10))?r=1e3:~~r<200&&(r=200),s.height=r):\"link\"===t.message&&(r=new URL(s.getAttribute(\"src\")),n=new URL(t.value),c.test(n.protocol))&&n.host===r.host&&l.activeElement===s&&(d.top.location.href=t.value))}},d.addEventListener(\"message\",d.wp.receiveEmbedMessage,!1),l.addEventListener(\"DOMContentLoaded\",function(){for(var e,t,s=l.querySelectorAll(\"iframe.wp-embedded-content\"),r=0;r<s.length;r++)(t=(e=s[r]).getAttribute(\"data-secret\"))||(t=Math.random().toString(36).substring(2,12),e.src+=\"#?secret=\"+t,e.setAttribute(\"data-secret\",t)),e.contentWindow.postMessage({message:\"ready\",secret:t},\"*\")},!1)))}(window,document);\n\/\/# sourceURL=https:\/\/kuzeyinsesi.org\/wp-includes\/js\/wp-embed.min.js\n\/* ]]> *\/\n<\/script>\n","thumbnail_url":"https:\/\/brtk.net\/wp-content\/uploads\/2023\/11\/10\/mustafa-kemal-ataturk-9.jpg?ver=4e1d557326b4d38288802f7ab5c09f71","thumbnail_width":600,"thumbnail_height":338,"description":"K\u0131br\u0131s T\u00fcrk M\u00fczik Sanat Derne\u011fi, \u201cAtat\u00fcrk\u2019\u00fcn Sevdi\u011fi \u015eark\u0131lar Konseri\u201d verecek. Dernek\u2019ten yap\u0131lan a\u00e7\u0131klamaya g\u00f6re, konser, 12 Kas\u0131m\u2019da Girne Amerikan \u00dcniversitesi (GA\u00dc) Spectrum Salonu\u2019nda saat 20.00\u2019de yer alacak. Ulus Ye\u015filada\u2019n\u0131n \u015fefli\u011fini yapaca\u011f\u0131 konserin giri\u015f \u00fccreti 200 TL olacak ve geliri Lapta Yavuzlar Lisesi\u2019ne ba\u011f\u0131\u015flanacak."}