{"version":"1.0","provider_name":"Kuzeyin Sesi","provider_url":"https:\/\/kuzeyinsesi.org","author_name":"Kuzeyin Sesi","author_url":"https:\/\/kuzeyinsesi.org\/index.php\/author\/guven\/","title":"2. Sualt\u0131 G\u00f6r\u00fcnt\u00fc Avc\u0131l\u0131\u011f\u0131 \u00f6d\u00fcl t\u00f6reni ger\u00e7ekle\u015fti - Kuzeyin Sesi","type":"rich","width":600,"height":338,"html":"<blockquote class=\"wp-embedded-content\" data-secret=\"UTRdIp7yoy\"><a href=\"https:\/\/kuzeyinsesi.org\/index.php\/2024\/10\/27\/2-sualti-goruntu-avciligi-odul-toreni-gerceklesti\/\">2. Sualt\u0131 G\u00f6r\u00fcnt\u00fc Avc\u0131l\u0131\u011f\u0131 \u00f6d\u00fcl t\u00f6reni ger\u00e7ekle\u015fti<\/a><\/blockquote><iframe sandbox=\"allow-scripts\" security=\"restricted\" src=\"https:\/\/kuzeyinsesi.org\/index.php\/2024\/10\/27\/2-sualti-goruntu-avciligi-odul-toreni-gerceklesti\/embed\/#?secret=UTRdIp7yoy\" width=\"600\" height=\"338\" title=\"&#8220;2. Sualt\u0131 G\u00f6r\u00fcnt\u00fc Avc\u0131l\u0131\u011f\u0131 \u00f6d\u00fcl t\u00f6reni ger\u00e7ekle\u015fti&#8221; &#8212; Kuzeyin Sesi\" data-secret=\"UTRdIp7yoy\" frameborder=\"0\" marginwidth=\"0\" marginheight=\"0\" scrolling=\"no\" class=\"wp-embedded-content\"><\/iframe><script type=\"text\/javascript\">\n\/* <![CDATA[ *\/\n\/*! This file is auto-generated *\/\n!function(d,l){\"use strict\";l.querySelector&&d.addEventListener&&\"undefined\"!=typeof URL&&(d.wp=d.wp||{},d.wp.receiveEmbedMessage||(d.wp.receiveEmbedMessage=function(e){var t=e.data;if((t||t.secret||t.message||t.value)&&!\/[^a-zA-Z0-9]\/.test(t.secret)){for(var s,r,n,a=l.querySelectorAll('iframe[data-secret=\"'+t.secret+'\"]'),o=l.querySelectorAll('blockquote[data-secret=\"'+t.secret+'\"]'),c=new RegExp(\"^https?:$\",\"i\"),i=0;i<o.length;i++)o[i].style.display=\"none\";for(i=0;i<a.length;i++)s=a[i],e.source===s.contentWindow&&(s.removeAttribute(\"style\"),\"height\"===t.message?(1e3<(r=parseInt(t.value,10))?r=1e3:~~r<200&&(r=200),s.height=r):\"link\"===t.message&&(r=new URL(s.getAttribute(\"src\")),n=new URL(t.value),c.test(n.protocol))&&n.host===r.host&&l.activeElement===s&&(d.top.location.href=t.value))}},d.addEventListener(\"message\",d.wp.receiveEmbedMessage,!1),l.addEventListener(\"DOMContentLoaded\",function(){for(var e,t,s=l.querySelectorAll(\"iframe.wp-embedded-content\"),r=0;r<s.length;r++)(t=(e=s[r]).getAttribute(\"data-secret\"))||(t=Math.random().toString(36).substring(2,12),e.src+=\"#?secret=\"+t,e.setAttribute(\"data-secret\",t)),e.contentWindow.postMessage({message:\"ready\",secret:t},\"*\")},!1)))}(window,document);\n\/\/# sourceURL=https:\/\/kuzeyinsesi.org\/wp-includes\/js\/wp-embed.min.js\n\/* ]]> *\/\n<\/script>\n","thumbnail_url":"https:\/\/brtk.net\/wp-content\/uploads\/2024\/10\/27\/riwrswi-scaled.jpg?ver=9d634581d913db173c7280dd946014c4","thumbnail_width":600,"thumbnail_height":452,"description":"\u2018Girne Ark\u0131n Group Fest 24\u2019 kapsam\u0131nda yer alan 2. Uluslararas\u0131 Sualt\u0131 G\u00f6r\u00fcnt\u00fc Avc\u0131l\u0131\u011f\u0131 Foto\u011fraf Yar\u0131\u015fmas\u0131 \u00f6d\u00fcl t\u00f6reni ger\u00e7ekle\u015fti. Girne Belediyesi\u2019nden yap\u0131lan a\u00e7\u0131klamaya g\u00f6re, Girne Belediyesi Oda Tiyatrosu\u2019nda ger\u00e7ekle\u015ftirilen t\u00f6ren kapsam\u0131nda, dereceye girenlere \u00f6d\u00fclleri verildi. Organizasyona katk\u0131 koyanlara ve kat\u0131l\u0131mc\u0131lara da sertifikalar\u0131n\u0131n teslim edildi\u011fi \u00f6d\u00fcl t\u00f6renine; Girne Belediyesi Meclis \u00dcyeleri Halil Oktun\u00e7 ve Hakan Y\u00fccel ile [&hellip;]"}