{"version":"1.0","provider_name":"Kuzeyin Sesi","provider_url":"https:\/\/kuzeyinsesi.org","author_name":"Kuzeyin Sesi","author_url":"https:\/\/kuzeyinsesi.org\/index.php\/author\/guven\/","title":"\u201cMa\u011fusa Kitap ve \u00dcretim Festivali\u201d bu ak\u015fam ba\u015fl\u0131yor - Kuzeyin Sesi","type":"rich","width":600,"height":338,"html":"<blockquote class=\"wp-embedded-content\" data-secret=\"41amHnO3jW\"><a href=\"https:\/\/kuzeyinsesi.org\/index.php\/2024\/10\/24\/magusa-kitap-ve-uretim-festivali-bu-aksam-basliyor\/\">\u201cMa\u011fusa Kitap ve \u00dcretim Festivali\u201d bu ak\u015fam ba\u015fl\u0131yor<\/a><\/blockquote><iframe sandbox=\"allow-scripts\" security=\"restricted\" src=\"https:\/\/kuzeyinsesi.org\/index.php\/2024\/10\/24\/magusa-kitap-ve-uretim-festivali-bu-aksam-basliyor\/embed\/#?secret=41amHnO3jW\" width=\"600\" height=\"338\" title=\"&#8220;\u201cMa\u011fusa Kitap ve \u00dcretim Festivali\u201d bu ak\u015fam ba\u015fl\u0131yor&#8221; &#8212; Kuzeyin Sesi\" data-secret=\"41amHnO3jW\" frameborder=\"0\" marginwidth=\"0\" marginheight=\"0\" scrolling=\"no\" class=\"wp-embedded-content\"><\/iframe><script type=\"text\/javascript\">\n\/* <![CDATA[ *\/\n\/*! This file is auto-generated *\/\n!function(d,l){\"use strict\";l.querySelector&&d.addEventListener&&\"undefined\"!=typeof URL&&(d.wp=d.wp||{},d.wp.receiveEmbedMessage||(d.wp.receiveEmbedMessage=function(e){var t=e.data;if((t||t.secret||t.message||t.value)&&!\/[^a-zA-Z0-9]\/.test(t.secret)){for(var s,r,n,a=l.querySelectorAll('iframe[data-secret=\"'+t.secret+'\"]'),o=l.querySelectorAll('blockquote[data-secret=\"'+t.secret+'\"]'),c=new RegExp(\"^https?:$\",\"i\"),i=0;i<o.length;i++)o[i].style.display=\"none\";for(i=0;i<a.length;i++)s=a[i],e.source===s.contentWindow&&(s.removeAttribute(\"style\"),\"height\"===t.message?(1e3<(r=parseInt(t.value,10))?r=1e3:~~r<200&&(r=200),s.height=r):\"link\"===t.message&&(r=new URL(s.getAttribute(\"src\")),n=new URL(t.value),c.test(n.protocol))&&n.host===r.host&&l.activeElement===s&&(d.top.location.href=t.value))}},d.addEventListener(\"message\",d.wp.receiveEmbedMessage,!1),l.addEventListener(\"DOMContentLoaded\",function(){for(var e,t,s=l.querySelectorAll(\"iframe.wp-embedded-content\"),r=0;r<s.length;r++)(t=(e=s[r]).getAttribute(\"data-secret\"))||(t=Math.random().toString(36).substring(2,12),e.src+=\"#?secret=\"+t,e.setAttribute(\"data-secret\",t)),e.contentWindow.postMessage({message:\"ready\",secret:t},\"*\")},!1)))}(window,document);\n\/\/# sourceURL=https:\/\/kuzeyinsesi.org\/wp-includes\/js\/wp-embed.min.js\n\/* ]]> *\/\n<\/script>\n","thumbnail_url":"https:\/\/brtk.net\/wp-content\/uploads\/2024\/10\/24\/kitapppppp.jpeg?ver=eec2dc8714969c77330157ab13a30ebe","thumbnail_width":600,"thumbnail_height":405,"description":"Gazima\u011fusa Belediyesi ile K\u0131br\u0131s T\u00fcrk Esnaf ve Zanaatk\u00e2rlar Odas\u0131 i\u015fbirli\u011finde, I\u015f\u0131k Kitabevi, K\u0131br\u0131s T\u00fcrk Sanat\u00e7\u0131 ve Yazarlar Birli\u011fi ve K\u0131br\u0131s T\u00fcrk Karikat\u00fcrc\u00fcler Derne\u011fi\u2019nin destekledi\u011fi \u201c\u00dcreterek Direnmek\u201d konseptiyle d\u00fczenlenen \u201cMa\u011fusa Kitap ve \u00dcretim Festivali\u201d bu ak\u015fam ba\u015fl\u0131yor. Gazima\u011fusa Bandabuliya\u2019da yer alacak festival, pazar ak\u015fam\u0131na kadar s\u00fcrecek. Festivalin a\u00e7\u0131l\u0131\u015f etkinli\u011fi bug\u00fcn saat 18.00\u2019de yap\u0131lacak. Stantlar ise saat [&hellip;]"}