{"version":"1.0","provider_name":"Kuzeyin Sesi","provider_url":"https:\/\/kuzeyinsesi.org","author_name":"Kuzeyin Sesi","author_url":"https:\/\/kuzeyinsesi.org\/index.php\/author\/guven\/","title":"1.Adana Kebab\u0131 ve \u015ealgam Festivali yap\u0131ld\u0131 - Kuzeyin Sesi","type":"rich","width":600,"height":338,"html":"<blockquote class=\"wp-embedded-content\" data-secret=\"meUo7dZQaA\"><a href=\"https:\/\/kuzeyinsesi.org\/index.php\/2024\/10\/20\/1-adana-kebabi-ve-salgam-festivali-yapildi\/\">1.Adana Kebab\u0131 ve \u015ealgam Festivali yap\u0131ld\u0131<\/a><\/blockquote><iframe sandbox=\"allow-scripts\" security=\"restricted\" src=\"https:\/\/kuzeyinsesi.org\/index.php\/2024\/10\/20\/1-adana-kebabi-ve-salgam-festivali-yapildi\/embed\/#?secret=meUo7dZQaA\" width=\"600\" height=\"338\" title=\"&#8220;1.Adana Kebab\u0131 ve \u015ealgam Festivali yap\u0131ld\u0131&#8221; &#8212; Kuzeyin Sesi\" data-secret=\"meUo7dZQaA\" frameborder=\"0\" marginwidth=\"0\" marginheight=\"0\" scrolling=\"no\" class=\"wp-embedded-content\"><\/iframe><script type=\"text\/javascript\">\n\/* <![CDATA[ *\/\n\/*! This file is auto-generated *\/\n!function(d,l){\"use strict\";l.querySelector&&d.addEventListener&&\"undefined\"!=typeof URL&&(d.wp=d.wp||{},d.wp.receiveEmbedMessage||(d.wp.receiveEmbedMessage=function(e){var t=e.data;if((t||t.secret||t.message||t.value)&&!\/[^a-zA-Z0-9]\/.test(t.secret)){for(var s,r,n,a=l.querySelectorAll('iframe[data-secret=\"'+t.secret+'\"]'),o=l.querySelectorAll('blockquote[data-secret=\"'+t.secret+'\"]'),c=new RegExp(\"^https?:$\",\"i\"),i=0;i<o.length;i++)o[i].style.display=\"none\";for(i=0;i<a.length;i++)s=a[i],e.source===s.contentWindow&&(s.removeAttribute(\"style\"),\"height\"===t.message?(1e3<(r=parseInt(t.value,10))?r=1e3:~~r<200&&(r=200),s.height=r):\"link\"===t.message&&(r=new URL(s.getAttribute(\"src\")),n=new URL(t.value),c.test(n.protocol))&&n.host===r.host&&l.activeElement===s&&(d.top.location.href=t.value))}},d.addEventListener(\"message\",d.wp.receiveEmbedMessage,!1),l.addEventListener(\"DOMContentLoaded\",function(){for(var e,t,s=l.querySelectorAll(\"iframe.wp-embedded-content\"),r=0;r<s.length;r++)(t=(e=s[r]).getAttribute(\"data-secret\"))||(t=Math.random().toString(36).substring(2,12),e.src+=\"#?secret=\"+t,e.setAttribute(\"data-secret\",t)),e.contentWindow.postMessage({message:\"ready\",secret:t},\"*\")},!1)))}(window,document);\n\/\/# sourceURL=https:\/\/kuzeyinsesi.org\/wp-includes\/js\/wp-embed.min.js\n\/* ]]> *\/\n<\/script>\n","thumbnail_url":"https:\/\/brtk.net\/wp-content\/uploads\/2024\/10\/20\/3W7A4498-1.jpg?ver=dba823b2731e706cb067b2f39ae2b42f","thumbnail_width":600,"thumbnail_height":362,"description":"1\u2019inci Adana Kebab\u0131 ve \u015ealgam Festivali yap\u0131ld\u0131. Adanal\u0131lar Dayan\u0131\u015fma Aktivite ve K\u00fclt\u00fcr Derne\u011fi\u2019nin, Beyarmudu Belediyesi katk\u0131lar\u0131yla Beyarmudu Belediyesi G\u00fcney Mesarya Tesislerinde d\u00fczenledi\u011fi etkinli\u011fe yo\u011fun kat\u0131l\u0131m oldu. Cumhurba\u015fkan\u0131 Ersin Tatar,Ba\u015fbakan \u00dcnal \u00dcstel ve T\u00fcrkiye\u2019nin Lefko\u015fa B\u00fcy\u00fckel\u00e7isi Yasin Ekrem Serim\u2019in de kat\u0131ld\u0131\u011f\u0131 etkinlikte ilk olarak a\u00e7\u0131l\u0131\u015f konu\u015fmalar\u0131na yer verildi, ard\u0131ndan \u00e7e\u015fitli etkinlikler yer ald\u0131\u2026 A\u00e7\u0131l\u0131\u015fta konu\u015fan Adanal\u0131lar [&hellip;]"}