{"version":"1.0","provider_name":"Kuzeyin Sesi","provider_url":"https:\/\/kuzeyinsesi.org","author_name":"Kuzeyin Sesi","author_url":"https:\/\/kuzeyinsesi.org\/index.php\/author\/guven\/","title":"Bo\u011faz Piknik Alan\u0131\u2019nda \u201c1. \u00c7i\u011f K\u00f6fte Festivali\u201d yap\u0131lacak - Kuzeyin Sesi","type":"rich","width":600,"height":338,"html":"<blockquote class=\"wp-embedded-content\" data-secret=\"SZmvJEnAUM\"><a href=\"https:\/\/kuzeyinsesi.org\/index.php\/2024\/10\/17\/bogaz-piknik-alaninda-1-cig-kofte-festivali-yapilacak\/\">Bo\u011faz Piknik Alan\u0131\u2019nda \u201c1. \u00c7i\u011f K\u00f6fte Festivali\u201d yap\u0131lacak<\/a><\/blockquote><iframe sandbox=\"allow-scripts\" security=\"restricted\" src=\"https:\/\/kuzeyinsesi.org\/index.php\/2024\/10\/17\/bogaz-piknik-alaninda-1-cig-kofte-festivali-yapilacak\/embed\/#?secret=SZmvJEnAUM\" width=\"600\" height=\"338\" title=\"&#8220;Bo\u011faz Piknik Alan\u0131\u2019nda \u201c1. \u00c7i\u011f K\u00f6fte Festivali\u201d yap\u0131lacak&#8221; &#8212; Kuzeyin Sesi\" data-secret=\"SZmvJEnAUM\" frameborder=\"0\" marginwidth=\"0\" marginheight=\"0\" scrolling=\"no\" class=\"wp-embedded-content\"><\/iframe><script type=\"text\/javascript\">\n\/* <![CDATA[ *\/\n\/*! This file is auto-generated *\/\n!function(d,l){\"use strict\";l.querySelector&&d.addEventListener&&\"undefined\"!=typeof URL&&(d.wp=d.wp||{},d.wp.receiveEmbedMessage||(d.wp.receiveEmbedMessage=function(e){var t=e.data;if((t||t.secret||t.message||t.value)&&!\/[^a-zA-Z0-9]\/.test(t.secret)){for(var s,r,n,a=l.querySelectorAll('iframe[data-secret=\"'+t.secret+'\"]'),o=l.querySelectorAll('blockquote[data-secret=\"'+t.secret+'\"]'),c=new RegExp(\"^https?:$\",\"i\"),i=0;i<o.length;i++)o[i].style.display=\"none\";for(i=0;i<a.length;i++)s=a[i],e.source===s.contentWindow&&(s.removeAttribute(\"style\"),\"height\"===t.message?(1e3<(r=parseInt(t.value,10))?r=1e3:~~r<200&&(r=200),s.height=r):\"link\"===t.message&&(r=new URL(s.getAttribute(\"src\")),n=new URL(t.value),c.test(n.protocol))&&n.host===r.host&&l.activeElement===s&&(d.top.location.href=t.value))}},d.addEventListener(\"message\",d.wp.receiveEmbedMessage,!1),l.addEventListener(\"DOMContentLoaded\",function(){for(var e,t,s=l.querySelectorAll(\"iframe.wp-embedded-content\"),r=0;r<s.length;r++)(t=(e=s[r]).getAttribute(\"data-secret\"))||(t=Math.random().toString(36).substring(2,12),e.src+=\"#?secret=\"+t,e.setAttribute(\"data-secret\",t)),e.contentWindow.postMessage({message:\"ready\",secret:t},\"*\")},!1)))}(window,document);\n\/\/# sourceURL=https:\/\/kuzeyinsesi.org\/wp-includes\/js\/wp-embed.min.js\n\/* ]]> *\/\n<\/script>\n","thumbnail_url":"https:\/\/kuzeyinsesi.org\/wp-content\/uploads\/2024\/10\/adiyamanlilar-dernegi-2-1-1-750x590.jpg","thumbnail_width":600,"thumbnail_height":472,"description":"\u00a0Ad\u0131yamanl\u0131lar Yard\u0131mla\u015fma ve Dayan\u0131\u015fma Derne\u011fi, pazar g\u00fcn\u00fc\u00a0Bo\u011faz Piknik Alan\u0131\u2019nda \u201c1.\u00a0\u00c7i\u011f K\u00f6fte Festivali\u201d d\u00fczenleyecek. Dernek Ba\u015fkan\u0131 Suphi Asilt\u00fcrk konuyla ilgili yaz\u0131l\u0131 a\u00e7\u0131klamas\u0131nda, \u201cBu festival hem\u015ferilerimiz aras\u0131nda k\u00f6pr\u00fcler kurmay\u0131 ve Ad\u0131yaman k\u00fclt\u00fcr\u00fcn\u00fc K\u0131br\u0131s\u2019ta ya\u015fatmay\u0131 ama\u00e7l\u0131yor\u201d diyerek Ad\u0131yamanl\u0131lar\u0131 \u201cBirinci \u00c7i\u011f K\u00f6fte Festivali\u201dne davet etti. Asilt\u00fcrk, pazar g\u00fcn\u00fc 11.00 ile 17.00 saatleri aras\u0131nda ger\u00e7ekle\u015fecek,\u00a0Ad\u0131yaman\u2019a \u00f6zg\u00fc lezzetlere de yer verilecek [&hellip;]"}