{"version":"1.0","provider_name":"Kuzeyin Sesi","provider_url":"https:\/\/kuzeyinsesi.org","author_name":"Kuzeyin Sesi","author_url":"https:\/\/kuzeyinsesi.org\/index.php\/author\/guven\/","title":"K\u0131br\u0131s Ka\u011f\u0131t Sanat\u00e7\u0131lar\u0131 Derne\u011fi\u2019nden Yalova\u2019da sergi - Kuzeyin Sesi","type":"rich","width":600,"height":338,"html":"<blockquote class=\"wp-embedded-content\" data-secret=\"zGMCvrnjuG\"><a href=\"https:\/\/kuzeyinsesi.org\/index.php\/2024\/10\/16\/kibris-kagit-sanatcilari-derneginden-yalovada-sergi\/\">K\u0131br\u0131s Ka\u011f\u0131t Sanat\u00e7\u0131lar\u0131 Derne\u011fi\u2019nden Yalova\u2019da sergi<\/a><\/blockquote><iframe sandbox=\"allow-scripts\" security=\"restricted\" src=\"https:\/\/kuzeyinsesi.org\/index.php\/2024\/10\/16\/kibris-kagit-sanatcilari-derneginden-yalovada-sergi\/embed\/#?secret=zGMCvrnjuG\" width=\"600\" height=\"338\" title=\"&#8220;K\u0131br\u0131s Ka\u011f\u0131t Sanat\u00e7\u0131lar\u0131 Derne\u011fi\u2019nden Yalova\u2019da sergi&#8221; &#8212; Kuzeyin Sesi\" data-secret=\"zGMCvrnjuG\" frameborder=\"0\" marginwidth=\"0\" marginheight=\"0\" scrolling=\"no\" class=\"wp-embedded-content\"><\/iframe><script type=\"text\/javascript\">\n\/* <![CDATA[ *\/\n\/*! This file is auto-generated *\/\n!function(d,l){\"use strict\";l.querySelector&&d.addEventListener&&\"undefined\"!=typeof URL&&(d.wp=d.wp||{},d.wp.receiveEmbedMessage||(d.wp.receiveEmbedMessage=function(e){var t=e.data;if((t||t.secret||t.message||t.value)&&!\/[^a-zA-Z0-9]\/.test(t.secret)){for(var s,r,n,a=l.querySelectorAll('iframe[data-secret=\"'+t.secret+'\"]'),o=l.querySelectorAll('blockquote[data-secret=\"'+t.secret+'\"]'),c=new RegExp(\"^https?:$\",\"i\"),i=0;i<o.length;i++)o[i].style.display=\"none\";for(i=0;i<a.length;i++)s=a[i],e.source===s.contentWindow&&(s.removeAttribute(\"style\"),\"height\"===t.message?(1e3<(r=parseInt(t.value,10))?r=1e3:~~r<200&&(r=200),s.height=r):\"link\"===t.message&&(r=new URL(s.getAttribute(\"src\")),n=new URL(t.value),c.test(n.protocol))&&n.host===r.host&&l.activeElement===s&&(d.top.location.href=t.value))}},d.addEventListener(\"message\",d.wp.receiveEmbedMessage,!1),l.addEventListener(\"DOMContentLoaded\",function(){for(var e,t,s=l.querySelectorAll(\"iframe.wp-embedded-content\"),r=0;r<s.length;r++)(t=(e=s[r]).getAttribute(\"data-secret\"))||(t=Math.random().toString(36).substring(2,12),e.src+=\"#?secret=\"+t,e.setAttribute(\"data-secret\",t)),e.contentWindow.postMessage({message:\"ready\",secret:t},\"*\")},!1)))}(window,document);\n\/\/# sourceURL=https:\/\/kuzeyinsesi.org\/wp-includes\/js\/wp-embed.min.js\n\/* ]]> *\/\n<\/script>\n","thumbnail_url":"https:\/\/brtk.net\/wp-content\/uploads\/2024\/10\/16\/v2kbrskatsanatlardernei_1729062435.jpg?ver=c66b2dd3390a53253f65e9009b5ad51c","thumbnail_width":600,"thumbnail_height":341,"description":"K\u0131br\u0131s Ka\u011f\u0131t Sanat\u00e7\u0131lar\u0131 Derne\u011fi, K\u00fclt\u00fcr Dairesi\u2019nin deste\u011fi ve Yalova Belediyesi\u2019nin ev sahipli\u011fiyle, \u0130brahim M\u00fcteferrika Ka\u011f\u0131t M\u00fczesi\u2019nde \u201cBiz Do\u011fay\u0131z\u201d isimli sergiyi d\u00fczenliyor. Sergide, do\u011fan\u0131n sadece g\u00f6rsel bir ilham kayna\u011f\u0131 de\u011fil, ayn\u0131 zamanda sanat\u00e7\u0131lar olarak i\u00e7sel bir ba\u011fl\u0131l\u0131k ve hayal g\u00fcc\u00fc kayna\u011f\u0131 oldu\u011fu vurgulan\u0131yor. Dernek taraf\u0131ndan yap\u0131lan a\u00e7\u0131klamada ayr\u0131ca, \u201cDo\u011fal malzemelerle ve \u00e7evre dostu yakla\u015f\u0131mla \u00fcretilen eserlerle, [&hellip;]"}