{"version":"1.0","provider_name":"Kuzeyin Sesi","provider_url":"https:\/\/kuzeyinsesi.org","author_name":"Kuzeyin Sesi","author_url":"https:\/\/kuzeyinsesi.org\/index.php\/author\/guven\/","title":"M\u00fczik Festivali\u2019nde 3 Basses konser verecek - Kuzeyin Sesi","type":"rich","width":600,"height":338,"html":"<blockquote class=\"wp-embedded-content\" data-secret=\"k77AkRUB9C\"><a href=\"https:\/\/kuzeyinsesi.org\/index.php\/2024\/10\/15\/muzik-festivalinde-3-basses-konser-verecek\/\">M\u00fczik Festivali\u2019nde 3 Basses konser verecek<\/a><\/blockquote><iframe sandbox=\"allow-scripts\" security=\"restricted\" src=\"https:\/\/kuzeyinsesi.org\/index.php\/2024\/10\/15\/muzik-festivalinde-3-basses-konser-verecek\/embed\/#?secret=k77AkRUB9C\" width=\"600\" height=\"338\" title=\"&#8220;M\u00fczik Festivali\u2019nde 3 Basses konser verecek&#8221; &#8212; Kuzeyin Sesi\" data-secret=\"k77AkRUB9C\" frameborder=\"0\" marginwidth=\"0\" marginheight=\"0\" scrolling=\"no\" class=\"wp-embedded-content\"><\/iframe><script type=\"text\/javascript\">\n\/* <![CDATA[ *\/\n\/*! This file is auto-generated *\/\n!function(d,l){\"use strict\";l.querySelector&&d.addEventListener&&\"undefined\"!=typeof URL&&(d.wp=d.wp||{},d.wp.receiveEmbedMessage||(d.wp.receiveEmbedMessage=function(e){var t=e.data;if((t||t.secret||t.message||t.value)&&!\/[^a-zA-Z0-9]\/.test(t.secret)){for(var s,r,n,a=l.querySelectorAll('iframe[data-secret=\"'+t.secret+'\"]'),o=l.querySelectorAll('blockquote[data-secret=\"'+t.secret+'\"]'),c=new RegExp(\"^https?:$\",\"i\"),i=0;i<o.length;i++)o[i].style.display=\"none\";for(i=0;i<a.length;i++)s=a[i],e.source===s.contentWindow&&(s.removeAttribute(\"style\"),\"height\"===t.message?(1e3<(r=parseInt(t.value,10))?r=1e3:~~r<200&&(r=200),s.height=r):\"link\"===t.message&&(r=new URL(s.getAttribute(\"src\")),n=new URL(t.value),c.test(n.protocol))&&n.host===r.host&&l.activeElement===s&&(d.top.location.href=t.value))}},d.addEventListener(\"message\",d.wp.receiveEmbedMessage,!1),l.addEventListener(\"DOMContentLoaded\",function(){for(var e,t,s=l.querySelectorAll(\"iframe.wp-embedded-content\"),r=0;r<s.length;r++)(t=(e=s[r]).getAttribute(\"data-secret\"))||(t=Math.random().toString(36).substring(2,12),e.src+=\"#?secret=\"+t,e.setAttribute(\"data-secret\",t)),e.contentWindow.postMessage({message:\"ready\",secret:t},\"*\")},!1)))}(window,document);\n\/\/# sourceURL=https:\/\/kuzeyinsesi.org\/wp-includes\/js\/wp-embed.min.js\n\/* ]]> *\/\n<\/script>\n","thumbnail_url":"https:\/\/brtk.net\/wp-content\/uploads\/2024\/10\/15\/22-kuzey-kibris-muzik-fest.jpg?ver=9c9a89d14227448d5ea5dd7af0b50dc5","thumbnail_width":579,"thumbnail_height":724,"description":"Tar\u0131m ve Do\u011fal Kaynaklar Bakan\u0131 H\u00fcseyin \u00c7avu\u015f, kad\u0131n \u00e7ift\u00e7ilerin eme\u011fini desteklemek ve daha iyi \u015fartlarda \u00fcretim yapabilmeleri i\u00e7in \u00e7al\u0131\u015fmaya devam edeceklerini vurgulad\u0131. \u00c7avu\u015f, 15 Ekim D\u00fcnya Kad\u0131n \u00c7ift\u00e7iler G\u00fcn\u00fc nedeniyle mesaj yay\u0131mlad\u0131 ve bu g\u00fcn\u00fcn kad\u0131n \u00e7ift\u00e7ilerin emeklerini onurland\u0131rmak, tar\u0131ma ve \u00fclke ekonomisine yapt\u0131klar\u0131 katk\u0131lar\u0131 hat\u0131rlamak i\u00e7in \u00f6nemli bir vesile oldu\u011funu belirtti. \u00c7avu\u015f mesaj\u0131nda \u015fu [&hellip;]"}