{"version":"1.0","provider_name":"Kuzeyin Sesi","provider_url":"https:\/\/kuzeyinsesi.org","author_name":"Kuzeyin Sesi","author_url":"https:\/\/kuzeyinsesi.org\/index.php\/author\/guven\/","title":"MAKAMER Kad\u0131nlar Korosu Kapadokya\u2019da sahne ald\u0131 - Kuzeyin Sesi","type":"rich","width":600,"height":338,"html":"<blockquote class=\"wp-embedded-content\" data-secret=\"D25QOpgAsb\"><a href=\"https:\/\/kuzeyinsesi.org\/index.php\/2024\/10\/15\/makamer-kadinlar-korosu-kapadokyada-sahne-aldi\/\">MAKAMER Kad\u0131nlar Korosu Kapadokya\u2019da sahne ald\u0131<\/a><\/blockquote><iframe sandbox=\"allow-scripts\" security=\"restricted\" src=\"https:\/\/kuzeyinsesi.org\/index.php\/2024\/10\/15\/makamer-kadinlar-korosu-kapadokyada-sahne-aldi\/embed\/#?secret=D25QOpgAsb\" width=\"600\" height=\"338\" title=\"&#8220;MAKAMER Kad\u0131nlar Korosu Kapadokya\u2019da sahne ald\u0131&#8221; &#8212; Kuzeyin Sesi\" data-secret=\"D25QOpgAsb\" frameborder=\"0\" marginwidth=\"0\" marginheight=\"0\" scrolling=\"no\" class=\"wp-embedded-content\"><\/iframe><script type=\"text\/javascript\">\n\/* <![CDATA[ *\/\n\/*! This file is auto-generated *\/\n!function(d,l){\"use strict\";l.querySelector&&d.addEventListener&&\"undefined\"!=typeof URL&&(d.wp=d.wp||{},d.wp.receiveEmbedMessage||(d.wp.receiveEmbedMessage=function(e){var t=e.data;if((t||t.secret||t.message||t.value)&&!\/[^a-zA-Z0-9]\/.test(t.secret)){for(var s,r,n,a=l.querySelectorAll('iframe[data-secret=\"'+t.secret+'\"]'),o=l.querySelectorAll('blockquote[data-secret=\"'+t.secret+'\"]'),c=new RegExp(\"^https?:$\",\"i\"),i=0;i<o.length;i++)o[i].style.display=\"none\";for(i=0;i<a.length;i++)s=a[i],e.source===s.contentWindow&&(s.removeAttribute(\"style\"),\"height\"===t.message?(1e3<(r=parseInt(t.value,10))?r=1e3:~~r<200&&(r=200),s.height=r):\"link\"===t.message&&(r=new URL(s.getAttribute(\"src\")),n=new URL(t.value),c.test(n.protocol))&&n.host===r.host&&l.activeElement===s&&(d.top.location.href=t.value))}},d.addEventListener(\"message\",d.wp.receiveEmbedMessage,!1),l.addEventListener(\"DOMContentLoaded\",function(){for(var e,t,s=l.querySelectorAll(\"iframe.wp-embedded-content\"),r=0;r<s.length;r++)(t=(e=s[r]).getAttribute(\"data-secret\"))||(t=Math.random().toString(36).substring(2,12),e.src+=\"#?secret=\"+t,e.setAttribute(\"data-secret\",t)),e.contentWindow.postMessage({message:\"ready\",secret:t},\"*\")},!1)))}(window,document);\n\/\/# sourceURL=https:\/\/kuzeyinsesi.org\/wp-includes\/js\/wp-embed.min.js\n\/* ]]> *\/\n<\/script>\n","thumbnail_url":"https:\/\/brtk.net\/wp-content\/uploads\/2024\/10\/15\/v2yeniproje58_1728993459.webp?ver=91a0b9f06be4eecb18182f3edede2777","thumbnail_width":600,"thumbnail_height":341,"description":"Ma\u011fusa Kad\u0131n Merkezi Derne\u011fi (MAKAMER) b\u00fcnyesindeki Seslerin \u00d6zg\u00fcrl\u00fc\u011f\u00fc Kad\u0131nlar Korosu, 9-13 Ekim tarihlerinde Kapadokya\u2019da d\u00fczenlenen 7. Uluslararas\u0131 T\u00fcrk M\u00fczi\u011fi Festivali\u2019nde sahne ald\u0131. MAKAMER\u2019den yap\u0131lan a\u00e7\u0131klamaya g\u00f6re, koro \u015fark\u0131lar\u0131n\u0131 kad\u0131na y\u00f6nelik \u015fiddete kar\u015f\u0131 fark\u0131ndal\u0131k yaratmak amac\u0131yla s\u00f6yledi. Koro, Vicdan Onurver\u2019in besteledi\u011fi \u201cDurdurun\u201d adl\u0131 \u015fark\u0131yla kad\u0131na y\u00f6nelik \u015fiddet temas\u0131n\u0131 i\u015flerken, Ad\u0131yaman \u0130sias Otel facias\u0131nda hayat\u0131n\u0131 kaybeden \u015eampiyon [&hellip;]"}