{"version":"1.0","provider_name":"Kuzeyin Sesi","provider_url":"https:\/\/kuzeyinsesi.org","author_name":"Kuzeyin Sesi","author_url":"https:\/\/kuzeyinsesi.org\/index.php\/author\/guven\/","title":"E\u011fitimci M\u00fcfide Akal\u0131n belgeseli KT\u00d6S\u2019te g\u00f6sterildi - Kuzeyin Sesi","type":"rich","width":600,"height":338,"html":"<blockquote class=\"wp-embedded-content\" data-secret=\"vPhkkM8dAt\"><a href=\"https:\/\/kuzeyinsesi.org\/index.php\/2024\/10\/13\/egitimci-mufide-akalin-belgeseli-ktoste-gosterildi\/\">E\u011fitimci M\u00fcfide Akal\u0131n belgeseli KT\u00d6S\u2019te g\u00f6sterildi<\/a><\/blockquote><iframe sandbox=\"allow-scripts\" security=\"restricted\" src=\"https:\/\/kuzeyinsesi.org\/index.php\/2024\/10\/13\/egitimci-mufide-akalin-belgeseli-ktoste-gosterildi\/embed\/#?secret=vPhkkM8dAt\" width=\"600\" height=\"338\" title=\"&#8220;E\u011fitimci M\u00fcfide Akal\u0131n belgeseli KT\u00d6S\u2019te g\u00f6sterildi&#8221; &#8212; Kuzeyin Sesi\" data-secret=\"vPhkkM8dAt\" frameborder=\"0\" marginwidth=\"0\" marginheight=\"0\" scrolling=\"no\" class=\"wp-embedded-content\"><\/iframe><script type=\"text\/javascript\">\n\/* <![CDATA[ *\/\n\/*! This file is auto-generated *\/\n!function(d,l){\"use strict\";l.querySelector&&d.addEventListener&&\"undefined\"!=typeof URL&&(d.wp=d.wp||{},d.wp.receiveEmbedMessage||(d.wp.receiveEmbedMessage=function(e){var t=e.data;if((t||t.secret||t.message||t.value)&&!\/[^a-zA-Z0-9]\/.test(t.secret)){for(var s,r,n,a=l.querySelectorAll('iframe[data-secret=\"'+t.secret+'\"]'),o=l.querySelectorAll('blockquote[data-secret=\"'+t.secret+'\"]'),c=new RegExp(\"^https?:$\",\"i\"),i=0;i<o.length;i++)o[i].style.display=\"none\";for(i=0;i<a.length;i++)s=a[i],e.source===s.contentWindow&&(s.removeAttribute(\"style\"),\"height\"===t.message?(1e3<(r=parseInt(t.value,10))?r=1e3:~~r<200&&(r=200),s.height=r):\"link\"===t.message&&(r=new URL(s.getAttribute(\"src\")),n=new URL(t.value),c.test(n.protocol))&&n.host===r.host&&l.activeElement===s&&(d.top.location.href=t.value))}},d.addEventListener(\"message\",d.wp.receiveEmbedMessage,!1),l.addEventListener(\"DOMContentLoaded\",function(){for(var e,t,s=l.querySelectorAll(\"iframe.wp-embedded-content\"),r=0;r<s.length;r++)(t=(e=s[r]).getAttribute(\"data-secret\"))||(t=Math.random().toString(36).substring(2,12),e.src+=\"#?secret=\"+t,e.setAttribute(\"data-secret\",t)),e.contentWindow.postMessage({message:\"ready\",secret:t},\"*\")},!1)))}(window,document);\n\/\/# sourceURL=https:\/\/kuzeyinsesi.org\/wp-includes\/js\/wp-embed.min.js\n\/* ]]> *\/\n<\/script>\n","thumbnail_url":"https:\/\/brtk.net\/wp-content\/uploads\/2024\/10\/13\/foto-11.jpeg?ver=dce92f15c7c827caa6041a5805db28d8","thumbnail_width":600,"thumbnail_height":450,"description":"\u00a0E\u011fitimci M\u00fcfide Akal\u0131n\u2019\u0131n hayat\u0131n\u0131 konu alan belgesel, Cuma ak\u015fam\u0131 K\u0131br\u0131s T\u00fcrk \u00d6\u011fretmenler Sendikas\u0131 (KT\u00d6S) lokalinde g\u00f6sterildi. K\u0131br\u0131s Kad\u0131n \u00d6yk\u00fcleri Derne\u011fi (K\u00d6DER) taraf\u0131ndan \u201chayat\u0131m\u0131za deg\u0306er katan kad\u0131nlar\u0131m\u0131z\u201d serisinin 23. belgeseli olan \u00fclkemizin e\u011fitim-\u00f6\u011fretim camias\u0131na ve sendikal ya\u015fama \u00e7ok uzun y\u0131llar hizmet vermi\u015f M\u00fcfide Akal\u0131n\u2019\u0131n belgeselini kendisi, ailesi ve sevenleri izledi. K\u00d6DER\u2019den verilen bilgiye g\u00f6re, K\u00d6DER\u2019in K\u0131br\u0131s [&hellip;]"}