{"version":"1.0","provider_name":"Kuzeyin Sesi","provider_url":"https:\/\/kuzeyinsesi.org","author_name":"Kuzeyin Sesi","author_url":"https:\/\/kuzeyinsesi.org\/index.php\/author\/guven\/","title":"LTB organizasyonundaki \u201cDereboyu \u015eenli\u011fi\u201d cumartesi\u2026 - Kuzeyin Sesi","type":"rich","width":600,"height":338,"html":"<blockquote class=\"wp-embedded-content\" data-secret=\"9bciPA77jX\"><a href=\"https:\/\/kuzeyinsesi.org\/index.php\/2024\/10\/09\/ltb-organizasyonundaki-dereboyu-senligi-cumartesi\/\">LTB organizasyonundaki \u201cDereboyu \u015eenli\u011fi\u201d cumartesi\u2026<\/a><\/blockquote><iframe sandbox=\"allow-scripts\" security=\"restricted\" src=\"https:\/\/kuzeyinsesi.org\/index.php\/2024\/10\/09\/ltb-organizasyonundaki-dereboyu-senligi-cumartesi\/embed\/#?secret=9bciPA77jX\" width=\"600\" height=\"338\" title=\"&#8220;LTB organizasyonundaki \u201cDereboyu \u015eenli\u011fi\u201d cumartesi\u2026&#8221; &#8212; Kuzeyin Sesi\" data-secret=\"9bciPA77jX\" frameborder=\"0\" marginwidth=\"0\" marginheight=\"0\" scrolling=\"no\" class=\"wp-embedded-content\"><\/iframe><script type=\"text\/javascript\">\n\/* <![CDATA[ *\/\n\/*! This file is auto-generated *\/\n!function(d,l){\"use strict\";l.querySelector&&d.addEventListener&&\"undefined\"!=typeof URL&&(d.wp=d.wp||{},d.wp.receiveEmbedMessage||(d.wp.receiveEmbedMessage=function(e){var t=e.data;if((t||t.secret||t.message||t.value)&&!\/[^a-zA-Z0-9]\/.test(t.secret)){for(var s,r,n,a=l.querySelectorAll('iframe[data-secret=\"'+t.secret+'\"]'),o=l.querySelectorAll('blockquote[data-secret=\"'+t.secret+'\"]'),c=new RegExp(\"^https?:$\",\"i\"),i=0;i<o.length;i++)o[i].style.display=\"none\";for(i=0;i<a.length;i++)s=a[i],e.source===s.contentWindow&&(s.removeAttribute(\"style\"),\"height\"===t.message?(1e3<(r=parseInt(t.value,10))?r=1e3:~~r<200&&(r=200),s.height=r):\"link\"===t.message&&(r=new URL(s.getAttribute(\"src\")),n=new URL(t.value),c.test(n.protocol))&&n.host===r.host&&l.activeElement===s&&(d.top.location.href=t.value))}},d.addEventListener(\"message\",d.wp.receiveEmbedMessage,!1),l.addEventListener(\"DOMContentLoaded\",function(){for(var e,t,s=l.querySelectorAll(\"iframe.wp-embedded-content\"),r=0;r<s.length;r++)(t=(e=s[r]).getAttribute(\"data-secret\"))||(t=Math.random().toString(36).substring(2,12),e.src+=\"#?secret=\"+t,e.setAttribute(\"data-secret\",t)),e.contentWindow.postMessage({message:\"ready\",secret:t},\"*\")},!1)))}(window,document);\n\/\/# sourceURL=https:\/\/kuzeyinsesi.org\/wp-includes\/js\/wp-embed.min.js\n\/* ]]> *\/\n<\/script>\n","thumbnail_url":"https:\/\/brtk.net\/wp-content\/uploads\/2024\/10\/09\/derboyu.webp?ver=bdb358523f74e8b7315dcbadb90dcdc6","thumbnail_width":600,"thumbnail_height":341,"description":"Lefko\u015fa T\u00fcrk Belediyesi (LTB)\u2019nin d\u00fczenledi\u011fi Dereboyu \u015eenli\u011fi, cumartesi g\u00fcn\u00fc yap\u0131lacak. LTB\u2019den verilen bilgiye g\u00f6re, Gripin, Ahmet Evan, Eril Canbaz, Fireballs, L\u00fctfiye \u00d6zipek, Nafiz D\u00f6lek, Native Cypriots, Osman Tu\u011fsal ve Lefko\u015fa Belediye Orkestras\u0131 \u00c7ok Sesli \u00c7ocuk Korolar\u0131 konserlerinin yer alaca\u011f\u0131 \u015fenlik saat 14.00\u2019de ba\u015flay\u0131p 23.30\u2019a kadar s\u00fcrecek. \u015eenlikte dans g\u00f6sterileri, ate\u015f show, sanat at\u00f6lyeleri ve \u00e7ocuklar [&hellip;]"}