{"version":"1.0","provider_name":"Kuzeyin Sesi","provider_url":"https:\/\/kuzeyinsesi.org","author_name":"Kuzeyin Sesi","author_url":"https:\/\/kuzeyinsesi.org\/index.php\/author\/guven\/","title":"\u00c7a\u011fda\u015flar Korosu\u2019yla Nostalji Konseri d\u00fczenlendi - Kuzeyin Sesi","type":"rich","width":600,"height":338,"html":"<blockquote class=\"wp-embedded-content\" data-secret=\"1Po0EehwBz\"><a href=\"https:\/\/kuzeyinsesi.org\/index.php\/2024\/10\/07\/cagdaslar-korosuyla-nostalji-konseri-duzenlendi\/\">\u00c7a\u011fda\u015flar Korosu\u2019yla Nostalji Konseri d\u00fczenlendi<\/a><\/blockquote><iframe sandbox=\"allow-scripts\" security=\"restricted\" src=\"https:\/\/kuzeyinsesi.org\/index.php\/2024\/10\/07\/cagdaslar-korosuyla-nostalji-konseri-duzenlendi\/embed\/#?secret=1Po0EehwBz\" width=\"600\" height=\"338\" title=\"&#8220;\u00c7a\u011fda\u015flar Korosu\u2019yla Nostalji Konseri d\u00fczenlendi&#8221; &#8212; Kuzeyin Sesi\" data-secret=\"1Po0EehwBz\" frameborder=\"0\" marginwidth=\"0\" marginheight=\"0\" scrolling=\"no\" class=\"wp-embedded-content\"><\/iframe><script type=\"text\/javascript\">\n\/* <![CDATA[ *\/\n\/*! This file is auto-generated *\/\n!function(d,l){\"use strict\";l.querySelector&&d.addEventListener&&\"undefined\"!=typeof URL&&(d.wp=d.wp||{},d.wp.receiveEmbedMessage||(d.wp.receiveEmbedMessage=function(e){var t=e.data;if((t||t.secret||t.message||t.value)&&!\/[^a-zA-Z0-9]\/.test(t.secret)){for(var s,r,n,a=l.querySelectorAll('iframe[data-secret=\"'+t.secret+'\"]'),o=l.querySelectorAll('blockquote[data-secret=\"'+t.secret+'\"]'),c=new RegExp(\"^https?:$\",\"i\"),i=0;i<o.length;i++)o[i].style.display=\"none\";for(i=0;i<a.length;i++)s=a[i],e.source===s.contentWindow&&(s.removeAttribute(\"style\"),\"height\"===t.message?(1e3<(r=parseInt(t.value,10))?r=1e3:~~r<200&&(r=200),s.height=r):\"link\"===t.message&&(r=new URL(s.getAttribute(\"src\")),n=new URL(t.value),c.test(n.protocol))&&n.host===r.host&&l.activeElement===s&&(d.top.location.href=t.value))}},d.addEventListener(\"message\",d.wp.receiveEmbedMessage,!1),l.addEventListener(\"DOMContentLoaded\",function(){for(var e,t,s=l.querySelectorAll(\"iframe.wp-embedded-content\"),r=0;r<s.length;r++)(t=(e=s[r]).getAttribute(\"data-secret\"))||(t=Math.random().toString(36).substring(2,12),e.src+=\"#?secret=\"+t,e.setAttribute(\"data-secret\",t)),e.contentWindow.postMessage({message:\"ready\",secret:t},\"*\")},!1)))}(window,document);\n\/\/# sourceURL=https:\/\/kuzeyinsesi.org\/wp-includes\/js\/wp-embed.min.js\n\/* ]]> *\/\n<\/script>\n","thumbnail_url":"https:\/\/brtk.net\/wp-content\/uploads\/2024\/10\/07\/ksdsakssdlka-scaled.jpg?ver=813eef35c60ba2e98817893369dd439e","thumbnail_width":600,"thumbnail_height":400,"description":"Gazima\u011fusa Belediyesi ile Mormenek\u015fe \u00c7a\u011fda\u015f Kad\u0131nlar Derne\u011fi i\u015f birli\u011finde d\u00fczenlenen \u201c\u00c7a\u011fda\u015flar Korosu\u2019yla Nostalji Konseri\u201d ger\u00e7ekle\u015fti. Belediyeden verilen bilgiye g\u00f6re, Ay\u015feg\u00fcl Ko\u015far\u2019\u0131n sunumu ve \u015eef Oskay Hoca y\u00f6netimindeki \u00c7a\u011fda\u015flar Korosu\u2019yla Nostalji Konseri\u2019nde 1960-70\u2019lerden Asu Maralman, Bilgen Beng\u00fc, Co\u015fkun Demir, Ersan Erdura, Funda, Rana Alag\u00f6z, Ye\u015fim ve Yeliz sahne ald\u0131. Nam\u0131k Kemal Meydan\u0131nda yer alan konserde, d\u00f6nemlerinin [&hellip;]"}