{"version":"1.0","provider_name":"Kuzeyin Sesi","provider_url":"https:\/\/kuzeyinsesi.org","author_name":"Kuzeyin Sesi","author_url":"https:\/\/kuzeyinsesi.org\/index.php\/author\/guven\/","title":"23. Zeytinlik Zeytin Festivali tamamland\u0131 - Kuzeyin Sesi","type":"rich","width":600,"height":338,"html":"<blockquote class=\"wp-embedded-content\" data-secret=\"Ld11JnJBLp\"><a href=\"https:\/\/kuzeyinsesi.org\/index.php\/2024\/10\/07\/23-zeytinlik-zeytin-festivali-tamamlandi\/\">23. Zeytinlik Zeytin Festivali tamamland\u0131<\/a><\/blockquote><iframe sandbox=\"allow-scripts\" security=\"restricted\" src=\"https:\/\/kuzeyinsesi.org\/index.php\/2024\/10\/07\/23-zeytinlik-zeytin-festivali-tamamlandi\/embed\/#?secret=Ld11JnJBLp\" width=\"600\" height=\"338\" title=\"&#8220;23. Zeytinlik Zeytin Festivali tamamland\u0131&#8221; &#8212; Kuzeyin Sesi\" data-secret=\"Ld11JnJBLp\" frameborder=\"0\" marginwidth=\"0\" marginheight=\"0\" scrolling=\"no\" class=\"wp-embedded-content\"><\/iframe><script type=\"text\/javascript\">\n\/* <![CDATA[ *\/\n\/*! This file is auto-generated *\/\n!function(d,l){\"use strict\";l.querySelector&&d.addEventListener&&\"undefined\"!=typeof URL&&(d.wp=d.wp||{},d.wp.receiveEmbedMessage||(d.wp.receiveEmbedMessage=function(e){var t=e.data;if((t||t.secret||t.message||t.value)&&!\/[^a-zA-Z0-9]\/.test(t.secret)){for(var s,r,n,a=l.querySelectorAll('iframe[data-secret=\"'+t.secret+'\"]'),o=l.querySelectorAll('blockquote[data-secret=\"'+t.secret+'\"]'),c=new RegExp(\"^https?:$\",\"i\"),i=0;i<o.length;i++)o[i].style.display=\"none\";for(i=0;i<a.length;i++)s=a[i],e.source===s.contentWindow&&(s.removeAttribute(\"style\"),\"height\"===t.message?(1e3<(r=parseInt(t.value,10))?r=1e3:~~r<200&&(r=200),s.height=r):\"link\"===t.message&&(r=new URL(s.getAttribute(\"src\")),n=new URL(t.value),c.test(n.protocol))&&n.host===r.host&&l.activeElement===s&&(d.top.location.href=t.value))}},d.addEventListener(\"message\",d.wp.receiveEmbedMessage,!1),l.addEventListener(\"DOMContentLoaded\",function(){for(var e,t,s=l.querySelectorAll(\"iframe.wp-embedded-content\"),r=0;r<s.length;r++)(t=(e=s[r]).getAttribute(\"data-secret\"))||(t=Math.random().toString(36).substring(2,12),e.src+=\"#?secret=\"+t,e.setAttribute(\"data-secret\",t)),e.contentWindow.postMessage({message:\"ready\",secret:t},\"*\")},!1)))}(window,document);\n\/\/# sourceURL=https:\/\/kuzeyinsesi.org\/wp-includes\/js\/wp-embed.min.js\n\/* ]]> *\/\n<\/script>\n","thumbnail_url":"https:\/\/brtk.net\/wp-content\/uploads\/2024\/10\/07\/girne-bld-zeytin-festivali-15--scaled.jpg?ver=81dd7fb8b71df3aa57f723e016ad20ac","thumbnail_width":600,"thumbnail_height":401,"description":"Girne Belediyesi 23\u2019\u00fcnc\u00fc Uluslararas\u0131 Zeytinlik Zeytin Festivali d\u00fcn ak\u015fam tamamland\u0131. Girne Belediyesi\u2019nden verilen bilgiye g\u00f6re, d\u00fcnk\u00fc etkinlik kapsam\u0131nda Elif Tu\u011fun ile \u00c7ocuklarla Sanat \u00e7al\u0131\u015fmas\u0131, Satran\u00e7 \u015e\u00f6leni ve Geleneksel \u00c7ocuk Oyunlar\u0131, Zeytinli ve Zeytinya\u011fl\u0131lar Yemek Yar\u0131\u015fmas\u0131 yap\u0131l\u0131rken Girne Belediyesi K\u00fc\u00e7\u00fckler Grubu Halk Danslar\u0131 g\u00f6sterisi sundu. Girne Belediyesi M\u00fcd\u00fcr Muavini ve G\u0131da M\u00fchendisi Naile Soyel\u2019in sunumuyla \u201cZeytin [&hellip;]"}