{"version":"1.0","provider_name":"Kuzeyin Sesi","provider_url":"https:\/\/kuzeyinsesi.org","author_name":"Kuzeyin Sesi","author_url":"https:\/\/kuzeyinsesi.org\/index.php\/author\/guven\/","title":"23. Zeytinlik Zeytin Festivali ba\u015flad\u0131 - Kuzeyin Sesi","type":"rich","width":600,"height":338,"html":"<blockquote class=\"wp-embedded-content\" data-secret=\"GE8amsXcl8\"><a href=\"https:\/\/kuzeyinsesi.org\/index.php\/2024\/10\/03\/23-zeytinlik-zeytin-festivali-basladi\/\">23. Zeytinlik Zeytin Festivali ba\u015flad\u0131<\/a><\/blockquote><iframe sandbox=\"allow-scripts\" security=\"restricted\" src=\"https:\/\/kuzeyinsesi.org\/index.php\/2024\/10\/03\/23-zeytinlik-zeytin-festivali-basladi\/embed\/#?secret=GE8amsXcl8\" width=\"600\" height=\"338\" title=\"&#8220;23. Zeytinlik Zeytin Festivali ba\u015flad\u0131&#8221; &#8212; Kuzeyin Sesi\" data-secret=\"GE8amsXcl8\" frameborder=\"0\" marginwidth=\"0\" marginheight=\"0\" scrolling=\"no\" class=\"wp-embedded-content\"><\/iframe><script type=\"text\/javascript\">\n\/* <![CDATA[ *\/\n\/*! This file is auto-generated *\/\n!function(d,l){\"use strict\";l.querySelector&&d.addEventListener&&\"undefined\"!=typeof URL&&(d.wp=d.wp||{},d.wp.receiveEmbedMessage||(d.wp.receiveEmbedMessage=function(e){var t=e.data;if((t||t.secret||t.message||t.value)&&!\/[^a-zA-Z0-9]\/.test(t.secret)){for(var s,r,n,a=l.querySelectorAll('iframe[data-secret=\"'+t.secret+'\"]'),o=l.querySelectorAll('blockquote[data-secret=\"'+t.secret+'\"]'),c=new RegExp(\"^https?:$\",\"i\"),i=0;i<o.length;i++)o[i].style.display=\"none\";for(i=0;i<a.length;i++)s=a[i],e.source===s.contentWindow&&(s.removeAttribute(\"style\"),\"height\"===t.message?(1e3<(r=parseInt(t.value,10))?r=1e3:~~r<200&&(r=200),s.height=r):\"link\"===t.message&&(r=new URL(s.getAttribute(\"src\")),n=new URL(t.value),c.test(n.protocol))&&n.host===r.host&&l.activeElement===s&&(d.top.location.href=t.value))}},d.addEventListener(\"message\",d.wp.receiveEmbedMessage,!1),l.addEventListener(\"DOMContentLoaded\",function(){for(var e,t,s=l.querySelectorAll(\"iframe.wp-embedded-content\"),r=0;r<s.length;r++)(t=(e=s[r]).getAttribute(\"data-secret\"))||(t=Math.random().toString(36).substring(2,12),e.src+=\"#?secret=\"+t,e.setAttribute(\"data-secret\",t)),e.contentWindow.postMessage({message:\"ready\",secret:t},\"*\")},!1)))}(window,document);\n\/\/# sourceURL=https:\/\/kuzeyinsesi.org\/wp-includes\/js\/wp-embed.min.js\n\/* ]]> *\/\n<\/script>\n","thumbnail_url":"https:\/\/brtk.net\/wp-content\/uploads\/2024\/10\/03\/girne-belediyesi-zeytinlik-festivali-14--scaled.jpg?ver=045a77c9468d64b0ba1fb9005014d315","thumbnail_width":600,"thumbnail_height":452,"description":"Girne Belediyesi 23\u2019\u00fcnc\u00fc Uluslararas\u0131 Zeytinlik Zeytin Festivali d\u00fcn ak\u015fam e\u015f zamanl\u0131 etkinliklerle ba\u015flad\u0131. Zeytinlik k\u00f6y meydan\u0131ndaki a\u00e7\u0131l\u0131\u015f seremonisinde Girne Belediye Ba\u015fkan\u0131 Murat \u015eenkul, Meclis Ba\u015fkan\u0131 Zorlu T\u00f6re ve Cumhurba\u015fkan\u0131 Ersin Tatar birer konu\u015fma yapt\u0131. Geceye \u00e7ok say\u0131da siyasinin yan\u0131 s\u0131ra T\u00fcrkiye\u2019den konuk belediye ve sivil toplum \u00f6rg\u00fctleri temsilcileri kat\u0131ld\u0131. Zeytin me\u015falesinin yak\u0131lmas\u0131yla resmi a\u00e7\u0131l\u0131\u015f\u0131 ger\u00e7ekle\u015ftirilen [&hellip;]"}