{"version":"1.0","provider_name":"Kuzeyin Sesi","provider_url":"https:\/\/kuzeyinsesi.org","author_name":"Kuzeyin Sesi","author_url":"https:\/\/kuzeyinsesi.org\/index.php\/author\/guven\/","title":"\u201cLiseleraras\u0131 M\u00fczik Yar\u0131\u015fmas\u0131\u201d belgeseli yay\u0131nland\u0131 - Kuzeyin Sesi","type":"rich","width":600,"height":338,"html":"<blockquote class=\"wp-embedded-content\" data-secret=\"nmLaZkQvoT\"><a href=\"https:\/\/kuzeyinsesi.org\/index.php\/2024\/10\/02\/liselerarasi-muzik-yarismasi-belgeseli-yayinlandi\/\">\u201cLiseleraras\u0131 M\u00fczik Yar\u0131\u015fmas\u0131\u201d belgeseli yay\u0131nland\u0131<\/a><\/blockquote><iframe sandbox=\"allow-scripts\" security=\"restricted\" src=\"https:\/\/kuzeyinsesi.org\/index.php\/2024\/10\/02\/liselerarasi-muzik-yarismasi-belgeseli-yayinlandi\/embed\/#?secret=nmLaZkQvoT\" width=\"600\" height=\"338\" title=\"&#8220;\u201cLiseleraras\u0131 M\u00fczik Yar\u0131\u015fmas\u0131\u201d belgeseli yay\u0131nland\u0131&#8221; &#8212; Kuzeyin Sesi\" data-secret=\"nmLaZkQvoT\" frameborder=\"0\" marginwidth=\"0\" marginheight=\"0\" scrolling=\"no\" class=\"wp-embedded-content\"><\/iframe><script type=\"text\/javascript\">\n\/* <![CDATA[ *\/\n\/*! This file is auto-generated *\/\n!function(d,l){\"use strict\";l.querySelector&&d.addEventListener&&\"undefined\"!=typeof URL&&(d.wp=d.wp||{},d.wp.receiveEmbedMessage||(d.wp.receiveEmbedMessage=function(e){var t=e.data;if((t||t.secret||t.message||t.value)&&!\/[^a-zA-Z0-9]\/.test(t.secret)){for(var s,r,n,a=l.querySelectorAll('iframe[data-secret=\"'+t.secret+'\"]'),o=l.querySelectorAll('blockquote[data-secret=\"'+t.secret+'\"]'),c=new RegExp(\"^https?:$\",\"i\"),i=0;i<o.length;i++)o[i].style.display=\"none\";for(i=0;i<a.length;i++)s=a[i],e.source===s.contentWindow&&(s.removeAttribute(\"style\"),\"height\"===t.message?(1e3<(r=parseInt(t.value,10))?r=1e3:~~r<200&&(r=200),s.height=r):\"link\"===t.message&&(r=new URL(s.getAttribute(\"src\")),n=new URL(t.value),c.test(n.protocol))&&n.host===r.host&&l.activeElement===s&&(d.top.location.href=t.value))}},d.addEventListener(\"message\",d.wp.receiveEmbedMessage,!1),l.addEventListener(\"DOMContentLoaded\",function(){for(var e,t,s=l.querySelectorAll(\"iframe.wp-embedded-content\"),r=0;r<s.length;r++)(t=(e=s[r]).getAttribute(\"data-secret\"))||(t=Math.random().toString(36).substring(2,12),e.src+=\"#?secret=\"+t,e.setAttribute(\"data-secret\",t)),e.contentWindow.postMessage({message:\"ready\",secret:t},\"*\")},!1)))}(window,document);\n\/\/# sourceURL=https:\/\/kuzeyinsesi.org\/wp-includes\/js\/wp-embed.min.js\n\/* ]]> *\/\n<\/script>\n","thumbnail_url":"https:\/\/brtk.net\/wp-content\/uploads\/2024\/10\/02\/54545443.jpg?ver=51f15def1acd766d2738a7a8f6ddf984","thumbnail_width":600,"thumbnail_height":600,"description":"Milli E\u011fitim Bakanl\u0131\u011f\u0131 ile Telsim\u2019in birlikte d\u00fczenledi\u011fi \u201cTelsim Freezone Liseleraras\u0131 M\u00fczik Yar\u0131\u015fmas\u0131\u201d belgeseli yay\u0131nland\u0131. Telsim\u2019den verilen bilgiye g\u00f6re, belgeselde, Milli E\u011fitim Bakan\u0131 Naz\u0131m \u00c7avu\u015fo\u011flu, Telsim Genel M\u00fcd\u00fcr\u00fc Sefer T\u00fcz, Genel Orta \u00d6\u011fretim Dairesi M\u00fcd\u00fcr\u00fc Cengiz Topel Uzun ve Telsim Genel M\u00fcd\u00fcr Yard\u0131mc\u0131s\u0131 Fevzi Tanp\u0131nar\u2019\u0131n yan\u0131 s\u0131ra yar\u0131\u015fmaya kat\u0131larak, m\u00fczik ve meslek hayatlar\u0131na y\u00f6n veren m\u00fczisyenler, [&hellip;]"}