{"version":"1.0","provider_name":"Kuzeyin Sesi","provider_url":"https:\/\/kuzeyinsesi.org","author_name":"Kuzeyin Sesi","author_url":"https:\/\/kuzeyinsesi.org\/index.php\/author\/guven\/","title":"Edebiyat\u00e7\u0131 Tuncay \u00c7a\u011fatay\u2019\u0131n hayat\u0131 belgesel oluyor - Kuzeyin Sesi","type":"rich","width":600,"height":338,"html":"<blockquote class=\"wp-embedded-content\" data-secret=\"qwcI9CqCl0\"><a href=\"https:\/\/kuzeyinsesi.org\/index.php\/2024\/10\/02\/edebiyatci-tuncay-cagatayin-hayati-belgesel-oluyor\/\">Edebiyat\u00e7\u0131 Tuncay \u00c7a\u011fatay\u2019\u0131n hayat\u0131 belgesel oluyor<\/a><\/blockquote><iframe sandbox=\"allow-scripts\" security=\"restricted\" src=\"https:\/\/kuzeyinsesi.org\/index.php\/2024\/10\/02\/edebiyatci-tuncay-cagatayin-hayati-belgesel-oluyor\/embed\/#?secret=qwcI9CqCl0\" width=\"600\" height=\"338\" title=\"&#8220;Edebiyat\u00e7\u0131 Tuncay \u00c7a\u011fatay\u2019\u0131n hayat\u0131 belgesel oluyor&#8221; &#8212; Kuzeyin Sesi\" data-secret=\"qwcI9CqCl0\" frameborder=\"0\" marginwidth=\"0\" marginheight=\"0\" scrolling=\"no\" class=\"wp-embedded-content\"><\/iframe><script type=\"text\/javascript\">\n\/* <![CDATA[ *\/\n\/*! This file is auto-generated *\/\n!function(d,l){\"use strict\";l.querySelector&&d.addEventListener&&\"undefined\"!=typeof URL&&(d.wp=d.wp||{},d.wp.receiveEmbedMessage||(d.wp.receiveEmbedMessage=function(e){var t=e.data;if((t||t.secret||t.message||t.value)&&!\/[^a-zA-Z0-9]\/.test(t.secret)){for(var s,r,n,a=l.querySelectorAll('iframe[data-secret=\"'+t.secret+'\"]'),o=l.querySelectorAll('blockquote[data-secret=\"'+t.secret+'\"]'),c=new RegExp(\"^https?:$\",\"i\"),i=0;i<o.length;i++)o[i].style.display=\"none\";for(i=0;i<a.length;i++)s=a[i],e.source===s.contentWindow&&(s.removeAttribute(\"style\"),\"height\"===t.message?(1e3<(r=parseInt(t.value,10))?r=1e3:~~r<200&&(r=200),s.height=r):\"link\"===t.message&&(r=new URL(s.getAttribute(\"src\")),n=new URL(t.value),c.test(n.protocol))&&n.host===r.host&&l.activeElement===s&&(d.top.location.href=t.value))}},d.addEventListener(\"message\",d.wp.receiveEmbedMessage,!1),l.addEventListener(\"DOMContentLoaded\",function(){for(var e,t,s=l.querySelectorAll(\"iframe.wp-embedded-content\"),r=0;r<s.length;r++)(t=(e=s[r]).getAttribute(\"data-secret\"))||(t=Math.random().toString(36).substring(2,12),e.src+=\"#?secret=\"+t,e.setAttribute(\"data-secret\",t)),e.contentWindow.postMessage({message:\"ready\",secret:t},\"*\")},!1)))}(window,document);\n\/\/# sourceURL=https:\/\/kuzeyinsesi.org\/wp-includes\/js\/wp-embed.min.js\n\/* ]]> *\/\n<\/script>\n","thumbnail_url":"https:\/\/brtk.net\/wp-content\/uploads\/2024\/10\/02\/2qrfa.jpeg?ver=146dedf302f38cf1b33f9a499e8158e7","thumbnail_width":600,"thumbnail_height":409,"description":"Edebiyat \u00f6\u011fretmeni Tuncay \u00c7a\u011fatay\u2019\u0131n hayat\u0131 belgesel oluyor. K\u0131br\u0131s Kad\u0131n \u00d6yk\u00fcleri Derne\u011fi\u2019nden (K\u00d6DER) verilen bilgiye g\u00f6re, belgesel, K\u00d6DER ile \u00d6nder Al\u0131\u015fveri\u015f Merkezleri aras\u0131nda imzalanan anla\u015fma ile hayata ge\u00e7irilecek. K\u00d6DER Ba\u015fkan\u0131 \u015eenay Ekingen ve \u00d6nder Al\u0131\u015fveri\u015f Merkezleri y\u00f6neticisi G\u00fcl\u015fah Sanver Manavo\u011flu aras\u0131nda imzalanan s\u00f6zle\u015fme ile edebiyat \u00f6\u011fretmeni Tuncay \u00c7a\u011fatay belgeselinin \u00e7ekimlerine yak\u0131nda ba\u015flanacak. K\u00d6DER Ba\u015fkan\u0131 \u015eenay Ekingen, [&hellip;]"}