{"version":"1.0","provider_name":"Kuzeyin Sesi","provider_url":"https:\/\/kuzeyinsesi.org","author_name":"Kuzeyin Sesi","author_url":"https:\/\/kuzeyinsesi.org\/index.php\/author\/guven\/","title":"\u201cAli\u2019m\u201d folklorik m\u00fczikal tiyatrosu d\u00fcn ak\u015fam sahnelendi - Kuzeyin Sesi","type":"rich","width":600,"height":338,"html":"<blockquote class=\"wp-embedded-content\" data-secret=\"tXZD1J7EBn\"><a href=\"https:\/\/kuzeyinsesi.org\/index.php\/2024\/10\/01\/alim-folklorik-muzikal-tiyatrosu-dun-aksam-sahnelendi\/\">\u201cAli\u2019m\u201d folklorik m\u00fczikal tiyatrosu d\u00fcn ak\u015fam sahnelendi<\/a><\/blockquote><iframe sandbox=\"allow-scripts\" security=\"restricted\" src=\"https:\/\/kuzeyinsesi.org\/index.php\/2024\/10\/01\/alim-folklorik-muzikal-tiyatrosu-dun-aksam-sahnelendi\/embed\/#?secret=tXZD1J7EBn\" width=\"600\" height=\"338\" title=\"&#8220;\u201cAli\u2019m\u201d folklorik m\u00fczikal tiyatrosu d\u00fcn ak\u015fam sahnelendi&#8221; &#8212; Kuzeyin Sesi\" data-secret=\"tXZD1J7EBn\" frameborder=\"0\" marginwidth=\"0\" marginheight=\"0\" scrolling=\"no\" class=\"wp-embedded-content\"><\/iframe><script type=\"text\/javascript\">\n\/* <![CDATA[ *\/\n\/*! This file is auto-generated *\/\n!function(d,l){\"use strict\";l.querySelector&&d.addEventListener&&\"undefined\"!=typeof URL&&(d.wp=d.wp||{},d.wp.receiveEmbedMessage||(d.wp.receiveEmbedMessage=function(e){var t=e.data;if((t||t.secret||t.message||t.value)&&!\/[^a-zA-Z0-9]\/.test(t.secret)){for(var s,r,n,a=l.querySelectorAll('iframe[data-secret=\"'+t.secret+'\"]'),o=l.querySelectorAll('blockquote[data-secret=\"'+t.secret+'\"]'),c=new RegExp(\"^https?:$\",\"i\"),i=0;i<o.length;i++)o[i].style.display=\"none\";for(i=0;i<a.length;i++)s=a[i],e.source===s.contentWindow&&(s.removeAttribute(\"style\"),\"height\"===t.message?(1e3<(r=parseInt(t.value,10))?r=1e3:~~r<200&&(r=200),s.height=r):\"link\"===t.message&&(r=new URL(s.getAttribute(\"src\")),n=new URL(t.value),c.test(n.protocol))&&n.host===r.host&&l.activeElement===s&&(d.top.location.href=t.value))}},d.addEventListener(\"message\",d.wp.receiveEmbedMessage,!1),l.addEventListener(\"DOMContentLoaded\",function(){for(var e,t,s=l.querySelectorAll(\"iframe.wp-embedded-content\"),r=0;r<s.length;r++)(t=(e=s[r]).getAttribute(\"data-secret\"))||(t=Math.random().toString(36).substring(2,12),e.src+=\"#?secret=\"+t,e.setAttribute(\"data-secret\",t)),e.contentWindow.postMessage({message:\"ready\",secret:t},\"*\")},!1)))}(window,document);\n\/\/# sourceURL=https:\/\/kuzeyinsesi.org\/wp-includes\/js\/wp-embed.min.js\n\/* ]]> *\/\n<\/script>\n","thumbnail_url":"https:\/\/brtk.net\/wp-content\/uploads\/2024\/10\/01\/images96.jpg?ver=5b74ae22c6c1edfd9d049afa15e56d6a","thumbnail_width":225,"thumbnail_height":224,"description":"\u2018Girne Ark\u0131n Group Fest24\u2019 kapsam\u0131nda d\u00fcn ak\u015fam \u201cAli\u2019m\u201d folklorik m\u00fczikal tiyatrosu sahnelendi. Girne Belediyesi\u2019nden verilen bilgiye g\u00f6re, eski Liman Kale Sahnesi\u2019nde yer alan oyun saat 20.00\u2019de ba\u015flad\u0131. K\u0131br\u0131s T\u00fcrk k\u00fclt\u00fcr\u00fcn\u00fcn en \u00f6nemli destanlar\u0131ndan biri olan \u2018Arap Ali Destan\u0131\u2019nda 150 ki\u015filik ekip yer ald\u0131. Akademi Sanat Derne\u011fi\u2019nin y\u0131llar s\u00fcren ara\u015ft\u0131rmas\u0131yla haz\u0131rlanan m\u00fczikal tiyatro \u2018Ma\u011fusa Liman\u0131\u2019 t\u00fcrk\u00fcs\u00fcne [&hellip;]"}