{"version":"1.0","provider_name":"Kuzeyin Sesi","provider_url":"https:\/\/kuzeyinsesi.org","author_name":"Kuzeyin Sesi","author_url":"https:\/\/kuzeyinsesi.org\/index.php\/author\/guven\/","title":"\u201cM\u00dcZler Sanat Sempozyumu\u201d kapan\u0131\u015f sergisi ile sona erdi - Kuzeyin Sesi","type":"rich","width":600,"height":338,"html":"<blockquote class=\"wp-embedded-content\" data-secret=\"0OGOZxWfcf\"><a href=\"https:\/\/kuzeyinsesi.org\/index.php\/2024\/09\/30\/muzler-sanat-sempozyumu-kapanis-sergisi-ile-sona-erdi\/\">\u201cM\u00dcZler Sanat Sempozyumu\u201d kapan\u0131\u015f sergisi ile sona erdi<\/a><\/blockquote><iframe sandbox=\"allow-scripts\" security=\"restricted\" src=\"https:\/\/kuzeyinsesi.org\/index.php\/2024\/09\/30\/muzler-sanat-sempozyumu-kapanis-sergisi-ile-sona-erdi\/embed\/#?secret=0OGOZxWfcf\" width=\"600\" height=\"338\" title=\"&#8220;\u201cM\u00dcZler Sanat Sempozyumu\u201d kapan\u0131\u015f sergisi ile sona erdi&#8221; &#8212; Kuzeyin Sesi\" data-secret=\"0OGOZxWfcf\" frameborder=\"0\" marginwidth=\"0\" marginheight=\"0\" scrolling=\"no\" class=\"wp-embedded-content\"><\/iframe><script type=\"text\/javascript\">\n\/* <![CDATA[ *\/\n\/*! This file is auto-generated *\/\n!function(d,l){\"use strict\";l.querySelector&&d.addEventListener&&\"undefined\"!=typeof URL&&(d.wp=d.wp||{},d.wp.receiveEmbedMessage||(d.wp.receiveEmbedMessage=function(e){var t=e.data;if((t||t.secret||t.message||t.value)&&!\/[^a-zA-Z0-9]\/.test(t.secret)){for(var s,r,n,a=l.querySelectorAll('iframe[data-secret=\"'+t.secret+'\"]'),o=l.querySelectorAll('blockquote[data-secret=\"'+t.secret+'\"]'),c=new RegExp(\"^https?:$\",\"i\"),i=0;i<o.length;i++)o[i].style.display=\"none\";for(i=0;i<a.length;i++)s=a[i],e.source===s.contentWindow&&(s.removeAttribute(\"style\"),\"height\"===t.message?(1e3<(r=parseInt(t.value,10))?r=1e3:~~r<200&&(r=200),s.height=r):\"link\"===t.message&&(r=new URL(s.getAttribute(\"src\")),n=new URL(t.value),c.test(n.protocol))&&n.host===r.host&&l.activeElement===s&&(d.top.location.href=t.value))}},d.addEventListener(\"message\",d.wp.receiveEmbedMessage,!1),l.addEventListener(\"DOMContentLoaded\",function(){for(var e,t,s=l.querySelectorAll(\"iframe.wp-embedded-content\"),r=0;r<s.length;r++)(t=(e=s[r]).getAttribute(\"data-secret\"))||(t=Math.random().toString(36).substring(2,12),e.src+=\"#?secret=\"+t,e.setAttribute(\"data-secret\",t)),e.contentWindow.postMessage({message:\"ready\",secret:t},\"*\")},!1)))}(window,document);\n\/\/# sourceURL=https:\/\/kuzeyinsesi.org\/wp-includes\/js\/wp-embed.min.js\n\/* ]]> *\/\n<\/script>\n","thumbnail_url":"https:\/\/brtk.net\/wp-content\/uploads\/2024\/09\/30\/muzler-sempozyumu-1.jpg?ver=670d9ca8b7dab496143f682e39fbe1e5","thumbnail_width":600,"thumbnail_height":358,"description":"\u201cGirne Ark\u0131n Group Fest24\u201d kapsam\u0131nda d\u00fczenlenen \u201cGirne Belediyesi M\u00dcZler Sanat Sempozyumu\u201d cumartesi yap\u0131lan kapan\u0131\u015f sergisi ile sona erdi. Belediyeden yap\u0131lan a\u00e7\u0131klamaya g\u00f6re, Girne Belediyesi Yeni Hizmet Binas\u0131\u2019nda ger\u00e7ekle\u015ftirilen sergide, sempozyuma kat\u0131lan sanat\u00e7\u0131lar\u0131n \u00e7al\u0131\u015fmalar\u0131 yer ald\u0131. Etkinlikte, Girne Belediyesi Sosyal \u0130\u015fler Amiri Serdar Tuksal, M\u00dcZler Sanat Sempozyumu Koordinat\u00f6r\u00fc Nevin Halis ve Girne Belediye Meclis \u00dcyesi Ziya [&hellip;]"}