{"version":"1.0","provider_name":"Kuzeyin Sesi","provider_url":"https:\/\/kuzeyinsesi.org","author_name":"Kuzeyin Sesi","author_url":"https:\/\/kuzeyinsesi.org\/index.php\/author\/guven\/","title":"Y\u00fczy\u0131ll\u0131k Destan \u201cAte\u015f\u201d yar\u0131n Girne\u2019de sahnelenecek - Kuzeyin Sesi","type":"rich","width":600,"height":338,"html":"<blockquote class=\"wp-embedded-content\" data-secret=\"7JjQD421re\"><a href=\"https:\/\/kuzeyinsesi.org\/index.php\/2024\/09\/24\/yuzyillik-destan-ates-yarin-girnede-sahnelenecek\/\">Y\u00fczy\u0131ll\u0131k Destan \u201cAte\u015f\u201d yar\u0131n Girne\u2019de sahnelenecek<\/a><\/blockquote><iframe sandbox=\"allow-scripts\" security=\"restricted\" src=\"https:\/\/kuzeyinsesi.org\/index.php\/2024\/09\/24\/yuzyillik-destan-ates-yarin-girnede-sahnelenecek\/embed\/#?secret=7JjQD421re\" width=\"600\" height=\"338\" title=\"&#8220;Y\u00fczy\u0131ll\u0131k Destan \u201cAte\u015f\u201d yar\u0131n Girne\u2019de sahnelenecek&#8221; &#8212; Kuzeyin Sesi\" data-secret=\"7JjQD421re\" frameborder=\"0\" marginwidth=\"0\" marginheight=\"0\" scrolling=\"no\" class=\"wp-embedded-content\"><\/iframe><script type=\"text\/javascript\">\n\/* <![CDATA[ *\/\n\/*! This file is auto-generated *\/\n!function(d,l){\"use strict\";l.querySelector&&d.addEventListener&&\"undefined\"!=typeof URL&&(d.wp=d.wp||{},d.wp.receiveEmbedMessage||(d.wp.receiveEmbedMessage=function(e){var t=e.data;if((t||t.secret||t.message||t.value)&&!\/[^a-zA-Z0-9]\/.test(t.secret)){for(var s,r,n,a=l.querySelectorAll('iframe[data-secret=\"'+t.secret+'\"]'),o=l.querySelectorAll('blockquote[data-secret=\"'+t.secret+'\"]'),c=new RegExp(\"^https?:$\",\"i\"),i=0;i<o.length;i++)o[i].style.display=\"none\";for(i=0;i<a.length;i++)s=a[i],e.source===s.contentWindow&&(s.removeAttribute(\"style\"),\"height\"===t.message?(1e3<(r=parseInt(t.value,10))?r=1e3:~~r<200&&(r=200),s.height=r):\"link\"===t.message&&(r=new URL(s.getAttribute(\"src\")),n=new URL(t.value),c.test(n.protocol))&&n.host===r.host&&l.activeElement===s&&(d.top.location.href=t.value))}},d.addEventListener(\"message\",d.wp.receiveEmbedMessage,!1),l.addEventListener(\"DOMContentLoaded\",function(){for(var e,t,s=l.querySelectorAll(\"iframe.wp-embedded-content\"),r=0;r<s.length;r++)(t=(e=s[r]).getAttribute(\"data-secret\"))||(t=Math.random().toString(36).substring(2,12),e.src+=\"#?secret=\"+t,e.setAttribute(\"data-secret\",t)),e.contentWindow.postMessage({message:\"ready\",secret:t},\"*\")},!1)))}(window,document);\n\/\/# sourceURL=https:\/\/kuzeyinsesi.org\/wp-includes\/js\/wp-embed.min.js\n\/* ]]> *\/\n<\/script>\n","thumbnail_url":"https:\/\/brtk.net\/wp-content\/uploads\/2024\/09\/24\/232323.jpeg?ver=f31ac338f0a0de9bd87e90a9e8a6801d","thumbnail_width":600,"thumbnail_height":400,"description":"\u2018Girne Ark\u0131n Group Fest24\u2019 kapsam\u0131nda Ankara Devlet Tiyatrolar\u0131\u2019n\u0131n sahneye koydu\u011fu Y\u00fczy\u0131ll\u0131k Destan \u201cAte\u015f\u201d oyunu, yar\u0131n saat 21.00\u2019de Girne Amfitiyatro\u2019da sahnelenecek. Girne Belediyesi\u2019nden yap\u0131lan a\u00e7\u0131klamaya g\u00f6re, y\u00f6netmenli\u011fini Bar\u0131\u015f Erdenk\u2019in yapt\u0131\u011f\u0131 oyunun biletlerinin www.girnebelediyesi.com adresinden, t\u00fcm Telsim shoplar ve Girne Belediyesi yeni hizmet binas\u0131 ile oyun g\u00fcn\u00fc kap\u0131dan temin edilebilece\u011fi belirtildi. A\u00e7\u0131klamada, T\u00fcrkiye\u2019nin kurtulu\u015f m\u00fccadelesini Mustafa Kemal [&hellip;]"}