{"version":"1.0","provider_name":"Kuzeyin Sesi","provider_url":"https:\/\/kuzeyinsesi.org","author_name":"Kuzeyin Sesi","author_url":"https:\/\/kuzeyinsesi.org\/index.php\/author\/guven\/","title":"Alevkayas\u0131 Yayla \u015eenli\u011fi yap\u0131ld\u0131 - Kuzeyin Sesi","type":"rich","width":600,"height":338,"html":"<blockquote class=\"wp-embedded-content\" data-secret=\"GVgvHkkdeJ\"><a href=\"https:\/\/kuzeyinsesi.org\/index.php\/2024\/09\/22\/alevkayasi-yayla-senligi-yapildi\/\">Alevkayas\u0131 Yayla \u015eenli\u011fi yap\u0131ld\u0131<\/a><\/blockquote><iframe sandbox=\"allow-scripts\" security=\"restricted\" src=\"https:\/\/kuzeyinsesi.org\/index.php\/2024\/09\/22\/alevkayasi-yayla-senligi-yapildi\/embed\/#?secret=GVgvHkkdeJ\" width=\"600\" height=\"338\" title=\"&#8220;Alevkayas\u0131 Yayla \u015eenli\u011fi yap\u0131ld\u0131&#8221; &#8212; Kuzeyin Sesi\" data-secret=\"GVgvHkkdeJ\" frameborder=\"0\" marginwidth=\"0\" marginheight=\"0\" scrolling=\"no\" class=\"wp-embedded-content\"><\/iframe><script type=\"text\/javascript\">\n\/* <![CDATA[ *\/\n\/*! This file is auto-generated *\/\n!function(d,l){\"use strict\";l.querySelector&&d.addEventListener&&\"undefined\"!=typeof URL&&(d.wp=d.wp||{},d.wp.receiveEmbedMessage||(d.wp.receiveEmbedMessage=function(e){var t=e.data;if((t||t.secret||t.message||t.value)&&!\/[^a-zA-Z0-9]\/.test(t.secret)){for(var s,r,n,a=l.querySelectorAll('iframe[data-secret=\"'+t.secret+'\"]'),o=l.querySelectorAll('blockquote[data-secret=\"'+t.secret+'\"]'),c=new RegExp(\"^https?:$\",\"i\"),i=0;i<o.length;i++)o[i].style.display=\"none\";for(i=0;i<a.length;i++)s=a[i],e.source===s.contentWindow&&(s.removeAttribute(\"style\"),\"height\"===t.message?(1e3<(r=parseInt(t.value,10))?r=1e3:~~r<200&&(r=200),s.height=r):\"link\"===t.message&&(r=new URL(s.getAttribute(\"src\")),n=new URL(t.value),c.test(n.protocol))&&n.host===r.host&&l.activeElement===s&&(d.top.location.href=t.value))}},d.addEventListener(\"message\",d.wp.receiveEmbedMessage,!1),l.addEventListener(\"DOMContentLoaded\",function(){for(var e,t,s=l.querySelectorAll(\"iframe.wp-embedded-content\"),r=0;r<s.length;r++)(t=(e=s[r]).getAttribute(\"data-secret\"))||(t=Math.random().toString(36).substring(2,12),e.src+=\"#?secret=\"+t,e.setAttribute(\"data-secret\",t)),e.contentWindow.postMessage({message:\"ready\",secret:t},\"*\")},!1)))}(window,document);\n\/\/# sourceURL=https:\/\/kuzeyinsesi.org\/wp-includes\/js\/wp-embed.min.js\n\/* ]]> *\/\n<\/script>\n","thumbnail_url":"https:\/\/brtk.net\/wp-content\/uploads\/2024\/09\/22\/ialdial-scaled.jpeg?ver=cad83af12dbe018df9e4358fe3c1cfcb","thumbnail_width":600,"thumbnail_height":330,"description":"Karadeniz K\u00fclt\u00fcr Derne\u011fi\u2019nin geleneksel Alevkayas\u0131 Yayla \u015eenli\u011fi bug\u00fcn yap\u0131ld\u0131.Etkinli\u011fe Cumhurba\u015fkan\u0131 Vekili, Cumhuriyet Meclisi Ba\u015fkan\u0131 Zorlu T\u00f6re de kat\u0131ld\u0131. Meclis\u2019ten yap\u0131lan a\u00e7\u0131klamaya g\u00f6re, \u015fenlikte konu\u015fma yapan T\u00f6re, \u0130stiklal Mar\u015f\u0131\u2019ndan bir d\u00f6rtl\u00fck okuyarak, K\u0131br\u0131s T\u00fcrk halk\u0131n\u0131n b\u00fcy\u00fck T\u00fcrk milletinin bir par\u00e7as\u0131 oldu\u011funu s\u00f6yledi. T\u00f6re, \u201cB\u00fcy\u00fck T\u00fcrk milletinin mensubu olman\u0131n verdi\u011fi gururla sahip oldu\u011fumuz topraklara sahip \u00e7\u0131kaca\u011f\u0131z, T\u00fcrk [&hellip;]"}