{"version":"1.0","provider_name":"Kuzeyin Sesi","provider_url":"https:\/\/kuzeyinsesi.org","author_name":"Kuzeyin Sesi","author_url":"https:\/\/kuzeyinsesi.org\/index.php\/author\/guven\/","title":"Mor ve \u00d6tesi d\u00fcn ak\u015fam Girne\u2019de konser verdi - Kuzeyin Sesi","type":"rich","width":600,"height":338,"html":"<blockquote class=\"wp-embedded-content\" data-secret=\"25Nbz3CDu3\"><a href=\"https:\/\/kuzeyinsesi.org\/index.php\/2024\/09\/21\/mor-ve-otesi-dun-aksam-girnede-konser-verdi\/\">Mor ve \u00d6tesi d\u00fcn ak\u015fam Girne\u2019de konser verdi<\/a><\/blockquote><iframe sandbox=\"allow-scripts\" security=\"restricted\" src=\"https:\/\/kuzeyinsesi.org\/index.php\/2024\/09\/21\/mor-ve-otesi-dun-aksam-girnede-konser-verdi\/embed\/#?secret=25Nbz3CDu3\" width=\"600\" height=\"338\" title=\"&#8220;Mor ve \u00d6tesi d\u00fcn ak\u015fam Girne\u2019de konser verdi&#8221; &#8212; Kuzeyin Sesi\" data-secret=\"25Nbz3CDu3\" frameborder=\"0\" marginwidth=\"0\" marginheight=\"0\" scrolling=\"no\" class=\"wp-embedded-content\"><\/iframe><script type=\"text\/javascript\">\n\/* <![CDATA[ *\/\n\/*! This file is auto-generated *\/\n!function(d,l){\"use strict\";l.querySelector&&d.addEventListener&&\"undefined\"!=typeof URL&&(d.wp=d.wp||{},d.wp.receiveEmbedMessage||(d.wp.receiveEmbedMessage=function(e){var t=e.data;if((t||t.secret||t.message||t.value)&&!\/[^a-zA-Z0-9]\/.test(t.secret)){for(var s,r,n,a=l.querySelectorAll('iframe[data-secret=\"'+t.secret+'\"]'),o=l.querySelectorAll('blockquote[data-secret=\"'+t.secret+'\"]'),c=new RegExp(\"^https?:$\",\"i\"),i=0;i<o.length;i++)o[i].style.display=\"none\";for(i=0;i<a.length;i++)s=a[i],e.source===s.contentWindow&&(s.removeAttribute(\"style\"),\"height\"===t.message?(1e3<(r=parseInt(t.value,10))?r=1e3:~~r<200&&(r=200),s.height=r):\"link\"===t.message&&(r=new URL(s.getAttribute(\"src\")),n=new URL(t.value),c.test(n.protocol))&&n.host===r.host&&l.activeElement===s&&(d.top.location.href=t.value))}},d.addEventListener(\"message\",d.wp.receiveEmbedMessage,!1),l.addEventListener(\"DOMContentLoaded\",function(){for(var e,t,s=l.querySelectorAll(\"iframe.wp-embedded-content\"),r=0;r<s.length;r++)(t=(e=s[r]).getAttribute(\"data-secret\"))||(t=Math.random().toString(36).substring(2,12),e.src+=\"#?secret=\"+t,e.setAttribute(\"data-secret\",t)),e.contentWindow.postMessage({message:\"ready\",secret:t},\"*\")},!1)))}(window,document);\n\/\/# sourceURL=https:\/\/kuzeyinsesi.org\/wp-includes\/js\/wp-embed.min.js\n\/* ]]> *\/\n<\/script>\n","thumbnail_url":"https:\/\/brtk.net\/wp-content\/uploads\/2024\/09\/21\/mor-ve-otesi-4--scaled.jpg?ver=36d6d82fa916276161d7d0a2a0916a39","thumbnail_width":600,"thumbnail_height":400,"description":"T\u00fcrkiye\u2019nin sevilen gruplar\u0131ndan Mor ve \u00d6tesi d\u00fcn ak\u015fam Girne\u2019de verdi\u011fi konserde kalabal\u0131k bir izleyici grubuyla bulu\u015ftu. Girne Belediyesi\u2019nden verilen bilgiye g\u00f6re, \u2018Girne Ark\u0131n Group Fest 24\u2019 kapsam\u0131nda Amfi Tiyatro\u2019da ger\u00e7ekle\u015fen Mor ve \u00d6tesi konserine, yakla\u015f\u0131k 4 bin 500 ki\u015finin kat\u0131ld\u0131. Saat 21:00\u2019de sahneye \u00e7\u0131kan Mor ve \u00d6tesi birbirinden g\u00fczel par\u00e7alar\u0131 ile dinleyenlere adeta bir m\u00fczik [&hellip;]"}