{"version":"1.0","provider_name":"Kuzeyin Sesi","provider_url":"https:\/\/kuzeyinsesi.org","author_name":"Kuzeyin Sesi","author_url":"https:\/\/kuzeyinsesi.org\/index.php\/author\/guven\/","title":"\u201cYedidalga K\u00fclt\u00fcr Sanat Festivali\u201d cumartesi yap\u0131l\u0131yor - Kuzeyin Sesi","type":"rich","width":600,"height":338,"html":"<blockquote class=\"wp-embedded-content\" data-secret=\"eGFblcW9xH\"><a href=\"https:\/\/kuzeyinsesi.org\/index.php\/2024\/09\/19\/yedidalga-kultur-sanat-festivali-cumartesi-yapiliyor\/\">\u201cYedidalga K\u00fclt\u00fcr Sanat Festivali\u201d cumartesi yap\u0131l\u0131yor<\/a><\/blockquote><iframe sandbox=\"allow-scripts\" security=\"restricted\" src=\"https:\/\/kuzeyinsesi.org\/index.php\/2024\/09\/19\/yedidalga-kultur-sanat-festivali-cumartesi-yapiliyor\/embed\/#?secret=eGFblcW9xH\" width=\"600\" height=\"338\" title=\"&#8220;\u201cYedidalga K\u00fclt\u00fcr Sanat Festivali\u201d cumartesi yap\u0131l\u0131yor&#8221; &#8212; Kuzeyin Sesi\" data-secret=\"eGFblcW9xH\" frameborder=\"0\" marginwidth=\"0\" marginheight=\"0\" scrolling=\"no\" class=\"wp-embedded-content\"><\/iframe><script type=\"text\/javascript\">\n\/* <![CDATA[ *\/\n\/*! This file is auto-generated *\/\n!function(d,l){\"use strict\";l.querySelector&&d.addEventListener&&\"undefined\"!=typeof URL&&(d.wp=d.wp||{},d.wp.receiveEmbedMessage||(d.wp.receiveEmbedMessage=function(e){var t=e.data;if((t||t.secret||t.message||t.value)&&!\/[^a-zA-Z0-9]\/.test(t.secret)){for(var s,r,n,a=l.querySelectorAll('iframe[data-secret=\"'+t.secret+'\"]'),o=l.querySelectorAll('blockquote[data-secret=\"'+t.secret+'\"]'),c=new RegExp(\"^https?:$\",\"i\"),i=0;i<o.length;i++)o[i].style.display=\"none\";for(i=0;i<a.length;i++)s=a[i],e.source===s.contentWindow&&(s.removeAttribute(\"style\"),\"height\"===t.message?(1e3<(r=parseInt(t.value,10))?r=1e3:~~r<200&&(r=200),s.height=r):\"link\"===t.message&&(r=new URL(s.getAttribute(\"src\")),n=new URL(t.value),c.test(n.protocol))&&n.host===r.host&&l.activeElement===s&&(d.top.location.href=t.value))}},d.addEventListener(\"message\",d.wp.receiveEmbedMessage,!1),l.addEventListener(\"DOMContentLoaded\",function(){for(var e,t,s=l.querySelectorAll(\"iframe.wp-embedded-content\"),r=0;r<s.length;r++)(t=(e=s[r]).getAttribute(\"data-secret\"))||(t=Math.random().toString(36).substring(2,12),e.src+=\"#?secret=\"+t,e.setAttribute(\"data-secret\",t)),e.contentWindow.postMessage({message:\"ready\",secret:t},\"*\")},!1)))}(window,document);\n\/\/# sourceURL=https:\/\/kuzeyinsesi.org\/wp-includes\/js\/wp-embed.min.js\n\/* ]]> *\/\n<\/script>\n","thumbnail_url":"https:\/\/brtk.net\/wp-content\/uploads\/2024\/09\/19\/cavit-atalar-yedidalga-kultur-sanat-festivali.jpg?ver=95032baade78f2156122835b643982ab","thumbnail_width":600,"thumbnail_height":840,"description":"\u00a0\u201cYedidalga K\u00fclt\u00fcr Sanat Festivali\u201d cumartesi yap\u0131l\u0131yor. Ye\u015fil\u0131rmak Yedidalga \u00dcreticiler Birli\u011fi\u00a0Y\u00f6netim Kurulu Ba\u015fkan\u0131\u00a0Cavit Atalar yapt\u0131\u011f\u0131 yaz\u0131l\u0131 a\u00e7\u0131klamada, Festivalin 21 Eyl\u00fcl Cumartesi g\u00fcn\u00fc saat 19.30-23.00 aras\u0131nda Yedidalga\u2019da Soli \u00d6ren yerinde, Yedidalga Folklor Derne\u011fi taraf\u0131ndan ger\u00e7ekle\u015ftirilece\u011fi kaydedildi. Festival, Ye\u015fil\u0131rmak Yedidalga \u00dcreticiler Birli\u011fi, Lefke Belediyesi, Lefke Avrupa \u00dcniversitesi, Ye\u015fil\u0131rmak ile Yedidalga Muhtarl\u0131klar\u0131, Yedidalga Folklor Derne\u011fi, Ye\u015fil\u0131rmak Bal\u0131k\u00e7\u0131lar Derne\u011fi, Yedidalga [&hellip;]"}