{"version":"1.0","provider_name":"Kuzeyin Sesi","provider_url":"https:\/\/kuzeyinsesi.org","author_name":"Kuzeyin Sesi","author_url":"https:\/\/kuzeyinsesi.org\/index.php\/author\/guven\/","title":"Akdeniz\u2019de 4,2 b\u00fcy\u00fckl\u00fc\u011f\u00fcnde deprem - Kuzeyin Sesi","type":"rich","width":600,"height":338,"html":"<blockquote class=\"wp-embedded-content\" data-secret=\"TOE0lFAox2\"><a href=\"https:\/\/kuzeyinsesi.org\/index.php\/2024\/09\/19\/akdenizde-42-buyuklugunde-deprem-2\/\">Akdeniz\u2019de 4,2 b\u00fcy\u00fckl\u00fc\u011f\u00fcnde deprem<\/a><\/blockquote><iframe sandbox=\"allow-scripts\" security=\"restricted\" src=\"https:\/\/kuzeyinsesi.org\/index.php\/2024\/09\/19\/akdenizde-42-buyuklugunde-deprem-2\/embed\/#?secret=TOE0lFAox2\" width=\"600\" height=\"338\" title=\"&#8220;Akdeniz\u2019de 4,2 b\u00fcy\u00fckl\u00fc\u011f\u00fcnde deprem&#8221; &#8212; Kuzeyin Sesi\" data-secret=\"TOE0lFAox2\" frameborder=\"0\" marginwidth=\"0\" marginheight=\"0\" scrolling=\"no\" class=\"wp-embedded-content\"><\/iframe><script type=\"text\/javascript\">\n\/* <![CDATA[ *\/\n\/*! This file is auto-generated *\/\n!function(d,l){\"use strict\";l.querySelector&&d.addEventListener&&\"undefined\"!=typeof URL&&(d.wp=d.wp||{},d.wp.receiveEmbedMessage||(d.wp.receiveEmbedMessage=function(e){var t=e.data;if((t||t.secret||t.message||t.value)&&!\/[^a-zA-Z0-9]\/.test(t.secret)){for(var s,r,n,a=l.querySelectorAll('iframe[data-secret=\"'+t.secret+'\"]'),o=l.querySelectorAll('blockquote[data-secret=\"'+t.secret+'\"]'),c=new RegExp(\"^https?:$\",\"i\"),i=0;i<o.length;i++)o[i].style.display=\"none\";for(i=0;i<a.length;i++)s=a[i],e.source===s.contentWindow&&(s.removeAttribute(\"style\"),\"height\"===t.message?(1e3<(r=parseInt(t.value,10))?r=1e3:~~r<200&&(r=200),s.height=r):\"link\"===t.message&&(r=new URL(s.getAttribute(\"src\")),n=new URL(t.value),c.test(n.protocol))&&n.host===r.host&&l.activeElement===s&&(d.top.location.href=t.value))}},d.addEventListener(\"message\",d.wp.receiveEmbedMessage,!1),l.addEventListener(\"DOMContentLoaded\",function(){for(var e,t,s=l.querySelectorAll(\"iframe.wp-embedded-content\"),r=0;r<s.length;r++)(t=(e=s[r]).getAttribute(\"data-secret\"))||(t=Math.random().toString(36).substring(2,12),e.src+=\"#?secret=\"+t,e.setAttribute(\"data-secret\",t)),e.contentWindow.postMessage({message:\"ready\",secret:t},\"*\")},!1)))}(window,document);\n\/\/# sourceURL=https:\/\/kuzeyinsesi.org\/wp-includes\/js\/wp-embed.min.js\n\/* ]]> *\/\n<\/script>\n","thumbnail_url":"https:\/\/brtk.net\/wp-content\/uploads\/2024\/03\/09\/deprem2.jpg?ver=f637e90bf518a82bb449ef88f53f63fc","thumbnail_width":600,"thumbnail_height":337,"description":"Akdeniz a\u00e7\u0131klar\u0131nda 4,2 b\u00fcy\u00fckl\u00fc\u011f\u00fcnde deprem meydana geldi. Afet ve Acil Durum Y\u00f6netimi Ba\u015fkanl\u0131\u011f\u0131n\u0131n (AFAD) internet sitesinde yer alan bilgiye g\u00f6re, saat 06.22\u2019de merkez \u00fcss\u00fc Akdeniz a\u00e7\u0131klar\u0131 olan 4,2 b\u00fcy\u00fckl\u00fc\u011f\u00fcnde sars\u0131nt\u0131 kaydedildi. Merkez \u00fcss\u00fc Mu\u011fla\u2019n\u0131n Marmaris il\u00e7esine 367,94 kilometre mesafede olan depremin, 15 kilometre derinlikte meydana geldi\u011fi belirlendi."}