{"version":"1.0","provider_name":"Kuzeyin Sesi","provider_url":"https:\/\/kuzeyinsesi.org","author_name":"Kuzeyin Sesi","author_url":"https:\/\/kuzeyinsesi.org\/index.php\/author\/guven\/","title":"Eski\u015fehir\u2019de \u201cFoto\u011fraflarla Rauf Denkta\u015f\u201d sergisi a\u00e7\u0131ld\u0131 - Kuzeyin Sesi","type":"rich","width":600,"height":338,"html":"<blockquote class=\"wp-embedded-content\" data-secret=\"HiqFOOA926\"><a href=\"https:\/\/kuzeyinsesi.org\/index.php\/2024\/09\/18\/eskisehirde-fotograflarla-rauf-denktas-sergisi-acildi\/\">Eski\u015fehir\u2019de \u201cFoto\u011fraflarla Rauf Denkta\u015f\u201d sergisi a\u00e7\u0131ld\u0131<\/a><\/blockquote><iframe sandbox=\"allow-scripts\" security=\"restricted\" src=\"https:\/\/kuzeyinsesi.org\/index.php\/2024\/09\/18\/eskisehirde-fotograflarla-rauf-denktas-sergisi-acildi\/embed\/#?secret=HiqFOOA926\" width=\"600\" height=\"338\" title=\"&#8220;Eski\u015fehir\u2019de \u201cFoto\u011fraflarla Rauf Denkta\u015f\u201d sergisi a\u00e7\u0131ld\u0131&#8221; &#8212; Kuzeyin Sesi\" data-secret=\"HiqFOOA926\" frameborder=\"0\" marginwidth=\"0\" marginheight=\"0\" scrolling=\"no\" class=\"wp-embedded-content\"><\/iframe><script type=\"text\/javascript\">\n\/* <![CDATA[ *\/\n\/*! This file is auto-generated *\/\n!function(d,l){\"use strict\";l.querySelector&&d.addEventListener&&\"undefined\"!=typeof URL&&(d.wp=d.wp||{},d.wp.receiveEmbedMessage||(d.wp.receiveEmbedMessage=function(e){var t=e.data;if((t||t.secret||t.message||t.value)&&!\/[^a-zA-Z0-9]\/.test(t.secret)){for(var s,r,n,a=l.querySelectorAll('iframe[data-secret=\"'+t.secret+'\"]'),o=l.querySelectorAll('blockquote[data-secret=\"'+t.secret+'\"]'),c=new RegExp(\"^https?:$\",\"i\"),i=0;i<o.length;i++)o[i].style.display=\"none\";for(i=0;i<a.length;i++)s=a[i],e.source===s.contentWindow&&(s.removeAttribute(\"style\"),\"height\"===t.message?(1e3<(r=parseInt(t.value,10))?r=1e3:~~r<200&&(r=200),s.height=r):\"link\"===t.message&&(r=new URL(s.getAttribute(\"src\")),n=new URL(t.value),c.test(n.protocol))&&n.host===r.host&&l.activeElement===s&&(d.top.location.href=t.value))}},d.addEventListener(\"message\",d.wp.receiveEmbedMessage,!1),l.addEventListener(\"DOMContentLoaded\",function(){for(var e,t,s=l.querySelectorAll(\"iframe.wp-embedded-content\"),r=0;r<s.length;r++)(t=(e=s[r]).getAttribute(\"data-secret\"))||(t=Math.random().toString(36).substring(2,12),e.src+=\"#?secret=\"+t,e.setAttribute(\"data-secret\",t)),e.contentWindow.postMessage({message:\"ready\",secret:t},\"*\")},!1)))}(window,document);\n\/\/# sourceURL=https:\/\/kuzeyinsesi.org\/wp-includes\/js\/wp-embed.min.js\n\/* ]]> *\/\n<\/script>\n","thumbnail_url":"https:\/\/brtk.net\/wp-content\/uploads\/2024\/09\/18\/denktas-21-scaled.webp?ver=035cd37adc5bb000e6bb3f1a182b000f","thumbnail_width":600,"thumbnail_height":398,"description":"T\u00fcrkiye\u2019de Eski\u015fehir \u0130l K\u00fclt\u00fcr ve Turizm M\u00fcd\u00fcrl\u00fc\u011f\u00fc taraf\u0131ndan kurucu Cumhurba\u015fkan\u0131m\u0131z merhum Rauf Raif Denkta\u015f\u2019\u0131n 100\u2019\u00fcnc\u00fc do\u011fum y\u0131l\u0131 dolay\u0131s\u0131yla haz\u0131rlanan \u201cFoto\u011fraflarla Rauf Denkta\u015f\u201d sergisi a\u00e7\u0131ld\u0131. Denkta\u015f\u2019\u0131n \u00e7ekti\u011fi foto\u011fraflar\u0131n da yer ald\u0131\u011f\u0131 sergi, kurdele kesimiyle a\u00e7\u0131ld\u0131. Serginin gezilmesinin ard\u0131ndan d\u00fczenlenen panelde Serdar Denkta\u015f, babas\u0131 Rauf Denkta\u015f\u2019\u0131n ya\u015fam\u0131na ili\u015fkin bilgiler verdi. \u0130l K\u00fclt\u00fcr ve Turizm M\u00fcd\u00fcrl\u00fc\u011f\u00fc G\u00fczel Sanatlar [&hellip;]"}