{"version":"1.0","provider_name":"Kuzeyin Sesi","provider_url":"https:\/\/kuzeyinsesi.org","author_name":"Kuzeyin Sesi","author_url":"https:\/\/kuzeyinsesi.org\/index.php\/author\/guven\/","title":"\u2018Girne Ark\u0131n Group Fest 24 \u00fc\u00e7\u00fcnc\u00fc haftas\u0131nda - Kuzeyin Sesi","type":"rich","width":600,"height":338,"html":"<blockquote class=\"wp-embedded-content\" data-secret=\"NiU8Fk69PG\"><a href=\"https:\/\/kuzeyinsesi.org\/index.php\/2024\/09\/16\/girne-arkin-group-fest-24-ucuncu-haftasinda\/\">\u2018Girne Ark\u0131n Group Fest 24 \u00fc\u00e7\u00fcnc\u00fc haftas\u0131nda<\/a><\/blockquote><iframe sandbox=\"allow-scripts\" security=\"restricted\" src=\"https:\/\/kuzeyinsesi.org\/index.php\/2024\/09\/16\/girne-arkin-group-fest-24-ucuncu-haftasinda\/embed\/#?secret=NiU8Fk69PG\" width=\"600\" height=\"338\" title=\"&#8220;\u2018Girne Ark\u0131n Group Fest 24 \u00fc\u00e7\u00fcnc\u00fc haftas\u0131nda&#8221; &#8212; Kuzeyin Sesi\" data-secret=\"NiU8Fk69PG\" frameborder=\"0\" marginwidth=\"0\" marginheight=\"0\" scrolling=\"no\" class=\"wp-embedded-content\"><\/iframe><script type=\"text\/javascript\">\n\/* <![CDATA[ *\/\n\/*! This file is auto-generated *\/\n!function(d,l){\"use strict\";l.querySelector&&d.addEventListener&&\"undefined\"!=typeof URL&&(d.wp=d.wp||{},d.wp.receiveEmbedMessage||(d.wp.receiveEmbedMessage=function(e){var t=e.data;if((t||t.secret||t.message||t.value)&&!\/[^a-zA-Z0-9]\/.test(t.secret)){for(var s,r,n,a=l.querySelectorAll('iframe[data-secret=\"'+t.secret+'\"]'),o=l.querySelectorAll('blockquote[data-secret=\"'+t.secret+'\"]'),c=new RegExp(\"^https?:$\",\"i\"),i=0;i<o.length;i++)o[i].style.display=\"none\";for(i=0;i<a.length;i++)s=a[i],e.source===s.contentWindow&&(s.removeAttribute(\"style\"),\"height\"===t.message?(1e3<(r=parseInt(t.value,10))?r=1e3:~~r<200&&(r=200),s.height=r):\"link\"===t.message&&(r=new URL(s.getAttribute(\"src\")),n=new URL(t.value),c.test(n.protocol))&&n.host===r.host&&l.activeElement===s&&(d.top.location.href=t.value))}},d.addEventListener(\"message\",d.wp.receiveEmbedMessage,!1),l.addEventListener(\"DOMContentLoaded\",function(){for(var e,t,s=l.querySelectorAll(\"iframe.wp-embedded-content\"),r=0;r<s.length;r++)(t=(e=s[r]).getAttribute(\"data-secret\"))||(t=Math.random().toString(36).substring(2,12),e.src+=\"#?secret=\"+t,e.setAttribute(\"data-secret\",t)),e.contentWindow.postMessage({message:\"ready\",secret:t},\"*\")},!1)))}(window,document);\n\/\/# sourceURL=https:\/\/kuzeyinsesi.org\/wp-includes\/js\/wp-embed.min.js\n\/* ]]> *\/\n<\/script>\n","thumbnail_url":"https:\/\/brtk.net\/wp-content\/uploads\/2024\/09\/16\/sisasa.jpg?ver=37fa1405073072da488efd493715e593","thumbnail_width":600,"thumbnail_height":401,"description":"\u2018Girne Ark\u0131n Group Fest 24\u2019, \u00fc\u00e7\u00fcnc\u00fc haftas\u0131na ba\u015flad\u0131. Girne Belediyesi\u2019nden verilen bilgiye g\u00f6re, yar\u0131n saat 20.00\u2019de Melisa Karanl\u0131k ve Orkestras\u0131 Liman Merkez Sahne\u2019de \u015fark\u0131lar\u0131n\u0131 seslendirecek. 18 Eyl\u00fcl \u00c7ar\u015famba ak\u015fam\u0131 ise saat 21:00\u2019de Girne Amfi Tiyatro\u2019da, K\u0131br\u0131s T\u00fcrk Devlet Tiyatrolar\u0131\u2019n\u0131n sahneledi\u011fi \u2018Gr\u00f6nholm Methodu\u2019 seyirci kar\u015f\u0131s\u0131na \u00e7\u0131k\u0131yor. 19 Eyl\u00fcl Per\u015fembe g\u00fcn\u00fc Lefko\u015fa T\u00fcrk Belediyesi Jazz Orkestras\u0131 saat [&hellip;]"}