{"version":"1.0","provider_name":"Kuzeyin Sesi","provider_url":"https:\/\/kuzeyinsesi.org","author_name":"Kuzeyin Sesi","author_url":"https:\/\/kuzeyinsesi.org\/index.php\/author\/guven\/","title":"\u015eirinevler\u2019de yar\u0131n Gonnara Festivali yap\u0131l\u0131yor - Kuzeyin Sesi","type":"rich","width":600,"height":338,"html":"<blockquote class=\"wp-embedded-content\" data-secret=\"yb6hiR5xp1\"><a href=\"https:\/\/kuzeyinsesi.org\/index.php\/2024\/09\/14\/sirinevlerde-yarin-gonnara-festivali-yapiliyor\/\">\u015eirinevler\u2019de yar\u0131n Gonnara Festivali yap\u0131l\u0131yor<\/a><\/blockquote><iframe sandbox=\"allow-scripts\" security=\"restricted\" src=\"https:\/\/kuzeyinsesi.org\/index.php\/2024\/09\/14\/sirinevlerde-yarin-gonnara-festivali-yapiliyor\/embed\/#?secret=yb6hiR5xp1\" width=\"600\" height=\"338\" title=\"&#8220;\u015eirinevler\u2019de yar\u0131n Gonnara Festivali yap\u0131l\u0131yor&#8221; &#8212; Kuzeyin Sesi\" data-secret=\"yb6hiR5xp1\" frameborder=\"0\" marginwidth=\"0\" marginheight=\"0\" scrolling=\"no\" class=\"wp-embedded-content\"><\/iframe><script type=\"text\/javascript\">\n\/* <![CDATA[ *\/\n\/*! This file is auto-generated *\/\n!function(d,l){\"use strict\";l.querySelector&&d.addEventListener&&\"undefined\"!=typeof URL&&(d.wp=d.wp||{},d.wp.receiveEmbedMessage||(d.wp.receiveEmbedMessage=function(e){var t=e.data;if((t||t.secret||t.message||t.value)&&!\/[^a-zA-Z0-9]\/.test(t.secret)){for(var s,r,n,a=l.querySelectorAll('iframe[data-secret=\"'+t.secret+'\"]'),o=l.querySelectorAll('blockquote[data-secret=\"'+t.secret+'\"]'),c=new RegExp(\"^https?:$\",\"i\"),i=0;i<o.length;i++)o[i].style.display=\"none\";for(i=0;i<a.length;i++)s=a[i],e.source===s.contentWindow&&(s.removeAttribute(\"style\"),\"height\"===t.message?(1e3<(r=parseInt(t.value,10))?r=1e3:~~r<200&&(r=200),s.height=r):\"link\"===t.message&&(r=new URL(s.getAttribute(\"src\")),n=new URL(t.value),c.test(n.protocol))&&n.host===r.host&&l.activeElement===s&&(d.top.location.href=t.value))}},d.addEventListener(\"message\",d.wp.receiveEmbedMessage,!1),l.addEventListener(\"DOMContentLoaded\",function(){for(var e,t,s=l.querySelectorAll(\"iframe.wp-embedded-content\"),r=0;r<s.length;r++)(t=(e=s[r]).getAttribute(\"data-secret\"))||(t=Math.random().toString(36).substring(2,12),e.src+=\"#?secret=\"+t,e.setAttribute(\"data-secret\",t)),e.contentWindow.postMessage({message:\"ready\",secret:t},\"*\")},!1)))}(window,document);\n\/\/# sourceURL=https:\/\/kuzeyinsesi.org\/wp-includes\/js\/wp-embed.min.js\n\/* ]]> *\/\n<\/script>\n","thumbnail_url":"https:\/\/brtk.net\/wp-content\/uploads\/2024\/09\/14\/sirinevler1-kopya11.jpg?ver=95079d171d67fe98f3ae1323fb27c286","thumbnail_width":600,"thumbnail_height":600,"description":"\u015eirinevler\u2019de yar\u0131n \u201c3. \u015eirinevler Gonnara Festivali\u201d d\u00fczenleniyor. Dikmen Belediyesi ile \u015eirinevler Muhtarl\u0131\u011f\u0131 i\u015f birli\u011finde d\u00fczenlenen festival, \u015eirinevler k\u00f6y meydan\u0131nda 09.00-23.00 saatleri aras\u0131nda yap\u0131lacak. Festival kapsam\u0131nda yiyecek i\u00e7ecek ve hediyelik e\u015fya stantlar\u0131 kurulacak, \u00e7ocuklar i\u00e7in etkinlikler d\u00fczenlenecek, \u201cArz\u0131 Endam\u201d defilesi ger\u00e7ekle\u015ftirilecek, halk ve Latin dans g\u00f6sterileri yap\u0131lacak, tavla turnuvas\u0131 organize edilecek ve Salt m\u00fczik gurubu konser [&hellip;]"}