{"version":"1.0","provider_name":"Kuzeyin Sesi","provider_url":"https:\/\/kuzeyinsesi.org","author_name":"Kuzeyin Sesi","author_url":"https:\/\/kuzeyinsesi.org\/index.php\/author\/guven\/","title":"\u0130skele Belediyesi\u2019nin 2. Yaz Etkinlikleri sona erdi - Kuzeyin Sesi","type":"rich","width":600,"height":338,"html":"<blockquote class=\"wp-embedded-content\" data-secret=\"zcAWUpKclS\"><a href=\"https:\/\/kuzeyinsesi.org\/index.php\/2024\/09\/13\/iskele-belediyesinin-2-yaz-etkinlikleri-sona-erdi\/\">\u0130skele Belediyesi\u2019nin 2. Yaz Etkinlikleri sona erdi<\/a><\/blockquote><iframe sandbox=\"allow-scripts\" security=\"restricted\" src=\"https:\/\/kuzeyinsesi.org\/index.php\/2024\/09\/13\/iskele-belediyesinin-2-yaz-etkinlikleri-sona-erdi\/embed\/#?secret=zcAWUpKclS\" width=\"600\" height=\"338\" title=\"&#8220;\u0130skele Belediyesi\u2019nin 2. Yaz Etkinlikleri sona erdi&#8221; &#8212; Kuzeyin Sesi\" data-secret=\"zcAWUpKclS\" frameborder=\"0\" marginwidth=\"0\" marginheight=\"0\" scrolling=\"no\" class=\"wp-embedded-content\"><\/iframe><script type=\"text\/javascript\">\n\/* <![CDATA[ *\/\n\/*! This file is auto-generated *\/\n!function(d,l){\"use strict\";l.querySelector&&d.addEventListener&&\"undefined\"!=typeof URL&&(d.wp=d.wp||{},d.wp.receiveEmbedMessage||(d.wp.receiveEmbedMessage=function(e){var t=e.data;if((t||t.secret||t.message||t.value)&&!\/[^a-zA-Z0-9]\/.test(t.secret)){for(var s,r,n,a=l.querySelectorAll('iframe[data-secret=\"'+t.secret+'\"]'),o=l.querySelectorAll('blockquote[data-secret=\"'+t.secret+'\"]'),c=new RegExp(\"^https?:$\",\"i\"),i=0;i<o.length;i++)o[i].style.display=\"none\";for(i=0;i<a.length;i++)s=a[i],e.source===s.contentWindow&&(s.removeAttribute(\"style\"),\"height\"===t.message?(1e3<(r=parseInt(t.value,10))?r=1e3:~~r<200&&(r=200),s.height=r):\"link\"===t.message&&(r=new URL(s.getAttribute(\"src\")),n=new URL(t.value),c.test(n.protocol))&&n.host===r.host&&l.activeElement===s&&(d.top.location.href=t.value))}},d.addEventListener(\"message\",d.wp.receiveEmbedMessage,!1),l.addEventListener(\"DOMContentLoaded\",function(){for(var e,t,s=l.querySelectorAll(\"iframe.wp-embedded-content\"),r=0;r<s.length;r++)(t=(e=s[r]).getAttribute(\"data-secret\"))||(t=Math.random().toString(36).substring(2,12),e.src+=\"#?secret=\"+t,e.setAttribute(\"data-secret\",t)),e.contentWindow.postMessage({message:\"ready\",secret:t},\"*\")},!1)))}(window,document);\n\/\/# sourceURL=https:\/\/kuzeyinsesi.org\/wp-includes\/js\/wp-embed.min.js\n\/* ]]> *\/\n<\/script>\n","thumbnail_url":"https:\/\/brtk.net\/wp-content\/uploads\/2024\/09\/13\/3131313131.jpg?ver=eb204b7874824784fa19af0d3cc94fe4","thumbnail_width":600,"thumbnail_height":291,"description":"\u0130skele Belediyesi\u2019nin bu y\u0131l 6-12 ya\u015f aras\u0131 \u00e7ocuklara y\u00f6nelik d\u00fczenledi\u011fi 2. Yaz Etkinlikleri sona erdi. \u0130skele Belediyesi\u2019nden yap\u0131lan a\u00e7\u0131klamaya g\u00f6re 5 A\u011fustos- 10 Eyl\u00fcl tarihleri aras\u0131nda ger\u00e7ekle\u015fen etkinliklerde, modern dans, m\u00fczik, satran\u00e7, halk danslar\u0131, k\u00fc\u00e7\u00fck \u015fefler at\u00f6lyesi, seramik ve kil yap\u0131m\u0131 workshoplar\u0131, sanat at\u00f6lyeleri gibi aktiviteler yap\u0131ld\u0131. Etkinliklerin tamamlanmas\u0131n\u0131n ard\u0131ndan, \u00e7ocuklar 10 Eyl\u00fcl Sal\u0131 g\u00fcn\u00fc [&hellip;]"}