{"version":"1.0","provider_name":"Kuzeyin Sesi","provider_url":"https:\/\/kuzeyinsesi.org","author_name":"Kuzeyin Sesi","author_url":"https:\/\/kuzeyinsesi.org\/index.php\/author\/guven\/","title":"Uluslararas\u0131 Kuzey K\u0131br\u0131s M\u00fczik Festivali ba\u015fl\u0131yor - Kuzeyin Sesi","type":"rich","width":600,"height":338,"html":"<blockquote class=\"wp-embedded-content\" data-secret=\"UDZmex6P70\"><a href=\"https:\/\/kuzeyinsesi.org\/index.php\/2024\/09\/12\/uluslararasi-kuzey-kibris-muzik-festivali-basliyor\/\">Uluslararas\u0131 Kuzey K\u0131br\u0131s M\u00fczik Festivali ba\u015fl\u0131yor<\/a><\/blockquote><iframe sandbox=\"allow-scripts\" security=\"restricted\" src=\"https:\/\/kuzeyinsesi.org\/index.php\/2024\/09\/12\/uluslararasi-kuzey-kibris-muzik-festivali-basliyor\/embed\/#?secret=UDZmex6P70\" width=\"600\" height=\"338\" title=\"&#8220;Uluslararas\u0131 Kuzey K\u0131br\u0131s M\u00fczik Festivali ba\u015fl\u0131yor&#8221; &#8212; Kuzeyin Sesi\" data-secret=\"UDZmex6P70\" frameborder=\"0\" marginwidth=\"0\" marginheight=\"0\" scrolling=\"no\" class=\"wp-embedded-content\"><\/iframe><script type=\"text\/javascript\">\n\/* <![CDATA[ *\/\n\/*! This file is auto-generated *\/\n!function(d,l){\"use strict\";l.querySelector&&d.addEventListener&&\"undefined\"!=typeof URL&&(d.wp=d.wp||{},d.wp.receiveEmbedMessage||(d.wp.receiveEmbedMessage=function(e){var t=e.data;if((t||t.secret||t.message||t.value)&&!\/[^a-zA-Z0-9]\/.test(t.secret)){for(var s,r,n,a=l.querySelectorAll('iframe[data-secret=\"'+t.secret+'\"]'),o=l.querySelectorAll('blockquote[data-secret=\"'+t.secret+'\"]'),c=new RegExp(\"^https?:$\",\"i\"),i=0;i<o.length;i++)o[i].style.display=\"none\";for(i=0;i<a.length;i++)s=a[i],e.source===s.contentWindow&&(s.removeAttribute(\"style\"),\"height\"===t.message?(1e3<(r=parseInt(t.value,10))?r=1e3:~~r<200&&(r=200),s.height=r):\"link\"===t.message&&(r=new URL(s.getAttribute(\"src\")),n=new URL(t.value),c.test(n.protocol))&&n.host===r.host&&l.activeElement===s&&(d.top.location.href=t.value))}},d.addEventListener(\"message\",d.wp.receiveEmbedMessage,!1),l.addEventListener(\"DOMContentLoaded\",function(){for(var e,t,s=l.querySelectorAll(\"iframe.wp-embedded-content\"),r=0;r<s.length;r++)(t=(e=s[r]).getAttribute(\"data-secret\"))||(t=Math.random().toString(36).substring(2,12),e.src+=\"#?secret=\"+t,e.setAttribute(\"data-secret\",t)),e.contentWindow.postMessage({message:\"ready\",secret:t},\"*\")},!1)))}(window,document);\n\/\/# sourceURL=https:\/\/kuzeyinsesi.org\/wp-includes\/js\/wp-embed.min.js\n\/* ]]> *\/\n<\/script>\n","thumbnail_url":"https:\/\/brtk.net\/wp-content\/uploads\/2024\/09\/12\/BEL.jpeg?ver=a8408c39b535849a56d5c4647374f9d5","thumbnail_width":600,"thumbnail_height":265,"description":"Kuzey K\u0131br\u0131s M\u00fczik Derne\u011fi\u2019nin her y\u0131l d\u00fczenledi\u011fi Uluslararas\u0131 Kuzey K\u0131br\u0131s M\u00fczik Festivali\u2019nin 22\u2019ncisi, 25 Eyl\u00fcl\u2019de ba\u015flayacak. Kuzey K\u0131br\u0131s M\u00fczik Derne\u011fi\u2019nden yap\u0131lan a\u00e7\u0131klamaya g\u00f6re, Bellapais Manast\u0131r\u0131\u2019nda yer alacak Festival, 25 Eyl\u00fcl ile 16 Kas\u0131m tarihleri aras\u0131nda olacak. 20 farkl\u0131 konser etkinli\u011fini sanatseverlerle bulu\u015fturacak olan 22. Uluslararas\u0131 Kuzey K\u0131br\u0131s M\u00fczik Festivali biletlerine Deniz Plazalar\u2019dan, Bellapais Manast\u0131r\u0131 Bilet [&hellip;]"}