{"version":"1.0","provider_name":"Kuzeyin Sesi","provider_url":"https:\/\/kuzeyinsesi.org","author_name":"Kuzeyin Sesi","author_url":"https:\/\/kuzeyinsesi.org\/index.php\/author\/guven\/","title":"\u0130ki toplumlu \u00f6yk\u00fc yar\u0131\u015fmas\u0131 d\u00fczenleniyor - Kuzeyin Sesi","type":"rich","width":600,"height":338,"html":"<blockquote class=\"wp-embedded-content\" data-secret=\"gnLLMQJpSc\"><a href=\"https:\/\/kuzeyinsesi.org\/index.php\/2024\/09\/05\/iki-toplumlu-oyku-yarismasi-duzenleniyor\/\">\u0130ki toplumlu \u00f6yk\u00fc yar\u0131\u015fmas\u0131 d\u00fczenleniyor<\/a><\/blockquote><iframe sandbox=\"allow-scripts\" security=\"restricted\" src=\"https:\/\/kuzeyinsesi.org\/index.php\/2024\/09\/05\/iki-toplumlu-oyku-yarismasi-duzenleniyor\/embed\/#?secret=gnLLMQJpSc\" width=\"600\" height=\"338\" title=\"&#8220;\u0130ki toplumlu \u00f6yk\u00fc yar\u0131\u015fmas\u0131 d\u00fczenleniyor&#8221; &#8212; Kuzeyin Sesi\" data-secret=\"gnLLMQJpSc\" frameborder=\"0\" marginwidth=\"0\" marginheight=\"0\" scrolling=\"no\" class=\"wp-embedded-content\"><\/iframe><script type=\"text\/javascript\">\n\/* <![CDATA[ *\/\n\/*! This file is auto-generated *\/\n!function(d,l){\"use strict\";l.querySelector&&d.addEventListener&&\"undefined\"!=typeof URL&&(d.wp=d.wp||{},d.wp.receiveEmbedMessage||(d.wp.receiveEmbedMessage=function(e){var t=e.data;if((t||t.secret||t.message||t.value)&&!\/[^a-zA-Z0-9]\/.test(t.secret)){for(var s,r,n,a=l.querySelectorAll('iframe[data-secret=\"'+t.secret+'\"]'),o=l.querySelectorAll('blockquote[data-secret=\"'+t.secret+'\"]'),c=new RegExp(\"^https?:$\",\"i\"),i=0;i<o.length;i++)o[i].style.display=\"none\";for(i=0;i<a.length;i++)s=a[i],e.source===s.contentWindow&&(s.removeAttribute(\"style\"),\"height\"===t.message?(1e3<(r=parseInt(t.value,10))?r=1e3:~~r<200&&(r=200),s.height=r):\"link\"===t.message&&(r=new URL(s.getAttribute(\"src\")),n=new URL(t.value),c.test(n.protocol))&&n.host===r.host&&l.activeElement===s&&(d.top.location.href=t.value))}},d.addEventListener(\"message\",d.wp.receiveEmbedMessage,!1),l.addEventListener(\"DOMContentLoaded\",function(){for(var e,t,s=l.querySelectorAll(\"iframe.wp-embedded-content\"),r=0;r<s.length;r++)(t=(e=s[r]).getAttribute(\"data-secret\"))||(t=Math.random().toString(36).substring(2,12),e.src+=\"#?secret=\"+t,e.setAttribute(\"data-secret\",t)),e.contentWindow.postMessage({message:\"ready\",secret:t},\"*\")},!1)))}(window,document);\n\/\/# sourceURL=https:\/\/kuzeyinsesi.org\/wp-includes\/js\/wp-embed.min.js\n\/* ]]> *\/\n<\/script>\n","thumbnail_url":"https:\/\/brtk.net\/wp-content\/uploads\/2024\/09\/05\/kibris-turk-sanatci-ve-yazarler.jpg?ver=b1166f5fa3f6d7fbc887af96f5a16790","thumbnail_width":289,"thumbnail_height":284,"description":"K\u0131br\u0131s\u2019\u0131n g\u00fcneyi ve kuzeyindeki yazarlara y\u00f6nelik iki toplumlu \u00f6yk\u00fc yar\u0131\u015fmas\u0131 d\u00fczenleniyor. K\u0131br\u0131s Sanat\u00e7\u0131 ve Yazarlar Birli\u011fi\u2019nden yap\u0131lan a\u00e7\u0131klamaya g\u00f6re, son teslim tarihi 31 Ocak 2025 olan yar\u0131\u015fmaya, 35 ya\u015f\u0131n\u0131 ge\u00e7memi\u015f gen\u00e7 yazarlar kat\u0131labilecek. K\u0131br\u0131s Edebiyat\u00e7\u0131lar Birli\u011fi ile K\u0131br\u0131s Sanat\u00e7\u0131 ve Yazarlar Birli\u011fi i\u015f birli\u011finde, iki toplumdaki yazarlara y\u00f6nelik d\u00fczenlenecek, serbest temal\u0131 yar\u0131\u015fmaya \u00e7ok say\u0131da \u00f6yk\u00fcyle [&hellip;]"}