{"version":"1.0","provider_name":"Kuzeyin Sesi","provider_url":"https:\/\/kuzeyinsesi.org","author_name":"Kuzeyin Sesi","author_url":"https:\/\/kuzeyinsesi.org\/index.php\/author\/guven\/","title":"G\u00f6\u00e7-Ta\u015f Festivali bu ak\u015fam ba\u015fl\u0131yor - Kuzeyin Sesi","type":"rich","width":600,"height":338,"html":"<blockquote class=\"wp-embedded-content\" data-secret=\"qJJVeNdzwR\"><a href=\"https:\/\/kuzeyinsesi.org\/index.php\/2024\/09\/05\/goc-tas-festivali-bu-aksam-basliyor\/\">G\u00f6\u00e7-Ta\u015f Festivali bu ak\u015fam ba\u015fl\u0131yor<\/a><\/blockquote><iframe sandbox=\"allow-scripts\" security=\"restricted\" src=\"https:\/\/kuzeyinsesi.org\/index.php\/2024\/09\/05\/goc-tas-festivali-bu-aksam-basliyor\/embed\/#?secret=qJJVeNdzwR\" width=\"600\" height=\"338\" title=\"&#8220;G\u00f6\u00e7-Ta\u015f Festivali bu ak\u015fam ba\u015fl\u0131yor&#8221; &#8212; Kuzeyin Sesi\" data-secret=\"qJJVeNdzwR\" frameborder=\"0\" marginwidth=\"0\" marginheight=\"0\" scrolling=\"no\" class=\"wp-embedded-content\"><\/iframe><script type=\"text\/javascript\">\n\/* <![CDATA[ *\/\n\/*! This file is auto-generated *\/\n!function(d,l){\"use strict\";l.querySelector&&d.addEventListener&&\"undefined\"!=typeof URL&&(d.wp=d.wp||{},d.wp.receiveEmbedMessage||(d.wp.receiveEmbedMessage=function(e){var t=e.data;if((t||t.secret||t.message||t.value)&&!\/[^a-zA-Z0-9]\/.test(t.secret)){for(var s,r,n,a=l.querySelectorAll('iframe[data-secret=\"'+t.secret+'\"]'),o=l.querySelectorAll('blockquote[data-secret=\"'+t.secret+'\"]'),c=new RegExp(\"^https?:$\",\"i\"),i=0;i<o.length;i++)o[i].style.display=\"none\";for(i=0;i<a.length;i++)s=a[i],e.source===s.contentWindow&&(s.removeAttribute(\"style\"),\"height\"===t.message?(1e3<(r=parseInt(t.value,10))?r=1e3:~~r<200&&(r=200),s.height=r):\"link\"===t.message&&(r=new URL(s.getAttribute(\"src\")),n=new URL(t.value),c.test(n.protocol))&&n.host===r.host&&l.activeElement===s&&(d.top.location.href=t.value))}},d.addEventListener(\"message\",d.wp.receiveEmbedMessage,!1),l.addEventListener(\"DOMContentLoaded\",function(){for(var e,t,s=l.querySelectorAll(\"iframe.wp-embedded-content\"),r=0;r<s.length;r++)(t=(e=s[r]).getAttribute(\"data-secret\"))||(t=Math.random().toString(36).substring(2,12),e.src+=\"#?secret=\"+t,e.setAttribute(\"data-secret\",t)),e.contentWindow.postMessage({message:\"ready\",secret:t},\"*\")},!1)))}(window,document);\n\/\/# sourceURL=https:\/\/kuzeyinsesi.org\/wp-includes\/js\/wp-embed.min.js\n\/* ]]> *\/\n<\/script>\n","thumbnail_url":"https:\/\/brtk.net\/wp-content\/uploads\/2024\/09\/05\/goc-tas-festivali1.jpeg?ver=ed417f878eb00d768770952eaa2afc69","thumbnail_width":600,"thumbnail_height":300,"description":"Uluslararas\u0131 G\u00f6\u00e7menk\u00f6y Ta\u015fk\u0131nk\u00f6y (G\u00d6\u00c7-TA\u015e) K\u00fclt\u00fcr Sanat Festivali, 5-8 Eyl\u00fcl tarihleri aras\u0131nda yap\u0131lacak. G\u00f6\u00e7menk\u00f6y Ta\u015fk\u0131nk\u00f6y K\u00fclt\u00fcr Sanat Derne\u011fi\u2019nden verilen bilgiye g\u00f6re, d\u00f6rt gece devam edecek festival, Ta\u015fk\u0131nk\u00f6y ve G\u00f6\u00e7menk\u00f6y b\u00f6lgesinde organize edilecek. Festivalin ilk gece g\u00f6sterileri bu ak\u015fam Ta\u015fk\u0131nk\u00f6y Dr. Faz\u0131l K\u00fc\u00e7\u00fck Park\u0131\u2019nda yap\u0131lacak. Festival, 6-8 Eyl\u00fcl tarihleri aras\u0131nda ise G\u00f6\u00e7menk\u00f6y Park\u0131\u2019nda ger\u00e7ekle\u015fecek. Festivale, K\u00fclt\u00fcr Dairesi [&hellip;]"}