{"version":"1.0","provider_name":"Kuzeyin Sesi","provider_url":"https:\/\/kuzeyinsesi.org","author_name":"Kuzeyin Sesi","author_url":"https:\/\/kuzeyinsesi.org\/index.php\/author\/guven\/","title":"\u2018Fotomaraton\u2019 heyecan\u0131 Lefko\u015fa\u2019da ya\u015fanacak - Kuzeyin Sesi","type":"rich","width":600,"height":338,"html":"<blockquote class=\"wp-embedded-content\" data-secret=\"kO7rH2rNuz\"><a href=\"https:\/\/kuzeyinsesi.org\/index.php\/2024\/08\/28\/fotomaraton-heyecani-lefkosada-yasanacak\/\">\u2018Fotomaraton\u2019 heyecan\u0131 Lefko\u015fa\u2019da ya\u015fanacak<\/a><\/blockquote><iframe sandbox=\"allow-scripts\" security=\"restricted\" src=\"https:\/\/kuzeyinsesi.org\/index.php\/2024\/08\/28\/fotomaraton-heyecani-lefkosada-yasanacak\/embed\/#?secret=kO7rH2rNuz\" width=\"600\" height=\"338\" title=\"&#8220;\u2018Fotomaraton\u2019 heyecan\u0131 Lefko\u015fa\u2019da ya\u015fanacak&#8221; &#8212; Kuzeyin Sesi\" data-secret=\"kO7rH2rNuz\" frameborder=\"0\" marginwidth=\"0\" marginheight=\"0\" scrolling=\"no\" class=\"wp-embedded-content\"><\/iframe><script type=\"text\/javascript\">\n\/* <![CDATA[ *\/\n\/*! This file is auto-generated *\/\n!function(d,l){\"use strict\";l.querySelector&&d.addEventListener&&\"undefined\"!=typeof URL&&(d.wp=d.wp||{},d.wp.receiveEmbedMessage||(d.wp.receiveEmbedMessage=function(e){var t=e.data;if((t||t.secret||t.message||t.value)&&!\/[^a-zA-Z0-9]\/.test(t.secret)){for(var s,r,n,a=l.querySelectorAll('iframe[data-secret=\"'+t.secret+'\"]'),o=l.querySelectorAll('blockquote[data-secret=\"'+t.secret+'\"]'),c=new RegExp(\"^https?:$\",\"i\"),i=0;i<o.length;i++)o[i].style.display=\"none\";for(i=0;i<a.length;i++)s=a[i],e.source===s.contentWindow&&(s.removeAttribute(\"style\"),\"height\"===t.message?(1e3<(r=parseInt(t.value,10))?r=1e3:~~r<200&&(r=200),s.height=r):\"link\"===t.message&&(r=new URL(s.getAttribute(\"src\")),n=new URL(t.value),c.test(n.protocol))&&n.host===r.host&&l.activeElement===s&&(d.top.location.href=t.value))}},d.addEventListener(\"message\",d.wp.receiveEmbedMessage,!1),l.addEventListener(\"DOMContentLoaded\",function(){for(var e,t,s=l.querySelectorAll(\"iframe.wp-embedded-content\"),r=0;r<s.length;r++)(t=(e=s[r]).getAttribute(\"data-secret\"))||(t=Math.random().toString(36).substring(2,12),e.src+=\"#?secret=\"+t,e.setAttribute(\"data-secret\",t)),e.contentWindow.postMessage({message:\"ready\",secret:t},\"*\")},!1)))}(window,document);\n\/\/# sourceURL=https:\/\/kuzeyinsesi.org\/wp-includes\/js\/wp-embed.min.js\n\/* ]]> *\/\n<\/script>\n","thumbnail_url":"https:\/\/brtk.net\/wp-content\/uploads\/2024\/08\/28\/fotomaraton-24.png?ver=39e3db47d162810a6f832535c7767833","thumbnail_width":600,"thumbnail_height":274,"description":"Lefko\u015fa T\u00fcrk Belediyesi (LTB) ile Y\u0131ltan Ta\u015f\u00e7\u0131 Akademi i\u015f birli\u011finde bu y\u0131l 3. kez d\u00fczenlenecek Lefko\u015fa Fotomaraton Foto\u011fraf Yar\u0131\u015fmas\u0131, 7-8 Eyl\u00fcl tarihlerinde ba\u015fkent Lefko\u015fa\u2019da yap\u0131l\u0131yor. Lefko\u015fa\u2019n\u0131n belgelenmesi, tan\u0131t\u0131m\u0131 ve foto\u011fraf sanat\u0131n\u0131n geli\u015ftirilmesi, LTB s\u0131n\u0131rlar\u0131 i\u00e7erisindeki k\u00fclt\u00fcrel de\u011ferlerin, tarihi ve turistik mekanlar\u0131n, \u015fehir dokusunun ve ya\u015fam\u0131n\u0131n foto\u011fraf\u00e7\u0131 g\u00f6z\u00fcnden yans\u0131t\u0131lmas\u0131 amac\u0131yla d\u00fczenlenen yar\u0131\u015fmaya kat\u0131lmak isteyen foto\u011fraf\u00e7\u0131lar 2-6 [&hellip;]"}