{"version":"1.0","provider_name":"Kuzeyin Sesi","provider_url":"https:\/\/kuzeyinsesi.org","author_name":"Kuzeyin Sesi","author_url":"https:\/\/kuzeyinsesi.org\/index.php\/author\/guven\/","title":"\u0130skele Deniz Festivali tamamland\u0131 - Kuzeyin Sesi","type":"rich","width":600,"height":338,"html":"<blockquote class=\"wp-embedded-content\" data-secret=\"3SmZhfchuY\"><a href=\"https:\/\/kuzeyinsesi.org\/index.php\/2024\/08\/26\/iskele-deniz-festivali-tamamlandi\/\">\u0130skele Deniz Festivali tamamland\u0131<\/a><\/blockquote><iframe sandbox=\"allow-scripts\" security=\"restricted\" src=\"https:\/\/kuzeyinsesi.org\/index.php\/2024\/08\/26\/iskele-deniz-festivali-tamamlandi\/embed\/#?secret=3SmZhfchuY\" width=\"600\" height=\"338\" title=\"&#8220;\u0130skele Deniz Festivali tamamland\u0131&#8221; &#8212; Kuzeyin Sesi\" data-secret=\"3SmZhfchuY\" frameborder=\"0\" marginwidth=\"0\" marginheight=\"0\" scrolling=\"no\" class=\"wp-embedded-content\"><\/iframe><script type=\"text\/javascript\">\n\/* <![CDATA[ *\/\n\/*! This file is auto-generated *\/\n!function(d,l){\"use strict\";l.querySelector&&d.addEventListener&&\"undefined\"!=typeof URL&&(d.wp=d.wp||{},d.wp.receiveEmbedMessage||(d.wp.receiveEmbedMessage=function(e){var t=e.data;if((t||t.secret||t.message||t.value)&&!\/[^a-zA-Z0-9]\/.test(t.secret)){for(var s,r,n,a=l.querySelectorAll('iframe[data-secret=\"'+t.secret+'\"]'),o=l.querySelectorAll('blockquote[data-secret=\"'+t.secret+'\"]'),c=new RegExp(\"^https?:$\",\"i\"),i=0;i<o.length;i++)o[i].style.display=\"none\";for(i=0;i<a.length;i++)s=a[i],e.source===s.contentWindow&&(s.removeAttribute(\"style\"),\"height\"===t.message?(1e3<(r=parseInt(t.value,10))?r=1e3:~~r<200&&(r=200),s.height=r):\"link\"===t.message&&(r=new URL(s.getAttribute(\"src\")),n=new URL(t.value),c.test(n.protocol))&&n.host===r.host&&l.activeElement===s&&(d.top.location.href=t.value))}},d.addEventListener(\"message\",d.wp.receiveEmbedMessage,!1),l.addEventListener(\"DOMContentLoaded\",function(){for(var e,t,s=l.querySelectorAll(\"iframe.wp-embedded-content\"),r=0;r<s.length;r++)(t=(e=s[r]).getAttribute(\"data-secret\"))||(t=Math.random().toString(36).substring(2,12),e.src+=\"#?secret=\"+t,e.setAttribute(\"data-secret\",t)),e.contentWindow.postMessage({message:\"ready\",secret:t},\"*\")},!1)))}(window,document);\n\/\/# sourceURL=https:\/\/kuzeyinsesi.org\/wp-includes\/js\/wp-embed.min.js\n\/* ]]> *\/\n<\/script>\n","thumbnail_url":"https:\/\/brtk.net\/wp-content\/uploads\/2024\/08\/26\/cem-adrian-konseri-1.jpg?ver=a3db0f12566763d6f45d0cce7564fa35","thumbnail_width":600,"thumbnail_height":290,"description":"\u0130skele Belediyesi 4. Deniz Festivali tamamland\u0131. Festivalde cumartesi Cem Adrian, d\u00fcn ak\u015fam da Nafiz D\u00f6lek konser verdi. \u0130skele Belediyesi\u2019nden verilen bilgiye g\u00f6re, \u0130skele Halk Plaj\u0131\u2019nda yer alan \u0130skele Belediyesi Deniz Festivali, \u00fc\u00e7 g\u00fcn s\u00fcrd\u00fc. Festivalin kapan\u0131\u015f\u0131nda \u201c3. Survivor \u00c7ocuk Yar\u0131\u015fmas\u0131\u201d da yer ald\u0131. \u00c7ocuklar, nefes kesen m\u00fccadeleleriyle b\u00fcy\u00fck alk\u0131\u015f al\u0131rken, yar\u0131\u015fmay\u0131 kazanan isim 10 ya\u015f\u0131ndaki [&hellip;]"}