{"version":"1.0","provider_name":"Kuzeyin Sesi","provider_url":"https:\/\/kuzeyinsesi.org","author_name":"Kuzeyin Sesi","author_url":"https:\/\/kuzeyinsesi.org\/index.php\/author\/guven\/","title":"Gaziveren\u2019de 2. G\u00fcz K\u00fclt\u00fcr Sanat Festivali yap\u0131l\u0131yor - Kuzeyin Sesi","type":"rich","width":600,"height":338,"html":"<blockquote class=\"wp-embedded-content\" data-secret=\"UdRVGnDPya\"><a href=\"https:\/\/kuzeyinsesi.org\/index.php\/2024\/08\/19\/gaziverende-2-guz-kultur-sanat-festivali-yapiliyor\/\">Gaziveren\u2019de 2. G\u00fcz K\u00fclt\u00fcr Sanat Festivali yap\u0131l\u0131yor<\/a><\/blockquote><iframe sandbox=\"allow-scripts\" security=\"restricted\" src=\"https:\/\/kuzeyinsesi.org\/index.php\/2024\/08\/19\/gaziverende-2-guz-kultur-sanat-festivali-yapiliyor\/embed\/#?secret=UdRVGnDPya\" width=\"600\" height=\"338\" title=\"&#8220;Gaziveren\u2019de 2. G\u00fcz K\u00fclt\u00fcr Sanat Festivali yap\u0131l\u0131yor&#8221; &#8212; Kuzeyin Sesi\" data-secret=\"UdRVGnDPya\" frameborder=\"0\" marginwidth=\"0\" marginheight=\"0\" scrolling=\"no\" class=\"wp-embedded-content\"><\/iframe><script type=\"text\/javascript\">\n\/* <![CDATA[ *\/\n\/*! This file is auto-generated *\/\n!function(d,l){\"use strict\";l.querySelector&&d.addEventListener&&\"undefined\"!=typeof URL&&(d.wp=d.wp||{},d.wp.receiveEmbedMessage||(d.wp.receiveEmbedMessage=function(e){var t=e.data;if((t||t.secret||t.message||t.value)&&!\/[^a-zA-Z0-9]\/.test(t.secret)){for(var s,r,n,a=l.querySelectorAll('iframe[data-secret=\"'+t.secret+'\"]'),o=l.querySelectorAll('blockquote[data-secret=\"'+t.secret+'\"]'),c=new RegExp(\"^https?:$\",\"i\"),i=0;i<o.length;i++)o[i].style.display=\"none\";for(i=0;i<a.length;i++)s=a[i],e.source===s.contentWindow&&(s.removeAttribute(\"style\"),\"height\"===t.message?(1e3<(r=parseInt(t.value,10))?r=1e3:~~r<200&&(r=200),s.height=r):\"link\"===t.message&&(r=new URL(s.getAttribute(\"src\")),n=new URL(t.value),c.test(n.protocol))&&n.host===r.host&&l.activeElement===s&&(d.top.location.href=t.value))}},d.addEventListener(\"message\",d.wp.receiveEmbedMessage,!1),l.addEventListener(\"DOMContentLoaded\",function(){for(var e,t,s=l.querySelectorAll(\"iframe.wp-embedded-content\"),r=0;r<s.length;r++)(t=(e=s[r]).getAttribute(\"data-secret\"))||(t=Math.random().toString(36).substring(2,12),e.src+=\"#?secret=\"+t,e.setAttribute(\"data-secret\",t)),e.contentWindow.postMessage({message:\"ready\",secret:t},\"*\")},!1)))}(window,document);\n\/\/# sourceURL=https:\/\/kuzeyinsesi.org\/wp-includes\/js\/wp-embed.min.js\n\/* ]]> *\/\n<\/script>\n","thumbnail_url":"https:\/\/brtk.net\/wp-content\/uploads\/2024\/08\/19\/gaziveren-festival-2.jpg?ver=c568b782c7b7553bdab1df3f9593c4d9","thumbnail_width":581,"thumbnail_height":725,"description":"Gaziveren\u2019de, 30 A\u011fustos-1 Eyl\u00fcl tarihlerinde 2. G\u00fcz Sanat Festivali yap\u0131l\u0131yor. Lefke Belediyesi ve sponsorlar\u0131n deste\u011fiyle, Gaziverenliler Derne\u011fi (GA-DER) ve Gaziveren Muhtarl\u0131\u011f\u0131 taraf\u0131ndan d\u00fczenlenen 3 g\u00fcnl\u00fck K\u00fclt\u00fcr Sanat Festivali\u2019nde dans g\u00f6sterileri, konserler, tavla turnuvas\u0131 ve tombala gibi etkinlikler yer alacak. Organizasyondan verilen bilgiye g\u00f6re, 30 A\u011fustos Cuma g\u00fcn\u00fc saat 19.00\u2019da kortej ile ba\u015flayacak Festival\u2019in program\u0131 \u015fu [&hellip;]"}