{"version":"1.0","provider_name":"Kuzeyin Sesi","provider_url":"https:\/\/kuzeyinsesi.org","author_name":"Kuzeyin Sesi","author_url":"https:\/\/kuzeyinsesi.org\/index.php\/author\/guven\/","title":"Frans\u0131z akt\u00f6r Alain Delon hayat\u0131n\u0131 kaybetti - Kuzeyin Sesi","type":"rich","width":600,"height":338,"html":"<blockquote class=\"wp-embedded-content\" data-secret=\"N5w4yRZBoX\"><a href=\"https:\/\/kuzeyinsesi.org\/index.php\/2024\/08\/18\/fransiz-aktor-alain-delon-hayatini-kaybetti\/\">Frans\u0131z akt\u00f6r Alain Delon hayat\u0131n\u0131 kaybetti<\/a><\/blockquote><iframe sandbox=\"allow-scripts\" security=\"restricted\" src=\"https:\/\/kuzeyinsesi.org\/index.php\/2024\/08\/18\/fransiz-aktor-alain-delon-hayatini-kaybetti\/embed\/#?secret=N5w4yRZBoX\" width=\"600\" height=\"338\" title=\"&#8220;Frans\u0131z akt\u00f6r Alain Delon hayat\u0131n\u0131 kaybetti&#8221; &#8212; Kuzeyin Sesi\" data-secret=\"N5w4yRZBoX\" frameborder=\"0\" marginwidth=\"0\" marginheight=\"0\" scrolling=\"no\" class=\"wp-embedded-content\"><\/iframe><script type=\"text\/javascript\">\n\/* <![CDATA[ *\/\n\/*! This file is auto-generated *\/\n!function(d,l){\"use strict\";l.querySelector&&d.addEventListener&&\"undefined\"!=typeof URL&&(d.wp=d.wp||{},d.wp.receiveEmbedMessage||(d.wp.receiveEmbedMessage=function(e){var t=e.data;if((t||t.secret||t.message||t.value)&&!\/[^a-zA-Z0-9]\/.test(t.secret)){for(var s,r,n,a=l.querySelectorAll('iframe[data-secret=\"'+t.secret+'\"]'),o=l.querySelectorAll('blockquote[data-secret=\"'+t.secret+'\"]'),c=new RegExp(\"^https?:$\",\"i\"),i=0;i<o.length;i++)o[i].style.display=\"none\";for(i=0;i<a.length;i++)s=a[i],e.source===s.contentWindow&&(s.removeAttribute(\"style\"),\"height\"===t.message?(1e3<(r=parseInt(t.value,10))?r=1e3:~~r<200&&(r=200),s.height=r):\"link\"===t.message&&(r=new URL(s.getAttribute(\"src\")),n=new URL(t.value),c.test(n.protocol))&&n.host===r.host&&l.activeElement===s&&(d.top.location.href=t.value))}},d.addEventListener(\"message\",d.wp.receiveEmbedMessage,!1),l.addEventListener(\"DOMContentLoaded\",function(){for(var e,t,s=l.querySelectorAll(\"iframe.wp-embedded-content\"),r=0;r<s.length;r++)(t=(e=s[r]).getAttribute(\"data-secret\"))||(t=Math.random().toString(36).substring(2,12),e.src+=\"#?secret=\"+t,e.setAttribute(\"data-secret\",t)),e.contentWindow.postMessage({message:\"ready\",secret:t},\"*\")},!1)))}(window,document);\n\/\/# sourceURL=https:\/\/kuzeyinsesi.org\/wp-includes\/js\/wp-embed.min.js\n\/* ]]> *\/\n<\/script>\n","thumbnail_url":"https:\/\/brtk.net\/wp-content\/uploads\/2024\/08\/18\/ekonomist-76.png?ver=6f495c59f00137f1e52901a6f6cb61f8","thumbnail_width":600,"thumbnail_height":338,"description":"Frans\u0131z sinemas\u0131n\u0131n efsane isimlerimden olan Alain Delon\u2019dan k\u00f6t\u00fc haber geldi. 88 ya\u015f\u0131ndaki d\u00fcnyaca \u00fcnl\u00fc akt\u00f6r Alain Delon hayat\u0131n\u0131 kaybetti. Alain Delon\u2019un \u00e7ocuklar\u0131n\u0131n AFP ajans\u0131na bildirdi\u011fine g\u00f6re\u00a0Frans\u0131z sinemas\u0131n\u0131n alt\u0131n \u00e7a\u011f\u0131n\u0131n y\u0131ld\u0131z ismi 88 ya\u015f\u0131nda hayat\u0131n\u0131 kaybetti. \u00dc\u00e7 \u00e7ocu\u011funun AFP\u2019ye yapt\u0131klar\u0131 a\u00e7\u0131klamada babalar\u0131n\u0131n hastal\u0131kla m\u00fccadelesinin ard\u0131ndan \u00f6ld\u00fc\u011f\u00fc bildirildi.\u00a0 A\u00e7\u0131klamada,\u00a0\u201cAlain Fabien, Anouchka, Anthony ve k\u00f6pe\u011fi Loubo, babalar\u0131n\u0131n vefat\u0131n\u0131 [&hellip;]"}