{"version":"1.0","provider_name":"Kuzeyin Sesi","provider_url":"https:\/\/kuzeyinsesi.org","author_name":"Kuzeyin Sesi","author_url":"https:\/\/kuzeyinsesi.org\/index.php\/author\/guven\/","title":"1. Kaleburnu K\u00fclt\u00fcr ve Sanat Etkinli\u011fi yar\u0131n yap\u0131l\u0131yor - Kuzeyin Sesi","type":"rich","width":600,"height":338,"html":"<blockquote class=\"wp-embedded-content\" data-secret=\"NKWMigTrgn\"><a href=\"https:\/\/kuzeyinsesi.org\/index.php\/2024\/08\/17\/1-kaleburnu-kultur-ve-sanat-etkinligi-yarin-yapiliyor\/\">1. Kaleburnu K\u00fclt\u00fcr ve Sanat Etkinli\u011fi yar\u0131n yap\u0131l\u0131yor<\/a><\/blockquote><iframe sandbox=\"allow-scripts\" security=\"restricted\" src=\"https:\/\/kuzeyinsesi.org\/index.php\/2024\/08\/17\/1-kaleburnu-kultur-ve-sanat-etkinligi-yarin-yapiliyor\/embed\/#?secret=NKWMigTrgn\" width=\"600\" height=\"338\" title=\"&#8220;1. Kaleburnu K\u00fclt\u00fcr ve Sanat Etkinli\u011fi yar\u0131n yap\u0131l\u0131yor&#8221; &#8212; Kuzeyin Sesi\" data-secret=\"NKWMigTrgn\" frameborder=\"0\" marginwidth=\"0\" marginheight=\"0\" scrolling=\"no\" class=\"wp-embedded-content\"><\/iframe><script type=\"text\/javascript\">\n\/* <![CDATA[ *\/\n\/*! This file is auto-generated *\/\n!function(d,l){\"use strict\";l.querySelector&&d.addEventListener&&\"undefined\"!=typeof URL&&(d.wp=d.wp||{},d.wp.receiveEmbedMessage||(d.wp.receiveEmbedMessage=function(e){var t=e.data;if((t||t.secret||t.message||t.value)&&!\/[^a-zA-Z0-9]\/.test(t.secret)){for(var s,r,n,a=l.querySelectorAll('iframe[data-secret=\"'+t.secret+'\"]'),o=l.querySelectorAll('blockquote[data-secret=\"'+t.secret+'\"]'),c=new RegExp(\"^https?:$\",\"i\"),i=0;i<o.length;i++)o[i].style.display=\"none\";for(i=0;i<a.length;i++)s=a[i],e.source===s.contentWindow&&(s.removeAttribute(\"style\"),\"height\"===t.message?(1e3<(r=parseInt(t.value,10))?r=1e3:~~r<200&&(r=200),s.height=r):\"link\"===t.message&&(r=new URL(s.getAttribute(\"src\")),n=new URL(t.value),c.test(n.protocol))&&n.host===r.host&&l.activeElement===s&&(d.top.location.href=t.value))}},d.addEventListener(\"message\",d.wp.receiveEmbedMessage,!1),l.addEventListener(\"DOMContentLoaded\",function(){for(var e,t,s=l.querySelectorAll(\"iframe.wp-embedded-content\"),r=0;r<s.length;r++)(t=(e=s[r]).getAttribute(\"data-secret\"))||(t=Math.random().toString(36).substring(2,12),e.src+=\"#?secret=\"+t,e.setAttribute(\"data-secret\",t)),e.contentWindow.postMessage({message:\"ready\",secret:t},\"*\")},!1)))}(window,document);\n\/\/# sourceURL=https:\/\/kuzeyinsesi.org\/wp-includes\/js\/wp-embed.min.js\n\/* ]]> *\/\n<\/script>\n","thumbnail_url":"https:\/\/brtk.net\/wp-content\/uploads\/2024\/08\/17\/kaleburnu-festival-.jpeg?ver=0f0a62186172b62256863128f2c3b88a","thumbnail_width":600,"thumbnail_height":355,"description":"Erenk\u00f6y-Karpaz Belediyesi\u2019nin organize etti\u011fi 1. Kaleburnu K\u00fclt\u00fcr ve Sanat Etkinli\u011fi, yar\u0131n saat 19.30\u2019da Kaleburnu D\u00fc\u011f\u00fcn Salonu\u2019nda ger\u00e7ekle\u015ftirilecek. Belediye\u2019den verilen bilgiye g\u00f6re, tarihi ve k\u00fclt\u00fcrel dokusuyla \u00fclkenin \u00f6nemli yerle\u015fim yerlerinden Kaleburnu k\u00f6y\u00fcndeki etkinlikte, K\u0131br\u0131s Halk Danslar\u0131 ve Sanat Merkezi Derne\u011fi\u2019nin organize etti\u011fi XI. Uluslararas\u0131 Halk Danslar\u0131 Bar\u0131\u015f Festivali \u00e7er\u00e7evesinde adada bulunan halk danslar\u0131 ekiplerinin g\u00f6sterileri de [&hellip;]"}