{"version":"1.0","provider_name":"Kuzeyin Sesi","provider_url":"https:\/\/kuzeyinsesi.org","author_name":"Kuzeyin Sesi","author_url":"https:\/\/kuzeyinsesi.org\/index.php\/author\/guven\/","title":"62. Geleneksel Mehmet\u00e7ik \u00dcz\u00fcm Festivali sona erdi - Kuzeyin Sesi","type":"rich","width":600,"height":338,"html":"<blockquote class=\"wp-embedded-content\" data-secret=\"fJi1Sqkqz0\"><a href=\"https:\/\/kuzeyinsesi.org\/index.php\/2024\/08\/12\/62-geleneksel-mehmetcik-uzum-festivali-sona-erdi\/\">62. Geleneksel Mehmet\u00e7ik \u00dcz\u00fcm Festivali sona erdi<\/a><\/blockquote><iframe sandbox=\"allow-scripts\" security=\"restricted\" src=\"https:\/\/kuzeyinsesi.org\/index.php\/2024\/08\/12\/62-geleneksel-mehmetcik-uzum-festivali-sona-erdi\/embed\/#?secret=fJi1Sqkqz0\" width=\"600\" height=\"338\" title=\"&#8220;62. Geleneksel Mehmet\u00e7ik \u00dcz\u00fcm Festivali sona erdi&#8221; &#8212; Kuzeyin Sesi\" data-secret=\"fJi1Sqkqz0\" frameborder=\"0\" marginwidth=\"0\" marginheight=\"0\" scrolling=\"no\" class=\"wp-embedded-content\"><\/iframe><script type=\"text\/javascript\">\n\/* <![CDATA[ *\/\n\/*! This file is auto-generated *\/\n!function(d,l){\"use strict\";l.querySelector&&d.addEventListener&&\"undefined\"!=typeof URL&&(d.wp=d.wp||{},d.wp.receiveEmbedMessage||(d.wp.receiveEmbedMessage=function(e){var t=e.data;if((t||t.secret||t.message||t.value)&&!\/[^a-zA-Z0-9]\/.test(t.secret)){for(var s,r,n,a=l.querySelectorAll('iframe[data-secret=\"'+t.secret+'\"]'),o=l.querySelectorAll('blockquote[data-secret=\"'+t.secret+'\"]'),c=new RegExp(\"^https?:$\",\"i\"),i=0;i<o.length;i++)o[i].style.display=\"none\";for(i=0;i<a.length;i++)s=a[i],e.source===s.contentWindow&&(s.removeAttribute(\"style\"),\"height\"===t.message?(1e3<(r=parseInt(t.value,10))?r=1e3:~~r<200&&(r=200),s.height=r):\"link\"===t.message&&(r=new URL(s.getAttribute(\"src\")),n=new URL(t.value),c.test(n.protocol))&&n.host===r.host&&l.activeElement===s&&(d.top.location.href=t.value))}},d.addEventListener(\"message\",d.wp.receiveEmbedMessage,!1),l.addEventListener(\"DOMContentLoaded\",function(){for(var e,t,s=l.querySelectorAll(\"iframe.wp-embedded-content\"),r=0;r<s.length;r++)(t=(e=s[r]).getAttribute(\"data-secret\"))||(t=Math.random().toString(36).substring(2,12),e.src+=\"#?secret=\"+t,e.setAttribute(\"data-secret\",t)),e.contentWindow.postMessage({message:\"ready\",secret:t},\"*\")},!1)))}(window,document);\n\/\/# sourceURL=https:\/\/kuzeyinsesi.org\/wp-includes\/js\/wp-embed.min.js\n\/* ]]> *\/\n<\/script>\n","thumbnail_url":"https:\/\/brtk.net\/wp-content\/uploads\/2024\/08\/12\/swsdassdka.jpg?ver=51135a4c39aaab062c0a27a8a8bef2ff","thumbnail_width":600,"thumbnail_height":264,"description":"\u00dcz\u00fcm ve \u00fcz\u00fcm \u00fcr\u00fcnlerinin \u00f6n plana \u00e7\u0131kar\u0131ld\u0131\u011f\u0131 62. Geleneksel Mehmet\u00e7ik\u00dcz\u00fcm Festivali sona erdi. Mehmet\u00e7ik B\u00fcy\u00fckkonuk Belediyesi taraf\u0131ndan d\u00fczenlenen Festivalin song\u00fcn\u00fcnde sevilen sanat\u00e7\u0131 \u0130rem Derici sahne ald\u0131. Derici performans\u0131 ile be\u011feni toplad\u0131."}