{"version":"1.0","provider_name":"Kuzeyin Sesi","provider_url":"https:\/\/kuzeyinsesi.org","author_name":"Kuzeyin Sesi","author_url":"https:\/\/kuzeyinsesi.org\/index.php\/author\/guven\/","title":"Do\u011fanc\u0131\u2019da bu ak\u015fam \u00c7elik konseri var - Kuzeyin Sesi","type":"rich","width":600,"height":338,"html":"<blockquote class=\"wp-embedded-content\" data-secret=\"CQv5RP39Kw\"><a href=\"https:\/\/kuzeyinsesi.org\/index.php\/2024\/08\/10\/dogancida-bu-aksam-celik-konseri-var\/\">Do\u011fanc\u0131\u2019da bu ak\u015fam \u00c7elik konseri var<\/a><\/blockquote><iframe sandbox=\"allow-scripts\" security=\"restricted\" src=\"https:\/\/kuzeyinsesi.org\/index.php\/2024\/08\/10\/dogancida-bu-aksam-celik-konseri-var\/embed\/#?secret=CQv5RP39Kw\" width=\"600\" height=\"338\" title=\"&#8220;Do\u011fanc\u0131\u2019da bu ak\u015fam \u00c7elik konseri var&#8221; &#8212; Kuzeyin Sesi\" data-secret=\"CQv5RP39Kw\" frameborder=\"0\" marginwidth=\"0\" marginheight=\"0\" scrolling=\"no\" class=\"wp-embedded-content\"><\/iframe><script type=\"text\/javascript\">\n\/* <![CDATA[ *\/\n\/*! This file is auto-generated *\/\n!function(d,l){\"use strict\";l.querySelector&&d.addEventListener&&\"undefined\"!=typeof URL&&(d.wp=d.wp||{},d.wp.receiveEmbedMessage||(d.wp.receiveEmbedMessage=function(e){var t=e.data;if((t||t.secret||t.message||t.value)&&!\/[^a-zA-Z0-9]\/.test(t.secret)){for(var s,r,n,a=l.querySelectorAll('iframe[data-secret=\"'+t.secret+'\"]'),o=l.querySelectorAll('blockquote[data-secret=\"'+t.secret+'\"]'),c=new RegExp(\"^https?:$\",\"i\"),i=0;i<o.length;i++)o[i].style.display=\"none\";for(i=0;i<a.length;i++)s=a[i],e.source===s.contentWindow&&(s.removeAttribute(\"style\"),\"height\"===t.message?(1e3<(r=parseInt(t.value,10))?r=1e3:~~r<200&&(r=200),s.height=r):\"link\"===t.message&&(r=new URL(s.getAttribute(\"src\")),n=new URL(t.value),c.test(n.protocol))&&n.host===r.host&&l.activeElement===s&&(d.top.location.href=t.value))}},d.addEventListener(\"message\",d.wp.receiveEmbedMessage,!1),l.addEventListener(\"DOMContentLoaded\",function(){for(var e,t,s=l.querySelectorAll(\"iframe.wp-embedded-content\"),r=0;r<s.length;r++)(t=(e=s[r]).getAttribute(\"data-secret\"))||(t=Math.random().toString(36).substring(2,12),e.src+=\"#?secret=\"+t,e.setAttribute(\"data-secret\",t)),e.contentWindow.postMessage({message:\"ready\",secret:t},\"*\")},!1)))}(window,document);\n\/\/# sourceURL=https:\/\/kuzeyinsesi.org\/wp-includes\/js\/wp-embed.min.js\n\/* ]]> *\/\n<\/script>\n","thumbnail_url":"https:\/\/brtk.net\/wp-content\/uploads\/2024\/08\/10\/qg.jpg?ver=f66d0473d192fb164a802937416b3196","thumbnail_width":600,"thumbnail_height":533,"description":"7. Do\u011fanc\u0131 Karpuz K\u00fclt\u00fcr ve Sanat Festivali\u2019nde bu ak\u015fam T\u00fcrkiye\u2019nin \u00fcnl\u00fc pop sanat\u00e7\u0131s\u0131 \u00c7elik sahne alacak. Do\u011fanc\u0131 Kalk\u0131nd\u0131rma Derne\u011fi (DOKAD) ev sahipli\u011finde, Lefke Belediyesi\u2019nin katk\u0131lar\u0131, Do\u011fanc\u0131 Kooperatif Kredi \u015eirketi\u2019nin deste\u011fi ve Alpcans ana sponsorlu\u011funda d\u00fczenlenen festival sahne alacak \u00c7elik\u2019in konseri saat 22.00\u2019de ba\u015flayacak. Do\u011fanc\u0131 Kalk\u0131nd\u0131rma Derne\u011fi\u2019nden verilen bilgiye g\u00f6re, festivalde bu ak\u015fam ayr\u0131ca Alsancak Belediyesi [&hellip;]"}