{"version":"1.0","provider_name":"Kuzeyin Sesi","provider_url":"https:\/\/kuzeyinsesi.org","author_name":"Kuzeyin Sesi","author_url":"https:\/\/kuzeyinsesi.org\/index.php\/author\/guven\/","title":"Yenibo\u011fazi\u00e7i Pulya Festivali ba\u015fl\u0131yor - Kuzeyin Sesi","type":"rich","width":600,"height":338,"html":"<blockquote class=\"wp-embedded-content\" data-secret=\"rizxVSJc6w\"><a href=\"https:\/\/kuzeyinsesi.org\/index.php\/2024\/08\/07\/yenibogazici-pulya-festivali-basliyor\/\">Yenibo\u011fazi\u00e7i Pulya Festivali ba\u015fl\u0131yor<\/a><\/blockquote><iframe sandbox=\"allow-scripts\" security=\"restricted\" src=\"https:\/\/kuzeyinsesi.org\/index.php\/2024\/08\/07\/yenibogazici-pulya-festivali-basliyor\/embed\/#?secret=rizxVSJc6w\" width=\"600\" height=\"338\" title=\"&#8220;Yenibo\u011fazi\u00e7i Pulya Festivali ba\u015fl\u0131yor&#8221; &#8212; Kuzeyin Sesi\" data-secret=\"rizxVSJc6w\" frameborder=\"0\" marginwidth=\"0\" marginheight=\"0\" scrolling=\"no\" class=\"wp-embedded-content\"><\/iframe><script type=\"text\/javascript\">\n\/* <![CDATA[ *\/\n\/*! This file is auto-generated *\/\n!function(d,l){\"use strict\";l.querySelector&&d.addEventListener&&\"undefined\"!=typeof URL&&(d.wp=d.wp||{},d.wp.receiveEmbedMessage||(d.wp.receiveEmbedMessage=function(e){var t=e.data;if((t||t.secret||t.message||t.value)&&!\/[^a-zA-Z0-9]\/.test(t.secret)){for(var s,r,n,a=l.querySelectorAll('iframe[data-secret=\"'+t.secret+'\"]'),o=l.querySelectorAll('blockquote[data-secret=\"'+t.secret+'\"]'),c=new RegExp(\"^https?:$\",\"i\"),i=0;i<o.length;i++)o[i].style.display=\"none\";for(i=0;i<a.length;i++)s=a[i],e.source===s.contentWindow&&(s.removeAttribute(\"style\"),\"height\"===t.message?(1e3<(r=parseInt(t.value,10))?r=1e3:~~r<200&&(r=200),s.height=r):\"link\"===t.message&&(r=new URL(s.getAttribute(\"src\")),n=new URL(t.value),c.test(n.protocol))&&n.host===r.host&&l.activeElement===s&&(d.top.location.href=t.value))}},d.addEventListener(\"message\",d.wp.receiveEmbedMessage,!1),l.addEventListener(\"DOMContentLoaded\",function(){for(var e,t,s=l.querySelectorAll(\"iframe.wp-embedded-content\"),r=0;r<s.length;r++)(t=(e=s[r]).getAttribute(\"data-secret\"))||(t=Math.random().toString(36).substring(2,12),e.src+=\"#?secret=\"+t,e.setAttribute(\"data-secret\",t)),e.contentWindow.postMessage({message:\"ready\",secret:t},\"*\")},!1)))}(window,document);\n\/\/# sourceURL=https:\/\/kuzeyinsesi.org\/wp-includes\/js\/wp-embed.min.js\n\/* ]]> *\/\n<\/script>\n","thumbnail_url":"https:\/\/brtk.net\/wp-content\/uploads\/2024\/08\/07\/pulyaaa.jpg?ver=22f2c22d98e55552041e5c82586e74da","thumbnail_width":600,"thumbnail_height":256,"description":"16-25 A\u011fustos tarihlerinde yap\u0131lacak 13\u2019\u00fcnc\u00fc Pulya Festivali ve 4\u2019\u00fcnc\u00fc Uluslararas\u0131 Halk Danslar\u0131 Festivali\u2019nin programlar\u0131 bas\u0131n toplant\u0131s\u0131yla duyuruldu. Bas\u0131n toplant\u0131s\u0131nda Yenibo\u011fazi\u00e7i Belediye Ba\u015fkan\u0131 Katip Demir, festivalle ilgili bilgiler verdi. Katip Demir, halk\u0131n festivali \u00e7ok \u00f6zledi\u011fini belirterek, t\u00fcm halk\u0131 festivale davet etti. Pulya Festivali Komite Ba\u015fkan\u0131 Atalay Talaykurt da, \u015eampiyon Melekler ad\u0131na yap\u0131lacak olan Levent Y\u00fcksel konserinin [&hellip;]"}