{"version":"1.0","provider_name":"Kuzeyin Sesi","provider_url":"https:\/\/kuzeyinsesi.org","author_name":"Kuzeyin Sesi","author_url":"https:\/\/kuzeyinsesi.org\/index.php\/author\/guven\/","title":"Cumhurba\u015fkan\u0131 Tatar sanat\u00e7\u0131 Ay\u015feg\u00fcl Zaim\u2019i kabul etti - Kuzeyin Sesi","type":"rich","width":600,"height":338,"html":"<blockquote class=\"wp-embedded-content\" data-secret=\"AeG0wDlOq5\"><a href=\"https:\/\/kuzeyinsesi.org\/index.php\/2024\/08\/02\/cumhurbaskani-tatar-sanatci-aysegul-zaimi-kabul-etti\/\">Cumhurba\u015fkan\u0131 Tatar sanat\u00e7\u0131 Ay\u015feg\u00fcl Zaim\u2019i kabul etti<\/a><\/blockquote><iframe sandbox=\"allow-scripts\" security=\"restricted\" src=\"https:\/\/kuzeyinsesi.org\/index.php\/2024\/08\/02\/cumhurbaskani-tatar-sanatci-aysegul-zaimi-kabul-etti\/embed\/#?secret=AeG0wDlOq5\" width=\"600\" height=\"338\" title=\"&#8220;Cumhurba\u015fkan\u0131 Tatar sanat\u00e7\u0131 Ay\u015feg\u00fcl Zaim\u2019i kabul etti&#8221; &#8212; Kuzeyin Sesi\" data-secret=\"AeG0wDlOq5\" frameborder=\"0\" marginwidth=\"0\" marginheight=\"0\" scrolling=\"no\" class=\"wp-embedded-content\"><\/iframe><script type=\"text\/javascript\">\n\/* <![CDATA[ *\/\n\/*! This file is auto-generated *\/\n!function(d,l){\"use strict\";l.querySelector&&d.addEventListener&&\"undefined\"!=typeof URL&&(d.wp=d.wp||{},d.wp.receiveEmbedMessage||(d.wp.receiveEmbedMessage=function(e){var t=e.data;if((t||t.secret||t.message||t.value)&&!\/[^a-zA-Z0-9]\/.test(t.secret)){for(var s,r,n,a=l.querySelectorAll('iframe[data-secret=\"'+t.secret+'\"]'),o=l.querySelectorAll('blockquote[data-secret=\"'+t.secret+'\"]'),c=new RegExp(\"^https?:$\",\"i\"),i=0;i<o.length;i++)o[i].style.display=\"none\";for(i=0;i<a.length;i++)s=a[i],e.source===s.contentWindow&&(s.removeAttribute(\"style\"),\"height\"===t.message?(1e3<(r=parseInt(t.value,10))?r=1e3:~~r<200&&(r=200),s.height=r):\"link\"===t.message&&(r=new URL(s.getAttribute(\"src\")),n=new URL(t.value),c.test(n.protocol))&&n.host===r.host&&l.activeElement===s&&(d.top.location.href=t.value))}},d.addEventListener(\"message\",d.wp.receiveEmbedMessage,!1),l.addEventListener(\"DOMContentLoaded\",function(){for(var e,t,s=l.querySelectorAll(\"iframe.wp-embedded-content\"),r=0;r<s.length;r++)(t=(e=s[r]).getAttribute(\"data-secret\"))||(t=Math.random().toString(36).substring(2,12),e.src+=\"#?secret=\"+t,e.setAttribute(\"data-secret\",t)),e.contentWindow.postMessage({message:\"ready\",secret:t},\"*\")},!1)))}(window,document);\n\/\/# sourceURL=https:\/\/kuzeyinsesi.org\/wp-includes\/js\/wp-embed.min.js\n\/* ]]> *\/\n<\/script>\n","thumbnail_url":"https:\/\/brtk.net\/wp-content\/uploads\/2024\/08\/02\/az.jpg?ver=cb2ee742e9f0a342cb5878796993e500","thumbnail_width":600,"thumbnail_height":333,"description":"Cumhurba\u015fkan\u0131 Ersin Tatar, sanat\u00e7\u0131 Ay\u015feg\u00fcl Zaim\u2019i kabul etti. Cumhurba\u015fkanl\u0131\u011f\u0131\u2019ndan yap\u0131lan a\u00e7\u0131klamaya g\u00f6re, Cumhurba\u015fkan\u0131 Tatar, sanat alan\u0131nda yeni \u00e7al\u0131\u015fmalara imza atan Ay\u015feg\u00fcl Zaim\u2019in ba\u015far\u0131lar\u0131n\u0131 yak\u0131ndan takip etti\u011fini ifade ederek, sanat alan\u0131nda yakalad\u0131\u011f\u0131 ba\u015far\u0131n\u0131n gurur verici oldu\u011funu belirtti. Bu t\u00fcr ba\u015far\u0131lar\u0131n, gelecek nesillere \u00f6rnek te\u015fkil etmesi temennisinde bulunan Cumhurba\u015fkan\u0131 Tatar, Ay\u015feg\u00fcl Zaim\u2019e ileriki \u00e7al\u0131\u015fmalar\u0131nda ba\u015far\u0131lar diledi. \u201cVarl\u0131\u011f\u0131m\u0131z\u0131n [&hellip;]"}