{"version":"1.0","provider_name":"Kuzeyin Sesi","provider_url":"https:\/\/kuzeyinsesi.org","author_name":"Kuzeyin Sesi","author_url":"https:\/\/kuzeyinsesi.org\/index.php\/author\/guven\/","title":"15. Lefko\u015fa Gen\u00e7lik G\u00fcnleri Sokak konseriyle ba\u015flad\u0131 - Kuzeyin Sesi","type":"rich","width":600,"height":338,"html":"<blockquote class=\"wp-embedded-content\" data-secret=\"Ye78cwrszw\"><a href=\"https:\/\/kuzeyinsesi.org\/index.php\/2024\/08\/02\/15-lefkosa-genclik-gunleri-sokak-konseriyle-basladi\/\">15. Lefko\u015fa Gen\u00e7lik G\u00fcnleri Sokak konseriyle ba\u015flad\u0131<\/a><\/blockquote><iframe sandbox=\"allow-scripts\" security=\"restricted\" src=\"https:\/\/kuzeyinsesi.org\/index.php\/2024\/08\/02\/15-lefkosa-genclik-gunleri-sokak-konseriyle-basladi\/embed\/#?secret=Ye78cwrszw\" width=\"600\" height=\"338\" title=\"&#8220;15. Lefko\u015fa Gen\u00e7lik G\u00fcnleri Sokak konseriyle ba\u015flad\u0131&#8221; &#8212; Kuzeyin Sesi\" data-secret=\"Ye78cwrszw\" frameborder=\"0\" marginwidth=\"0\" marginheight=\"0\" scrolling=\"no\" class=\"wp-embedded-content\"><\/iframe><script type=\"text\/javascript\">\n\/* <![CDATA[ *\/\n\/*! This file is auto-generated *\/\n!function(d,l){\"use strict\";l.querySelector&&d.addEventListener&&\"undefined\"!=typeof URL&&(d.wp=d.wp||{},d.wp.receiveEmbedMessage||(d.wp.receiveEmbedMessage=function(e){var t=e.data;if((t||t.secret||t.message||t.value)&&!\/[^a-zA-Z0-9]\/.test(t.secret)){for(var s,r,n,a=l.querySelectorAll('iframe[data-secret=\"'+t.secret+'\"]'),o=l.querySelectorAll('blockquote[data-secret=\"'+t.secret+'\"]'),c=new RegExp(\"^https?:$\",\"i\"),i=0;i<o.length;i++)o[i].style.display=\"none\";for(i=0;i<a.length;i++)s=a[i],e.source===s.contentWindow&&(s.removeAttribute(\"style\"),\"height\"===t.message?(1e3<(r=parseInt(t.value,10))?r=1e3:~~r<200&&(r=200),s.height=r):\"link\"===t.message&&(r=new URL(s.getAttribute(\"src\")),n=new URL(t.value),c.test(n.protocol))&&n.host===r.host&&l.activeElement===s&&(d.top.location.href=t.value))}},d.addEventListener(\"message\",d.wp.receiveEmbedMessage,!1),l.addEventListener(\"DOMContentLoaded\",function(){for(var e,t,s=l.querySelectorAll(\"iframe.wp-embedded-content\"),r=0;r<s.length;r++)(t=(e=s[r]).getAttribute(\"data-secret\"))||(t=Math.random().toString(36).substring(2,12),e.src+=\"#?secret=\"+t,e.setAttribute(\"data-secret\",t)),e.contentWindow.postMessage({message:\"ready\",secret:t},\"*\")},!1)))}(window,document);\n\/\/# sourceURL=https:\/\/kuzeyinsesi.org\/wp-includes\/js\/wp-embed.min.js\n\/* ]]> *\/\n<\/script>\n","thumbnail_url":"https:\/\/brtk.net\/wp-content\/uploads\/2024\/08\/02\/agwpodag.jpg?ver=b6bca3896950cdfc9b5b50c6eb72042a","thumbnail_width":600,"thumbnail_height":302,"description":"HASDER Gen\u00e7lik Kul\u00fcb\u00fc, \u201c12 A\u011fustos Uluslararas\u0131 Gen\u00e7lik G\u00fcn\u00fc\u201d nedeniyle etkinlikler d\u00fczenliyor. HASDER\u2019den yap\u0131lan yaz\u0131l\u0131 a\u00e7\u0131klamaya g\u00f6re BM taraf\u0131ndan bu y\u0131l temas\u0131 \u201cS\u00fcrd\u00fcr\u00fclebilir Kalk\u0131nma \u0130\u00e7in Gen\u00e7lerin Dijital Yollar\u0131\u201d olarak belirlenen Gen\u00e7lik G\u00fcnleri d\u00fcn Zahra Sokak\u2019ta d\u00fczenlenen, gen\u00e7 m\u00fczisyenlerin sahne ald\u0131\u011f\u0131 \u201cSokak Konseri\u201d ile ba\u015flad\u0131. K\u00fclt\u00fcr Dairesi\u2019nin katk\u0131lar\u0131yla d\u00fczenlenen etkinlikler kapsam\u0131nda yar\u0131n saat 18.30\u2019da \u201cVelesbitnan Surlari\u00e7i K\u00fclt\u00fcr [&hellip;]"}