{"version":"1.0","provider_name":"Kuzeyin Sesi","provider_url":"https:\/\/kuzeyinsesi.org","author_name":"Kuzeyin Sesi","author_url":"https:\/\/kuzeyinsesi.org\/index.php\/author\/guven\/","title":"G\u00fczel Sanatlar Temmuz Sergisi per\u015fembe g\u00fcn\u00fc a\u00e7\u0131lacak - Kuzeyin Sesi","type":"rich","width":600,"height":338,"html":"<blockquote class=\"wp-embedded-content\" data-secret=\"2Ti0RlTDkL\"><a href=\"https:\/\/kuzeyinsesi.org\/index.php\/2024\/07\/24\/guzel-sanatlar-temmuz-sergisi-persembe-gunu-acilacak\/\">G\u00fczel Sanatlar Temmuz Sergisi per\u015fembe g\u00fcn\u00fc a\u00e7\u0131lacak<\/a><\/blockquote><iframe sandbox=\"allow-scripts\" security=\"restricted\" src=\"https:\/\/kuzeyinsesi.org\/index.php\/2024\/07\/24\/guzel-sanatlar-temmuz-sergisi-persembe-gunu-acilacak\/embed\/#?secret=2Ti0RlTDkL\" width=\"600\" height=\"338\" title=\"&#8220;G\u00fczel Sanatlar Temmuz Sergisi per\u015fembe g\u00fcn\u00fc a\u00e7\u0131lacak&#8221; &#8212; Kuzeyin Sesi\" data-secret=\"2Ti0RlTDkL\" frameborder=\"0\" marginwidth=\"0\" marginheight=\"0\" scrolling=\"no\" class=\"wp-embedded-content\"><\/iframe><script type=\"text\/javascript\">\n\/* <![CDATA[ *\/\n\/*! This file is auto-generated *\/\n!function(d,l){\"use strict\";l.querySelector&&d.addEventListener&&\"undefined\"!=typeof URL&&(d.wp=d.wp||{},d.wp.receiveEmbedMessage||(d.wp.receiveEmbedMessage=function(e){var t=e.data;if((t||t.secret||t.message||t.value)&&!\/[^a-zA-Z0-9]\/.test(t.secret)){for(var s,r,n,a=l.querySelectorAll('iframe[data-secret=\"'+t.secret+'\"]'),o=l.querySelectorAll('blockquote[data-secret=\"'+t.secret+'\"]'),c=new RegExp(\"^https?:$\",\"i\"),i=0;i<o.length;i++)o[i].style.display=\"none\";for(i=0;i<a.length;i++)s=a[i],e.source===s.contentWindow&&(s.removeAttribute(\"style\"),\"height\"===t.message?(1e3<(r=parseInt(t.value,10))?r=1e3:~~r<200&&(r=200),s.height=r):\"link\"===t.message&&(r=new URL(s.getAttribute(\"src\")),n=new URL(t.value),c.test(n.protocol))&&n.host===r.host&&l.activeElement===s&&(d.top.location.href=t.value))}},d.addEventListener(\"message\",d.wp.receiveEmbedMessage,!1),l.addEventListener(\"DOMContentLoaded\",function(){for(var e,t,s=l.querySelectorAll(\"iframe.wp-embedded-content\"),r=0;r<s.length;r++)(t=(e=s[r]).getAttribute(\"data-secret\"))||(t=Math.random().toString(36).substring(2,12),e.src+=\"#?secret=\"+t,e.setAttribute(\"data-secret\",t)),e.contentWindow.postMessage({message:\"ready\",secret:t},\"*\")},!1)))}(window,document);\n\/\/# sourceURL=https:\/\/kuzeyinsesi.org\/wp-includes\/js\/wp-embed.min.js\n\/* ]]> *\/\n<\/script>\n","thumbnail_url":"https:\/\/brtk.net\/wp-content\/uploads\/2024\/07\/23\/assdasksadka.jpg?ver=0b740272cff7e12a9d30214233b3aad2","thumbnail_width":600,"thumbnail_height":272,"description":"Yak\u0131n Do\u011fu \u00dcniversitesi (YD\u00dc) G\u00fczel Sanatlar Fak\u00fcltesi\u2019nin \u201cG\u00fczel Sanatlar Temmuz Sergisi\u201d per\u015fembe g\u00fcn\u00fc a\u00e7\u0131lacak. YD\u00dc Atat\u00fcrk K\u00fclt\u00fcr ve Kongre Merkezi Sergi Salonu\u2019nda yer alacak serginin a\u00e7\u0131l\u0131\u015f\u0131n\u0131 Cumhurba\u015fkan\u0131 Ersin Tatar\u2018\u0131n yapmas\u0131 bekleniyor. YD\u00dc\u2019den yap\u0131lan a\u00e7\u0131klamaya g\u00f6re, per\u015fembe g\u00fcn\u00fc saat 17.00\u2019de a\u00e7\u0131lacak sergide, resim, heykel, seramik ve bask\u0131 resim eserleri yer alacak. Sergi, 20 Eyl\u00fcl tarihine kadar [&hellip;]"}