{"version":"1.0","provider_name":"Kuzeyin Sesi","provider_url":"https:\/\/kuzeyinsesi.org","author_name":"Kuzeyin Sesi","author_url":"https:\/\/kuzeyinsesi.org\/index.php\/author\/guven\/","title":"62. Mehmet\u00e7ik \u00dcz\u00fcm Festivali 2-11 A\u011fustos\u2019ta yap\u0131l\u0131yor - Kuzeyin Sesi","type":"rich","width":600,"height":338,"html":"<blockquote class=\"wp-embedded-content\" data-secret=\"7asW1U1Umi\"><a href=\"https:\/\/kuzeyinsesi.org\/index.php\/2024\/07\/24\/62-mehmetcik-uzum-festivali-2-11-agustosta-yapiliyor\/\">62. Mehmet\u00e7ik \u00dcz\u00fcm Festivali 2-11 A\u011fustos\u2019ta yap\u0131l\u0131yor<\/a><\/blockquote><iframe sandbox=\"allow-scripts\" security=\"restricted\" src=\"https:\/\/kuzeyinsesi.org\/index.php\/2024\/07\/24\/62-mehmetcik-uzum-festivali-2-11-agustosta-yapiliyor\/embed\/#?secret=7asW1U1Umi\" width=\"600\" height=\"338\" title=\"&#8220;62. Mehmet\u00e7ik \u00dcz\u00fcm Festivali 2-11 A\u011fustos\u2019ta yap\u0131l\u0131yor&#8221; &#8212; Kuzeyin Sesi\" data-secret=\"7asW1U1Umi\" frameborder=\"0\" marginwidth=\"0\" marginheight=\"0\" scrolling=\"no\" class=\"wp-embedded-content\"><\/iframe><script type=\"text\/javascript\">\n\/* <![CDATA[ *\/\n\/*! This file is auto-generated *\/\n!function(d,l){\"use strict\";l.querySelector&&d.addEventListener&&\"undefined\"!=typeof URL&&(d.wp=d.wp||{},d.wp.receiveEmbedMessage||(d.wp.receiveEmbedMessage=function(e){var t=e.data;if((t||t.secret||t.message||t.value)&&!\/[^a-zA-Z0-9]\/.test(t.secret)){for(var s,r,n,a=l.querySelectorAll('iframe[data-secret=\"'+t.secret+'\"]'),o=l.querySelectorAll('blockquote[data-secret=\"'+t.secret+'\"]'),c=new RegExp(\"^https?:$\",\"i\"),i=0;i<o.length;i++)o[i].style.display=\"none\";for(i=0;i<a.length;i++)s=a[i],e.source===s.contentWindow&&(s.removeAttribute(\"style\"),\"height\"===t.message?(1e3<(r=parseInt(t.value,10))?r=1e3:~~r<200&&(r=200),s.height=r):\"link\"===t.message&&(r=new URL(s.getAttribute(\"src\")),n=new URL(t.value),c.test(n.protocol))&&n.host===r.host&&l.activeElement===s&&(d.top.location.href=t.value))}},d.addEventListener(\"message\",d.wp.receiveEmbedMessage,!1),l.addEventListener(\"DOMContentLoaded\",function(){for(var e,t,s=l.querySelectorAll(\"iframe.wp-embedded-content\"),r=0;r<s.length;r++)(t=(e=s[r]).getAttribute(\"data-secret\"))||(t=Math.random().toString(36).substring(2,12),e.src+=\"#?secret=\"+t,e.setAttribute(\"data-secret\",t)),e.contentWindow.postMessage({message:\"ready\",secret:t},\"*\")},!1)))}(window,document);\n\/\/# sourceURL=https:\/\/kuzeyinsesi.org\/wp-includes\/js\/wp-embed.min.js\n\/* ]]> *\/\n<\/script>\n","thumbnail_url":"https:\/\/brtk.net\/wp-content\/uploads\/2024\/07\/23\/slksks.jpg?ver=9b85743c94be549ee499a96c92c6a94a","thumbnail_width":600,"thumbnail_height":254,"description":"Mehmet\u00e7ik \u00dcz\u00fcm Festivali 2-11 A\u011fustos tarihlerinde yap\u0131l\u0131yor. Festivalde, yerel sanat\u00e7\u0131lar\u0131n yan\u0131 s\u0131ra T\u00fcrkiye\u2019nin \u00fcnl\u00fc sanat\u00e7\u0131s\u0131 \u0130rem Derici de konser verecek. Mehmet\u00e7ik Festival alan\u0131nda yer alacak etkinliklerde, halk danslar\u0131, konserler, \u00dcz\u00fcm Ba\u011f\u0131ndan Sofraya Yemek Yar\u0131\u015fmas\u0131, uluslararas\u0131 g\u00fcre\u015f m\u00fcsabakalar\u0131, modern fans, jimnastik lazer \u015fov ve ate\u015f \u015fovu ve tavla turnuvas\u0131 etkinlikleri yer alacak. -Tu\u011flu: \u201cT\u00fcm K\u0131br\u0131s\u2019\u0131n en [&hellip;]"}