{"version":"1.0","provider_name":"Kuzeyin Sesi","provider_url":"https:\/\/kuzeyinsesi.org","author_name":"Kuzeyin Sesi","author_url":"https:\/\/kuzeyinsesi.org\/index.php\/author\/guven\/","title":"Bekir Kara, do\u011fum g\u00fcn\u00fcnde kendi eseri ile an\u0131ld\u0131 - Kuzeyin Sesi","type":"rich","width":600,"height":338,"html":"<blockquote class=\"wp-embedded-content\" data-secret=\"0GyfmkogoV\"><a href=\"https:\/\/kuzeyinsesi.org\/index.php\/2024\/07\/16\/bekir-kara-dogum-gununde-kendi-eseri-ile-anildi\/\">Bekir Kara, do\u011fum g\u00fcn\u00fcnde kendi eseri ile an\u0131ld\u0131<\/a><\/blockquote><iframe sandbox=\"allow-scripts\" security=\"restricted\" src=\"https:\/\/kuzeyinsesi.org\/index.php\/2024\/07\/16\/bekir-kara-dogum-gununde-kendi-eseri-ile-anildi\/embed\/#?secret=0GyfmkogoV\" width=\"600\" height=\"338\" title=\"&#8220;Bekir Kara, do\u011fum g\u00fcn\u00fcnde kendi eseri ile an\u0131ld\u0131&#8221; &#8212; Kuzeyin Sesi\" data-secret=\"0GyfmkogoV\" frameborder=\"0\" marginwidth=\"0\" marginheight=\"0\" scrolling=\"no\" class=\"wp-embedded-content\"><\/iframe><script type=\"text\/javascript\">\n\/* <![CDATA[ *\/\n\/*! This file is auto-generated *\/\n!function(d,l){\"use strict\";l.querySelector&&d.addEventListener&&\"undefined\"!=typeof URL&&(d.wp=d.wp||{},d.wp.receiveEmbedMessage||(d.wp.receiveEmbedMessage=function(e){var t=e.data;if((t||t.secret||t.message||t.value)&&!\/[^a-zA-Z0-9]\/.test(t.secret)){for(var s,r,n,a=l.querySelectorAll('iframe[data-secret=\"'+t.secret+'\"]'),o=l.querySelectorAll('blockquote[data-secret=\"'+t.secret+'\"]'),c=new RegExp(\"^https?:$\",\"i\"),i=0;i<o.length;i++)o[i].style.display=\"none\";for(i=0;i<a.length;i++)s=a[i],e.source===s.contentWindow&&(s.removeAttribute(\"style\"),\"height\"===t.message?(1e3<(r=parseInt(t.value,10))?r=1e3:~~r<200&&(r=200),s.height=r):\"link\"===t.message&&(r=new URL(s.getAttribute(\"src\")),n=new URL(t.value),c.test(n.protocol))&&n.host===r.host&&l.activeElement===s&&(d.top.location.href=t.value))}},d.addEventListener(\"message\",d.wp.receiveEmbedMessage,!1),l.addEventListener(\"DOMContentLoaded\",function(){for(var e,t,s=l.querySelectorAll(\"iframe.wp-embedded-content\"),r=0;r<s.length;r++)(t=(e=s[r]).getAttribute(\"data-secret\"))||(t=Math.random().toString(36).substring(2,12),e.src+=\"#?secret=\"+t,e.setAttribute(\"data-secret\",t)),e.contentWindow.postMessage({message:\"ready\",secret:t},\"*\")},!1)))}(window,document);\n\/\/# sourceURL=https:\/\/kuzeyinsesi.org\/wp-includes\/js\/wp-embed.min.js\n\/* ]]> *\/\n<\/script>\n","thumbnail_url":"https:\/\/brtk.net\/wp-content\/uploads\/2024\/07\/16\/bekir.jpg?ver=1167d71da87d2cbc7e8c4198f79152a2","thumbnail_width":600,"thumbnail_height":330,"description":"Merhum besteci, yazar ve e\u011fitimci Bekir Kara\u2019ya ait \u201cGirne\u2019nin Liman\u0131\u201d isimli eser, K\u0131br\u0131sl\u0131 T\u00fcrk m\u00fczisyenler taraf\u0131ndan seslendirildi. 2022 y\u0131l\u0131nda kaybetti\u011fimiz Bekir Kara\u2019y\u0131 anmak ad\u0131na yorumlanan \u015fark\u0131, Kara\u2019n\u0131n do\u011fum g\u00fcn\u00fc olan 13 Temmuz\u2019da yay\u0131nland\u0131. Dervi\u015f \u0130\u015fg\u00fczar, Eril Cambaz ve Serdar Tuksal taraf\u0131ndan seslendirilen \u015fark\u0131n\u0131n yeniden d\u00fczenlenmesinde, Mete Pere, Cahit Kutrafal\u0131, Ahmet G\u00fcvenler, Yusuf \u00c7erkez, Koray Demirci, [&hellip;]"}