{"version":"1.0","provider_name":"Kuzeyin Sesi","provider_url":"https:\/\/kuzeyinsesi.org","author_name":"Kuzeyin Sesi","author_url":"https:\/\/kuzeyinsesi.org\/index.php\/author\/guven\/","title":"\u00d6ztoprak \u201cTek \u015eahidi C\u00fcmbezdi\u201d defilesiyle Ma\u011fusa\u2019dayd\u0131 - Kuzeyin Sesi","type":"rich","width":600,"height":338,"html":"<blockquote class=\"wp-embedded-content\" data-secret=\"x5a9aKRwNd\"><a href=\"https:\/\/kuzeyinsesi.org\/index.php\/2024\/07\/09\/oztoprak-tek-sahidi-cumbezdi-defilesiyle-magusadaydi\/\">\u00d6ztoprak \u201cTek \u015eahidi C\u00fcmbezdi\u201d defilesiyle Ma\u011fusa\u2019dayd\u0131<\/a><\/blockquote><iframe sandbox=\"allow-scripts\" security=\"restricted\" src=\"https:\/\/kuzeyinsesi.org\/index.php\/2024\/07\/09\/oztoprak-tek-sahidi-cumbezdi-defilesiyle-magusadaydi\/embed\/#?secret=x5a9aKRwNd\" width=\"600\" height=\"338\" title=\"&#8220;\u00d6ztoprak \u201cTek \u015eahidi C\u00fcmbezdi\u201d defilesiyle Ma\u011fusa\u2019dayd\u0131&#8221; &#8212; Kuzeyin Sesi\" data-secret=\"x5a9aKRwNd\" frameborder=\"0\" marginwidth=\"0\" marginheight=\"0\" scrolling=\"no\" class=\"wp-embedded-content\"><\/iframe><script type=\"text\/javascript\">\n\/* <![CDATA[ *\/\n\/*! This file is auto-generated *\/\n!function(d,l){\"use strict\";l.querySelector&&d.addEventListener&&\"undefined\"!=typeof URL&&(d.wp=d.wp||{},d.wp.receiveEmbedMessage||(d.wp.receiveEmbedMessage=function(e){var t=e.data;if((t||t.secret||t.message||t.value)&&!\/[^a-zA-Z0-9]\/.test(t.secret)){for(var s,r,n,a=l.querySelectorAll('iframe[data-secret=\"'+t.secret+'\"]'),o=l.querySelectorAll('blockquote[data-secret=\"'+t.secret+'\"]'),c=new RegExp(\"^https?:$\",\"i\"),i=0;i<o.length;i++)o[i].style.display=\"none\";for(i=0;i<a.length;i++)s=a[i],e.source===s.contentWindow&&(s.removeAttribute(\"style\"),\"height\"===t.message?(1e3<(r=parseInt(t.value,10))?r=1e3:~~r<200&&(r=200),s.height=r):\"link\"===t.message&&(r=new URL(s.getAttribute(\"src\")),n=new URL(t.value),c.test(n.protocol))&&n.host===r.host&&l.activeElement===s&&(d.top.location.href=t.value))}},d.addEventListener(\"message\",d.wp.receiveEmbedMessage,!1),l.addEventListener(\"DOMContentLoaded\",function(){for(var e,t,s=l.querySelectorAll(\"iframe.wp-embedded-content\"),r=0;r<s.length;r++)(t=(e=s[r]).getAttribute(\"data-secret\"))||(t=Math.random().toString(36).substring(2,12),e.src+=\"#?secret=\"+t,e.setAttribute(\"data-secret\",t)),e.contentWindow.postMessage({message:\"ready\",secret:t},\"*\")},!1)))}(window,document);\n\/\/# sourceURL=https:\/\/kuzeyinsesi.org\/wp-includes\/js\/wp-embed.min.js\n\/* ]]> *\/\n<\/script>\n","thumbnail_url":"https:\/\/brtk.net\/wp-content\/uploads\/2024\/07\/08\/tek-sahidi-cumbezdi-2--scaled.jpg?ver=45fd5d527264aa08e6b311ca95426ac3","thumbnail_width":600,"thumbnail_height":400,"description":"\u00a0Gazima\u011fusa Belediyesi\u2019nin bu y\u0131l 24\u2019\u00fcnc\u00fcs\u00fcn\u00fc d\u00fczenledi\u011fi Uluslararas\u0131 Ma\u011fusa K\u00fclt\u00fcr Sanat Festivali \u201cTek \u015eahidi C\u00fcmbezdi\u201d defilesiyle K\u0131br\u0131sl\u0131 moda ve tasar\u0131m sanat\u00e7\u0131s\u0131 Abdullah \u00d6ztoprak\u2019\u0131 a\u011f\u0131rlad\u0131. Ma\u011fusa\u2019n\u0131n tarihi ve ada k\u00fclt\u00fcr\u00fcn\u00fcn anlat\u0131ld\u0131\u011f\u0131, \u00f6zel g\u00f6rsel ve teknik efektler e\u015fli\u011finde model, oyuncu, dans\u00e7\u0131 ve \u015fark\u0131c\u0131lar\u0131n da yer ald\u0131\u011f\u0131 defile, Abdullah \u00d6ztoprak \u015fiirleriyle hikayelendirildi. Gazima\u011fusa Belediyesi\u2019nden verilen bilgiye g\u00f6re, Gazima\u011fusa\u2019da Raif [&hellip;]"}