{"version":"1.0","provider_name":"Kuzeyin Sesi","provider_url":"https:\/\/kuzeyinsesi.org","author_name":"Kuzeyin Sesi","author_url":"https:\/\/kuzeyinsesi.org\/index.php\/author\/guven\/","title":"Gazima\u011fusa\u2019da halka a\u00e7\u0131k m\u00fczikal sahnelenecek - Kuzeyin Sesi","type":"rich","width":600,"height":338,"html":"<blockquote class=\"wp-embedded-content\" data-secret=\"rktYyE6SvF\"><a href=\"https:\/\/kuzeyinsesi.org\/index.php\/2024\/07\/05\/gazimagusada-halka-acik-muzikal-sahnelenecek\/\">Gazima\u011fusa\u2019da halka a\u00e7\u0131k m\u00fczikal sahnelenecek<\/a><\/blockquote><iframe sandbox=\"allow-scripts\" security=\"restricted\" src=\"https:\/\/kuzeyinsesi.org\/index.php\/2024\/07\/05\/gazimagusada-halka-acik-muzikal-sahnelenecek\/embed\/#?secret=rktYyE6SvF\" width=\"600\" height=\"338\" title=\"&#8220;Gazima\u011fusa\u2019da halka a\u00e7\u0131k m\u00fczikal sahnelenecek&#8221; &#8212; Kuzeyin Sesi\" data-secret=\"rktYyE6SvF\" frameborder=\"0\" marginwidth=\"0\" marginheight=\"0\" scrolling=\"no\" class=\"wp-embedded-content\"><\/iframe><script type=\"text\/javascript\">\n\/* <![CDATA[ *\/\n\/*! This file is auto-generated *\/\n!function(d,l){\"use strict\";l.querySelector&&d.addEventListener&&\"undefined\"!=typeof URL&&(d.wp=d.wp||{},d.wp.receiveEmbedMessage||(d.wp.receiveEmbedMessage=function(e){var t=e.data;if((t||t.secret||t.message||t.value)&&!\/[^a-zA-Z0-9]\/.test(t.secret)){for(var s,r,n,a=l.querySelectorAll('iframe[data-secret=\"'+t.secret+'\"]'),o=l.querySelectorAll('blockquote[data-secret=\"'+t.secret+'\"]'),c=new RegExp(\"^https?:$\",\"i\"),i=0;i<o.length;i++)o[i].style.display=\"none\";for(i=0;i<a.length;i++)s=a[i],e.source===s.contentWindow&&(s.removeAttribute(\"style\"),\"height\"===t.message?(1e3<(r=parseInt(t.value,10))?r=1e3:~~r<200&&(r=200),s.height=r):\"link\"===t.message&&(r=new URL(s.getAttribute(\"src\")),n=new URL(t.value),c.test(n.protocol))&&n.host===r.host&&l.activeElement===s&&(d.top.location.href=t.value))}},d.addEventListener(\"message\",d.wp.receiveEmbedMessage,!1),l.addEventListener(\"DOMContentLoaded\",function(){for(var e,t,s=l.querySelectorAll(\"iframe.wp-embedded-content\"),r=0;r<s.length;r++)(t=(e=s[r]).getAttribute(\"data-secret\"))||(t=Math.random().toString(36).substring(2,12),e.src+=\"#?secret=\"+t,e.setAttribute(\"data-secret\",t)),e.contentWindow.postMessage({message:\"ready\",secret:t},\"*\")},!1)))}(window,document);\n\/\/# sourceURL=https:\/\/kuzeyinsesi.org\/wp-includes\/js\/wp-embed.min.js\n\/* ]]> *\/\n<\/script>\n","thumbnail_url":"https:\/\/brtk.net\/wp-content\/uploads\/2024\/07\/05\/kktc-devlet-opera-ve-bale-2-.jpg?ver=f910eec386a502c5ba289e0da6fd9b3e","thumbnail_width":600,"thumbnail_height":600,"description":"Gazima\u011fusa\u2019da 20 Temmuz Bar\u0131\u015f Harekat\u0131\u2019n\u0131n 50\u2019nci y\u0131l d\u00f6n\u00fcm\u00fc vesilesiyle, Folklorama 2024 m\u00fczikali \u00fccretsiz olarak sahnelenecek. \u0130ki perdelik m\u00fczikal, 20 Temmuz Bar\u0131\u015f Harekat\u0131\u2019n\u0131n 50\u2019nci y\u0131l d\u00f6n\u00fcm\u00fc ve Bar\u0131\u015f ve \u00d6zg\u00fcrl\u00fck Bayram\u0131 etkinlikleri kapsam\u0131nda, Rauf Raif Denkta\u015f K\u00fclt\u00fcr ve Kongre Saray\u0131\u2019nda 18 Temmuz Per\u015fembe g\u00fcn\u00fc saat 20.00\u2019de ba\u015flayacak. T\u00fcrkiye Cumhuriyeti Lefko\u015fa B\u00fcy\u00fckel\u00e7ili\u011fi himayelerinde, Ba\u015fbakan Yard\u0131mc\u0131l\u0131\u011f\u0131 Turizm, K\u00fclt\u00fcr, [&hellip;]"}