{"version":"1.0","provider_name":"Kuzeyin Sesi","provider_url":"https:\/\/kuzeyinsesi.org","author_name":"Kuzeyin Sesi","author_url":"https:\/\/kuzeyinsesi.org\/index.php\/author\/guven\/","title":"Folk-Der 24. K\u00fclt\u00fcr ve Sanat G\u00fcnleri ger\u00e7ekle\u015ftirildi - Kuzeyin Sesi","type":"rich","width":600,"height":338,"html":"<blockquote class=\"wp-embedded-content\" data-secret=\"A2PNJoQMyV\"><a href=\"https:\/\/kuzeyinsesi.org\/index.php\/2024\/07\/05\/folk-der-24-kultur-ve-sanat-gunleri-gerceklestirildi\/\">Folk-Der 24. K\u00fclt\u00fcr ve Sanat G\u00fcnleri ger\u00e7ekle\u015ftirildi<\/a><\/blockquote><iframe sandbox=\"allow-scripts\" security=\"restricted\" src=\"https:\/\/kuzeyinsesi.org\/index.php\/2024\/07\/05\/folk-der-24-kultur-ve-sanat-gunleri-gerceklestirildi\/embed\/#?secret=A2PNJoQMyV\" width=\"600\" height=\"338\" title=\"&#8220;Folk-Der 24. K\u00fclt\u00fcr ve Sanat G\u00fcnleri ger\u00e7ekle\u015ftirildi&#8221; &#8212; Kuzeyin Sesi\" data-secret=\"A2PNJoQMyV\" frameborder=\"0\" marginwidth=\"0\" marginheight=\"0\" scrolling=\"no\" class=\"wp-embedded-content\"><\/iframe><script type=\"text\/javascript\">\n\/* <![CDATA[ *\/\n\/*! This file is auto-generated *\/\n!function(d,l){\"use strict\";l.querySelector&&d.addEventListener&&\"undefined\"!=typeof URL&&(d.wp=d.wp||{},d.wp.receiveEmbedMessage||(d.wp.receiveEmbedMessage=function(e){var t=e.data;if((t||t.secret||t.message||t.value)&&!\/[^a-zA-Z0-9]\/.test(t.secret)){for(var s,r,n,a=l.querySelectorAll('iframe[data-secret=\"'+t.secret+'\"]'),o=l.querySelectorAll('blockquote[data-secret=\"'+t.secret+'\"]'),c=new RegExp(\"^https?:$\",\"i\"),i=0;i<o.length;i++)o[i].style.display=\"none\";for(i=0;i<a.length;i++)s=a[i],e.source===s.contentWindow&&(s.removeAttribute(\"style\"),\"height\"===t.message?(1e3<(r=parseInt(t.value,10))?r=1e3:~~r<200&&(r=200),s.height=r):\"link\"===t.message&&(r=new URL(s.getAttribute(\"src\")),n=new URL(t.value),c.test(n.protocol))&&n.host===r.host&&l.activeElement===s&&(d.top.location.href=t.value))}},d.addEventListener(\"message\",d.wp.receiveEmbedMessage,!1),l.addEventListener(\"DOMContentLoaded\",function(){for(var e,t,s=l.querySelectorAll(\"iframe.wp-embedded-content\"),r=0;r<s.length;r++)(t=(e=s[r]).getAttribute(\"data-secret\"))||(t=Math.random().toString(36).substring(2,12),e.src+=\"#?secret=\"+t,e.setAttribute(\"data-secret\",t)),e.contentWindow.postMessage({message:\"ready\",secret:t},\"*\")},!1)))}(window,document);\n\/\/# sourceURL=https:\/\/kuzeyinsesi.org\/wp-includes\/js\/wp-embed.min.js\n\/* ]]> *\/\n<\/script>\n","thumbnail_url":"https:\/\/brtk.net\/wp-content\/uploads\/2024\/07\/05\/folk-der-4-.jpeg?ver=f878493496f3f161946f31f66002d49d","thumbnail_width":600,"thumbnail_height":399,"description":"Lefko\u015fa Folklor Derne\u011fi\u2019nin (Folk-Der) 24\u2019\u00fcnc\u00fc kez d\u00fczenledi\u011fi K\u00fclt\u00fcr ve Sanat G\u00fcnleri ger\u00e7ekle\u015ftirildi. Dernek\u2019ten yap\u0131lan yaz\u0131l\u0131 a\u00e7\u0131klamaya g\u00f6re, Derne\u011fin K\u00fc\u00e7\u00fck Kaymakl\u0131\u2019daki lokalinde yer alan etkinlikte konu\u015fan Folk-Der Ba\u015fkan\u0131 Hatice K\u0131ray, derne\u011fin g\u00f6n\u00fcll\u00fcl\u00fck ve \u00f6zveri ilkeleri ile \u00e7al\u0131\u015ft\u0131\u011f\u0131n\u0131 vurgulad\u0131 ve Sanat G\u00fcnlerinin haz\u0131rlanmas\u0131nda bu ilkeler \u0131\u015f\u0131\u011f\u0131nda g\u00f6rev alan y\u00f6netim kurulu \u00fcyeleri ve velilere te\u015fekk\u00fcr etti. Derne\u011fin \u00f6zelde [&hellip;]"}